{"id":9474,"date":"2024-03-08T17:17:26","date_gmt":"2024-03-08T16:17:26","guid":{"rendered":"https:\/\/guiasdelpirineo.es\/home\/"},"modified":"2026-02-04T12:40:24","modified_gmt":"2026-02-04T11:40:24","slug":"home","status":"publish","type":"page","link":"https:\/\/guiasdelpirineo.es\/nl\/","title":{"rendered":"HOME"},"content":{"rendered":"\t\t<div data-elementor-type=\"wp-page\" data-elementor-id=\"9474\" class=\"elementor elementor-9474 elementor-411\" data-elementor-post-type=\"page\">\n\t\t\t\t<div class=\"elementor-element elementor-element-7e26bdb e-con-full e-flex e-con e-parent\" data-id=\"7e26bdb\" data-element_type=\"container\" data-e-type=\"container\" data-settings=\"{&quot;background_background&quot;:&quot;classic&quot;}\">\n\t\t\t\t<div class=\"elementor-element elementor-element-336d229 elementor-widget__width-initial elementor-hidden-mobile elementor-hidden-tablet elementor-widget elementor-widget-image\" data-id=\"336d229\" data-element_type=\"widget\" data-e-type=\"widget\" data-settings=\"{&quot;_animation&quot;:&quot;none&quot;}\" data-widget_type=\"image.default\">\n\t\t\t\t<div class=\"elementor-widget-container\">\n\t\t\t\t\t\t\t\t\t\t\t\t\t\t\t<img fetchpriority=\"high\" decoding=\"async\" width=\"1536\" height=\"692\" src=\"https:\/\/guiasdelpirineo.es\/wp-content\/uploads\/2024\/02\/GUIAS-DEL-PIRINEO-COOP-1536x692.webp\" class=\"attachment-1536x1536 size-1536x1536 wp-image-9496\" alt=\"\" srcset=\"https:\/\/guiasdelpirineo.es\/wp-content\/uploads\/2024\/02\/GUIAS-DEL-PIRINEO-COOP-1536x692.webp 1536w, https:\/\/guiasdelpirineo.es\/wp-content\/uploads\/2024\/02\/GUIAS-DEL-PIRINEO-COOP-300x135.webp 300w, https:\/\/guiasdelpirineo.es\/wp-content\/uploads\/2024\/02\/GUIAS-DEL-PIRINEO-COOP-1024x461.webp 1024w, https:\/\/guiasdelpirineo.es\/wp-content\/uploads\/2024\/02\/GUIAS-DEL-PIRINEO-COOP-768x346.webp 768w, https:\/\/guiasdelpirineo.es\/wp-content\/uploads\/2024\/02\/GUIAS-DEL-PIRINEO-COOP.webp 1904w\" sizes=\"(max-width: 1536px) 100vw, 1536px\" \/>\t\t\t\t\t\t\t\t\t\t\t\t\t\t\t<\/div>\n\t\t\t\t<\/div>\n\t\t\t\t<div class=\"elementor-element elementor-element-711a21f elementor-widget__width-initial elementor-hidden-desktop elementor-widget elementor-widget-image\" data-id=\"711a21f\" data-element_type=\"widget\" data-e-type=\"widget\" data-settings=\"{&quot;_animation&quot;:&quot;none&quot;}\" data-widget_type=\"image.default\">\n\t\t\t\t<div class=\"elementor-widget-container\">\n\t\t\t\t\t\t\t\t\t\t\t\t\t\t\t<img decoding=\"async\" width=\"1289\" height=\"970\" src=\"https:\/\/guiasdelpirineo.es\/wp-content\/uploads\/2024\/02\/GUIAS-DE-MONTANA-PIRINEOS.webp\" class=\"attachment-1536x1536 size-1536x1536 wp-image-9497\" alt=\"GUIAS DE MONTA\u00d1A PIRINEOS\" srcset=\"https:\/\/guiasdelpirineo.es\/wp-content\/uploads\/2024\/02\/GUIAS-DE-MONTANA-PIRINEOS.webp 1289w, https:\/\/guiasdelpirineo.es\/wp-content\/uploads\/2024\/02\/GUIAS-DE-MONTANA-PIRINEOS-300x226.webp 300w, https:\/\/guiasdelpirineo.es\/wp-content\/uploads\/2024\/02\/GUIAS-DE-MONTANA-PIRINEOS-1024x771.webp 1024w, https:\/\/guiasdelpirineo.es\/wp-content\/uploads\/2024\/02\/GUIAS-DE-MONTANA-PIRINEOS-768x578.webp 768w\" sizes=\"(max-width: 1289px) 100vw, 1289px\" \/>\t\t\t\t\t\t\t\t\t\t\t\t\t\t\t<\/div>\n\t\t\t\t<\/div>\n\t\t\t\t<div class=\"elementor-element elementor-element-9cab6b4 elementor-widget-mobile__width-initial elementor-widget elementor-widget-heading\" data-id=\"9cab6b4\" data-element_type=\"widget\" data-e-type=\"widget\" data-widget_type=\"heading.default\">\n\t\t\t\t<div class=\"elementor-widget-container\">\n\t\t\t\t\t<h1 class=\"elementor-heading-title elementor-size-default\">GU\u00cdAS DEL PIRINEO<\/h1>\t\t\t\t<\/div>\n\t\t\t\t<\/div>\n\t\t\t\t<div class=\"elementor-element elementor-element-b26822e elementor-widget__width-initial elementor-widget-tablet__width-initial elementor-widget elementor-widget-heading\" data-id=\"b26822e\" data-element_type=\"widget\" data-e-type=\"widget\" data-widget_type=\"heading.default\">\n\t\t\t\t<div class=\"elementor-widget-container\">\n\t\t\t\t\t<h5 class=\"elementor-heading-title elementor-size-default\">Beleef de Pyrenee\u00ebn <br> het hele jaar door<\/h5>\t\t\t\t<\/div>\n\t\t\t\t<\/div>\n\t\t\t\t<\/div>\n\t\t<div class=\"elementor-element elementor-element-07dc8e8 e-flex e-con-boxed e-con e-parent\" data-id=\"07dc8e8\" data-element_type=\"container\" data-e-type=\"container\">\n\t\t\t\t\t<div class=\"e-con-inner\">\n\t\t\t\t<div class=\"elementor-element elementor-element-1bb5ca6 elementor-widget-tablet__width-initial elementor-widget elementor-widget-text-editor\" data-id=\"1bb5ca6\" data-element_type=\"widget\" data-e-type=\"widget\" data-widget_type=\"text-editor.default\">\n\t\t\t\t<div class=\"elementor-widget-container\">\n\t\t\t\t\t\t\t\t\t<p>Wij zijn een co\u00f6peratie in het hart van de Pyrenee\u00ebn, bestaande uit lokale gidsen die hun passie voor de bergen en hun vak delen. Voor ons staan kwaliteit, lokale aanwezigheid, zorg voor de natuur, veiligheid en plezier tijdens elke activiteit centraal.  <\/p>\t\t\t\t\t\t\t\t<\/div>\n\t\t\t\t<\/div>\n\t\t\t\t<div class=\"elementor-element elementor-element-990f1cd elementor-align-center elementor-widget-mobile__width-initial elementor-widget elementor-widget-button\" data-id=\"990f1cd\" data-element_type=\"widget\" data-e-type=\"widget\" data-widget_type=\"button.default\">\n\t\t\t\t<div class=\"elementor-widget-container\">\n\t\t\t\t\t\t\t\t\t<div class=\"elementor-button-wrapper\">\n\t\t\t\t\t<a class=\"elementor-button elementor-button-link elementor-size-md elementor-animation-grow\" href=\"https:\/\/guiasdelpirineo.es\/nl\/contact\/\">\n\t\t\t\t\t\t<span class=\"elementor-button-content-wrapper\">\n\t\t\t\t\t\t\t\t\t<span class=\"elementor-button-text\">CONTACT EN RESERVEREN<\/span>\n\t\t\t\t\t<\/span>\n\t\t\t\t\t<\/a>\n\t\t\t\t<\/div>\n\t\t\t\t\t\t\t\t<\/div>\n\t\t\t\t<\/div>\n\t\t\t\t\t<\/div>\n\t\t\t\t<\/div>\n\t\t<div class=\"elementor-element elementor-element-9d913ad e-flex e-con-boxed e-con e-parent\" data-id=\"9d913ad\" data-element_type=\"container\" data-e-type=\"container\">\n\t\t\t\t\t<div class=\"e-con-inner\">\n\t\t\t\t<div class=\"elementor-element elementor-element-276bd65 elementor-widget elementor-widget-heading\" data-id=\"276bd65\" data-element_type=\"widget\" data-e-type=\"widget\" data-widget_type=\"heading.default\">\n\t\t\t\t<div class=\"elementor-widget-container\">\n\t\t\t\t\t<h2 class=\"elementor-heading-title elementor-size-default\">AGENDA VAN CURSUSSEN EN ACTIVITEITEN<\/h2>\t\t\t\t<\/div>\n\t\t\t\t<\/div>\n\t\t\t\t<div class=\"elementor-element elementor-element-ab49f52 elementor-widget__width-inherit elementor-hidden-mobile elementor-widget elementor-widget-shortcode\" data-id=\"ab49f52\" data-element_type=\"widget\" data-e-type=\"widget\" data-widget_type=\"shortcode.default\">\n\t\t\t\t<div class=\"elementor-widget-container\">\n\t\t\t\t\t\t\t<div class=\"elementor-shortcode\"><!-- EventON Calendar --><div id='evcal_calendar_709' class='ajde_evcal_calendar sev cev color esty_2 etttc_custom noiajx ' ><div id='evcal_head' class='calendar_header ' ><div class='evo_cal_above'><span class='evo-gototoday-btn evo_hide' style='display:none;' data-mo='5' data-yr='2026' data-dy=''>Mes actual<\/span><\/div><div class='evo_cal_above_content'><\/div><div class='evo_header_title '><p id='evcal_cur' class='evo_month_title'> Mayo, 2026<\/p><p class='evo_arrows'>\n\t\t\t\t\t<span id='evcal_prev' class='evcal_arrows evcal_btn_prev evodfx evofx_jc_c evofx_ai_c'><i class='fa fa-chevron-left'><\/i><\/span>\n\t\t\t\t\t<span id='evcal_next' class='evcal_arrows evo_arrow_next evcal_btn_next evodfx evofx_jc_c evofx_ai_c'><i class='fa fa-chevron-right'><\/i><\/span>\n\t\t\t\t\t<\/p><\/div><\/div><div id='eventon_loadbar_section'><div id='eventon_loadbar'><\/div><\/div><!-- Events List --><div id='evcal_list' \n\t\t\t\t\tclass='eventon_events_list '><div id=\"event_8763_0\" class=\"eventon_list_event evo_eventtop scheduled  event event_8763_0\" data-event_id=\"8763\" data-ri=\"0r\" data-time=\"1779400800-1779659940\" data-colr=\"#ebb609\" itemscope itemtype='http:\/\/schema.org\/Event'><div class=\"evo_event_schema\" style=\"display:none\" ><a itemprop='url'  href='https:\/\/guiasdelpirineo.es\/nl\/agenda-de-actividades\/\/curso-aguas-vivas-en-barrancos-3\/'><\/a><meta itemprop='image' content=\"https:\/\/guiasdelpirineo.es\/wp-content\/uploads\/2024\/11\/1716821839018.webp\" \/><meta itemprop='startDate' content=\"2026-5-22\" \/><meta itemprop='endDate' content=\"2026-5-24\" \/><meta itemprop='eventStatus' content=\"https:\/\/schema.org\/EventScheduled\" \/><item style=\"display:none\" itemprop=\"eventAttendanceMode\" itemscope itemtype=\"https:\/\/schema.org\/OfflineEventAttendanceMode\"><\/item><script type=\"application\/ld+json\">{\"@context\": \"http:\/\/schema.org\",\"@type\": \"Event\",\n\t\t\t\t\"@id\": \"event_8763_0\",\n\t\t\t\t\"eventAttendanceMode\":\"https:\/\/schema.org\/OfflineEventAttendanceMode\",\n\t\t\t\t\"name\": \"Curso Aguas Vivas en Barrancos\",\n\t\t\t\t\"url\": \"https:\/\/guiasdelpirineo.es\/nl\/agenda-de-actividades\/\/curso-aguas-vivas-en-barrancos-3\/\",\n\t\t\t\t\"startDate\": \"2026-5-22\",\n\t\t\t\t\"endDate\": \"2026-5-24\",\n\t\t\t\t\"image\":\"https:\/\/guiasdelpirineo.es\/wp-content\/uploads\/2024\/11\/1716821839018.webp\", \n\t\t\t\t\"description\":\" <p style=font-size:16px>Formaci\u00f3n intensiva donde se aprende tanto en barrancos horizontales y verticales, como en el r\u00edo.<br>Aprender\u00e1s a identificar los movimientos del agua, valorar sus riesgos, dominar las t\u00e9cnicas para poder progresar por ellos con seguridad as\u00ed como las maniobras para poder evitarlos cuando es necesario.<\/p>    <p style=font-size:16px>Precio: Desde 250\u20ac\/persona<\/p>    <p style=font-size:16px><br><a href=https:\/\/guiasdelpirineo.es\/contacto\/><strong>RESERVA TU PLAZA<\/strong><\/a><\/p>    <p><\/p> \",\"eventStatus\":\"https:\/\/schema.org\/EventScheduled\"}<\/script><\/div>\n\t\t\t\t<p class=\"desc_trig_outter\" style=\"\"><a data-gmtrig=\"1\" data-exlk=\"0\" style=\"background-color: #ebb609;\" id=\"evc_17794008008763\" class=\"hasFtIMG desc_trig mul_val evcal_list_a allday\" data-ux_val=\"1\" data-ux_val_mob=\"-\"  ><span class='evoet_c1 evoet_cx '><span class='ev_ftImg' data-img='https:\/\/guiasdelpirineo.es\/wp-content\/uploads\/2024\/11\/1716821839018.webp' data-thumb='https:\/\/guiasdelpirineo.es\/wp-content\/uploads\/2024\/11\/1716821839018-300x225.webp' style='background-image:url(\"https:\/\/guiasdelpirineo.es\/wp-content\/uploads\/2024\/11\/1716821839018-300x225.webp\")' ><\/span><\/span><span class='evoet_c2 evoet_cx '><span class='evoet_dayblock evcal_cblock ' data-bgcolor='#ebb609' data-smon='Mayo' data-syr='2026'><span class='evo_start '><em class='date'>22<\/em><em class='month'>May<\/em><em class='time'>Todo el d\u00eda<\/em><\/span><span class='evo_end '><em class='date'>24<\/em><\/span><\/span><\/span><span class='evoet_c3 evoet_cx evcal_desc evo_info ' ><span class='evoet_tags evo_above_title'><\/span><span class='evoet_title evcal_desc2 evcal_event_title' itemprop='name'>Curso Aguas Vivas en Barrancos<\/span><span class='evoet_subtitle evo_below_title'><span class='evcal_event_subtitle' >Descubre la emoci\u00f3n del barranquismo en aguas vivas con nuestro curso<\/span><\/span><span class='evoet_time_expand level_3 evcal_desc_info evogap10'><\/span><span class='evcal_desc3'><\/span><\/span><em class='evoet_data' style='display:none' data-bgc='#ebb609'data-bggrad=''><\/em><\/a><\/p><div class='event_description evcal_eventcard ' style=\"display:none\"><div class='evocard_row bx3 bx'><div class='evocard_box location' data-c='afcf70' \n\t\t\t\t\tstyle='background-color:#afcf70'><div class='evcal_evdata_row evo_metarow_time_location evorow '>\n\t\t\n\t\t\t<span class='evcal_evdata_icons'><i class='fa fa-map-marker'><\/i><\/span>\n\t\t\t<div class='evcal_evdata_cell' data-loc_tax_id='48'><h3 class='evo_h3'><span class='evcal_evdata_icons'><i class='fa fa-map-marker'><\/i><\/span>LUGAR<\/h3><p class='evo_location_name' style='margin-bottom:10px; font-size:15px;'>Pirineo Aragon\u00e9s<\/p><\/div>\n\t\t\n\t<\/div><\/div><div class='evocard_box time' data-c='e3d071' \n\t\t\t\t\tstyle='background-color:#e3d071'><div class='evo_metarow_time evorow evcal_evdata_row evcal_evrow_sm '>\n\t\t<span class='evcal_evdata_icons'><i class='fa fa-clock'><\/i><\/span>\n\t\t<div class='evcal_evdata_cell'>\t\t\t\t\t\t\t\n\t\t\t<h3 class='evo_h3'><span class='evcal_evdata_icons'><i class='fa fa-clock'><\/i><\/span>Horario<\/h3><p><span class='evo_eventcard_time_t'>22 Mayo 2026 - 24 Mayo 2026 (Todo el d\u00eda)<\/span><span class='evo_tz'>(GMT+02:00)<\/span><\/p>\n\t\t<\/div>\n\t<\/div><\/div><div class='evocard_box learnmore' data-c='a8e6d5' \n\t\t\t\t\tstyle='background-color:#a8e6d5'><div class='evo_metarow_learnM evo_metarow_learnmore evorow'>\n\t\t\t\t\t\t\t<a class='evcal_evdata_row evo_clik_row ' href='https:\/\/guiasdelpirineo.es\/contacto\/' >\n\t\t\t\t\t\t\t\t<span class='evcal_evdata_icons'><i class='fa fa-link'><\/i><\/span>\n\t\t\t\t\t\t\t\t<h3 class='evo_h3 evopad0i'>RESERVA TU PLAZA<\/h3>\n\t\t\t\t\t\t\t<\/a>\n\t\t\t\t\t\t\t<\/div><\/div><\/div><div class='evocard_row bx2 bx'><div class='evocard_box ftimage' data-c='fffded' \n\t\t\t\t\tstyle='background-color:#fffded'><div class='evocard_main_image_hold' data-t='Loading Image..'><div class='evocard_main_image evo_img_triglb evocd_img_direct evobr15 evobgsc evobgpc evodfx evofx_jc_c evofx_ai_c evofz48 direct' style='height:400px; background-image:url();' data-f='https:\/\/guiasdelpirineo.es\/wp-content\/uploads\/2024\/11\/1716821839018.webp'data-h='600'data-w='800'data-ratio='0.75'data-event_id='8763'data-ri='0' data-t='Loading Image..'><span style='height:400px; background-image:url(https:\/\/guiasdelpirineo.es\/wp-content\/uploads\/2024\/11\/1716821839018.webp)'><\/span><\/div><\/div><\/div><div class='evocard_box eventdetails' data-c='fffded' \n\t\t\t\t\tstyle='background-color:#fffded'><div class=\"evo_metarow_details evorow evcal_evdata_row evcal_event_details\">\n    <div class=\"event_excerpt\" style=\"display:none\"><h3 class=\"padb5 evo_h3\">Programa<\/h3><p>Formaci\u00f3n intensiva donde se aprende tanto en barrancos horizontales y verticales, como en el r\u00edo.Aprender\u00e1s a identificar los movimientos del agua, valorar sus riesgos, dominar las<\/p><\/div><span class='evcal_evdata_icons'><i class='fa fa-align-justify'><\/i><\/span>    <div class=\"evcal_evdata_cell \">\n        <div class=\"eventon_full_description\">\n            <h3 class=\"padb5 evo_h3\"><span class='evcal_evdata_icons'><i class='fa fa-align-justify'><\/i><\/span>Programa<\/h3>\n            <div class=\"eventon_desc_in\" itemprop=\"description\">\n                <p><\/p>\n<p style=\"font-size:16px\">Formaci\u00f3n intensiva donde se aprende tanto en barrancos horizontales y verticales, como en el r\u00edo.<br \/>Aprender\u00e1s a identificar los movimientos del agua, valorar sus riesgos, dominar las t\u00e9cnicas para poder progresar por ellos con seguridad as\u00ed como las maniobras para poder evitarlos cuando es necesario.<\/p>\n<p><\/p>\n<p><\/p>\n<p style=\"font-size:16px\">Precio: Desde 250\u20ac\/persona<\/p>\n<p><\/p>\n<p><\/p>\n<p style=\"font-size:16px\"><a href=\"https:\/\/guiasdelpirineo.es\/contacto\/\"><strong>RESERVA TU PLAZA<\/strong><\/a><\/p>\n<p><\/p>\n<p><\/p>\n<p><\/p>\n            <\/div>\n            <div class='clear'><\/div>        <\/div>\n    <\/div>\n<\/div><\/div><\/div><div class='evocard_row bx2 bx lastrow'><div class='evocard_box addtocal' data-c='ebd684' \n\t\t\t\t\tstyle='background-color:#ebd684'><div class='evo_metarow_ICS evorow evcal_evdata_row'>\n\t\t\t<span class='evcal_evdata_icons'><i class='fa fa-calendar-o'><\/i><\/span>\n\t\t\t<div class='evcal_evdata_cell'>\n\t\t\t\t<p><a href='\/\/www.google.com\/calendar\/event?action=TEMPLATE&amp;text=Curso+Aguas+Vivas+en+Barrancos&amp;dates=20260521\/20260525&amp;ctz=Europe\/Madrid&amp;details=Curso+Aguas+Vivas+en+Barrancos&amp;location=Pirineo+Aragon%C3%A9s' target='_blank' class='evo_ics_gCal' title='A\u00f1adir a tu calendario de Google'>A\u00f1adir a tu calendario de Google<\/a><\/p>\t\n\t\t\t<\/div>\n\t\t<\/div><\/div><div class='evocard_box evosocial' data-c='fafdff' \n\t\t\t\t\tstyle='background-color:#fafdff'><div class='evo_metarow_socialmedia evcal_evdata_row '><div class='evo_sm FacebookShare'><a class=\" evo_ss\" target=\"_blank\" href=\"\/\/www.facebook.com\/sharer.php?u=https%3A%2F%2Fguiasdelpirineo.es%2Fnl%2Fagenda-de-actividades%2F%2Fcurso-aguas-vivas-en-barrancos-3%2F\" title=\"Share on facebook\"><i class=\"fa fab fa-facebook\"><\/i><\/a><\/div><div class='evo_sm Twitter'><a class=\"tw evo_ss\" href=\"\/\/twitter.com\/intent\/tweet?text=Curso Aguas Vivas en Barrancos&#032;-&#032;&amp;url=https%3A%2F%2Fguiasdelpirineo.es%2Fnl%2Fagenda-de-actividades%2F%2Fcurso-aguas-vivas-en-barrancos-3%2F\" title=\"Share on Twitter\" rel=\"nofollow\" target=\"_blank\" data-url=\"https%3A%2F%2Fguiasdelpirineo.es%2Fnl%2Fagenda-de-actividades%2F%2Fcurso-aguas-vivas-en-barrancos-3%2F\"><i class=\"fa fab fa-x-twitter\"><\/i><\/a><\/div><div class='evo_sm Whatsapp'><a class=\"wa evo_ss\" href=\"https:\/\/api.whatsapp.com\/send?text=https%3A%2F%2Fguiasdelpirineo.es%2Fnl%2Fagenda-de-actividades%2F%2Fcurso-aguas-vivas-en-barrancos-3%2F\" data-action=\"share\/whatsapp\/share\" target=\"_blank\" title=\"Share on Whatsapp\"><i class=\"fa fab fa-whatsapp\"><\/i><\/a><\/div><div class='evo_sm EmailShare'><a class=\"em evo_ss\" href=\"mailto:?subject=Curso Aguas Vivas en Barrancos&amp;body=Event Name: Curso Aguas Vivas en Barrancos%0AEvent Date: 21 Mayo 2026 (Todo El D\u00eda) - 24 Mayo 2026 (Todo El D\u00eda)%0ALink: https%3A%2F%2Fguiasdelpirineo.es%2Fnl%2Fagenda-de-actividades%2F%2Fcurso-aguas-vivas-en-barrancos-3%2F%0A\" target=\"_blank\"><i class=\"fa fa-envelope\"><\/i><\/a><\/div><\/div><\/div><\/div><div class='evo_card_row_end evcal_close' title='Close'><\/div><\/div><div class='clear end'><\/div><\/div>\t\t\t<div class='clear'><\/div>\n\t\t\t<\/div>\n\t\t\t<div class='clear'><\/div>\n\t\t\t\n\t\t\t\t\t \t<div id='evcal_footer' class='evo_bottom' style='display:none'>\n\t\t \t\t<div class='evo_cal_data' data-sc='{&quot;accord&quot;:&quot;no&quot;,&quot;bottom_nav&quot;:&quot;no&quot;,&quot;cal_id&quot;:&quot;&quot;,&quot;cal_init_nonajax&quot;:&quot;yes&quot;,&quot;calendar_type&quot;:&quot;default&quot;,&quot;ep_fields&quot;:&quot;&quot;,&quot;etc_override&quot;:&quot;no&quot;,&quot;evc_open&quot;:&quot;no&quot;,&quot;event_count&quot;:0,&quot;event_location&quot;:&quot;all&quot;,&quot;event_order&quot;:&quot;ASC&quot;,&quot;event_organizer&quot;:&quot;all&quot;,&quot;event_parts&quot;:&quot;no&quot;,&quot;event_past_future&quot;:&quot;all&quot;,&quot;event_status&quot;:&quot;all&quot;,&quot;event_tag&quot;:&quot;all&quot;,&quot;event_type&quot;:&quot;all&quot;,&quot;event_type_2&quot;:&quot;all&quot;,&quot;event_virtual&quot;:&quot;all&quot;,&quot;eventtop_date_style&quot;:0,&quot;eventtop_style&quot;:&quot;2&quot;,&quot;exp_jumper&quot;:&quot;no&quot;,&quot;exp_so&quot;:&quot;no&quot;,&quot;filter_relationship&quot;:&quot;AND&quot;,&quot;filter_show_set_only&quot;:&quot;no&quot;,&quot;filter_type&quot;:&quot;default&quot;,&quot;filters&quot;:&quot;yes&quot;,&quot;fixed_month&quot;:&quot;5&quot;,&quot;fixed_year&quot;:&quot;2026&quot;,&quot;focus_end_date_range&quot;:&quot;1780264799&quot;,&quot;focus_start_date_range&quot;:&quot;1777586400&quot;,&quot;ft_event_priority&quot;:&quot;no&quot;,&quot;hide_arrows&quot;:&quot;no&quot;,&quot;hide_cancels&quot;:&quot;no&quot;,&quot;hide_empty_months&quot;:&quot;no&quot;,&quot;hide_end_time&quot;:&quot;no&quot;,&quot;hide_et_dn&quot;:&quot;no&quot;,&quot;hide_et_extra&quot;:&quot;no&quot;,&quot;hide_et_tags&quot;:&quot;no&quot;,&quot;hide_et_tl&quot;:&quot;no&quot;,&quot;hide_ft&quot;:&quot;no&quot;,&quot;hide_ft_img&quot;:&quot;no&quot;,&quot;hide_month_headers&quot;:&quot;no&quot;,&quot;hide_mult_occur&quot;:&quot;no&quot;,&quot;hide_past&quot;:&quot;no&quot;,&quot;hide_past_by&quot;:&quot;ee&quot;,&quot;hide_so&quot;:&quot;no&quot;,&quot;ics&quot;:&quot;no&quot;,&quot;jumper&quot;:&quot;no&quot;,&quot;jumper_count&quot;:5,&quot;jumper_offset&quot;:&quot;0&quot;,&quot;lang&quot;:&quot;L1&quot;,&quot;layout_changer&quot;:&quot;no&quot;,&quot;livenow_bar&quot;:&quot;yes&quot;,&quot;mapformat&quot;:&quot;roadmap&quot;,&quot;mapiconurl&quot;:&quot;&quot;,&quot;maps_load&quot;:&quot;yes&quot;,&quot;mapscroll&quot;:&quot;false&quot;,&quot;mapzoom&quot;:&quot;18&quot;,&quot;members_only&quot;:&quot;no&quot;,&quot;ml_priority&quot;:&quot;no&quot;,&quot;month_incre&quot;:0,&quot;number_of_months&quot;:&quot;1&quot;,&quot;only_ft&quot;:&quot;no&quot;,&quot;pec&quot;:&quot;&quot;,&quot;s&quot;:&quot;&quot;,&quot;search&quot;:&quot;&quot;,&quot;search_all&quot;:&quot;no&quot;,&quot;sep_month&quot;:&quot;no&quot;,&quot;show_et_ft_img&quot;:&quot;yes&quot;,&quot;show_limit&quot;:&quot;no&quot;,&quot;show_limit_ajax&quot;:&quot;no&quot;,&quot;show_limit_paged&quot;:1,&quot;show_limit_redir&quot;:&quot;&quot;,&quot;show_repeats&quot;:&quot;no&quot;,&quot;show_upcoming&quot;:0,&quot;show_year&quot;:&quot;no&quot;,&quot;social_share&quot;:&quot;no&quot;,&quot;sort_by&quot;:&quot;sort_date&quot;,&quot;tile_bg&quot;:0,&quot;tile_bg_size&quot;:&quot;full&quot;,&quot;tile_count&quot;:2,&quot;tile_height&quot;:0,&quot;tile_style&quot;:0,&quot;tiles&quot;:&quot;no&quot;,&quot;ux_val&quot;:&quot;0&quot;,&quot;wpml_l1&quot;:&quot;&quot;,&quot;wpml_l2&quot;:&quot;&quot;,&quot;wpml_l3&quot;:&quot;&quot;,&quot;yl_priority&quot;:&quot;no&quot;,&quot;fixed_day&quot;:&quot;2&quot;,&quot;_cver&quot;:&quot;2.5.1&quot;}'data-od='{&quot;lang_no_events&quot;:&quot;No hay eventos&quot;,&quot;cal_tz_offset&quot;:120,&quot;cal_tz&quot;:&quot;Europe\\\/Madrid&quot;}'><\/div>\n\t\t \t\t<div class='evo_cal_events' data-events=\"\"><\/div>\n\t\t \t<\/div>\n\t\t\t\t\n\t\t\t\n\t\t\t\n\t\t\t\t\t\t<\/div><!-- EventON End -->\n\t\t\t<\/div>\n\t\t\t\t\t\t<\/div>\n\t\t\t\t<\/div>\n\t\t\t\t<div class=\"elementor-element elementor-element-4f43255 elementor-hidden-desktop elementor-hidden-tablet elementor-widget elementor-widget-shortcode\" data-id=\"4f43255\" data-element_type=\"widget\" data-e-type=\"widget\" data-widget_type=\"shortcode.default\">\n\t\t\t\t<div class=\"elementor-widget-container\">\n\t\t\t\t\t\t\t<div class=\"elementor-shortcode\"><!-- EventON Calendar --><div id='evcal_calendar_894' class='ajde_evcal_calendar sev cev color esty_2 etttc_custom noiajx ' ><div id='evcal_head' class='calendar_header ' ><div class='evo_cal_above'><span class='evo-gototoday-btn evo_hide' style='display:none;' data-mo='5' data-yr='2026' data-dy=''>Mes actual<\/span><\/div><div class='evo_cal_above_content'><\/div><div class='evo_header_title '><p id='evcal_cur' class='evo_month_title'> Mayo, 2026<\/p><p class='evo_arrows'>\n\t\t\t\t\t<span id='evcal_prev' class='evcal_arrows evcal_btn_prev evodfx evofx_jc_c evofx_ai_c'><i class='fa fa-chevron-left'><\/i><\/span>\n\t\t\t\t\t<span id='evcal_next' class='evcal_arrows evo_arrow_next evcal_btn_next evodfx evofx_jc_c evofx_ai_c'><i class='fa fa-chevron-right'><\/i><\/span>\n\t\t\t\t\t<\/p><\/div><\/div><div id='eventon_loadbar_section'><div id='eventon_loadbar'><\/div><\/div><!-- Events List --><div id='evcal_list' \n\t\t\t\t\tclass='eventon_events_list '><div id=\"event_8763_0\" class=\"eventon_list_event evo_eventtop scheduled  event event_8763_0\" data-event_id=\"8763\" data-ri=\"0r\" data-time=\"1779400800-1779659940\" data-colr=\"#ebb609\" itemscope itemtype='http:\/\/schema.org\/Event'><div class=\"evo_event_schema\" style=\"display:none\" ><a itemprop='url'  href='https:\/\/guiasdelpirineo.es\/nl\/agenda-de-actividades\/\/curso-aguas-vivas-en-barrancos-3\/'><\/a><meta itemprop='image' content=\"https:\/\/guiasdelpirineo.es\/wp-content\/uploads\/2024\/11\/1716821839018.webp\" \/><meta itemprop='startDate' content=\"2026-5-22\" \/><meta itemprop='endDate' content=\"2026-5-24\" \/><meta itemprop='eventStatus' content=\"https:\/\/schema.org\/EventScheduled\" \/><item style=\"display:none\" itemprop=\"eventAttendanceMode\" itemscope itemtype=\"https:\/\/schema.org\/OfflineEventAttendanceMode\"><\/item><script type=\"application\/ld+json\">{\"@context\": \"http:\/\/schema.org\",\"@type\": \"Event\",\n\t\t\t\t\"@id\": \"event_8763_0\",\n\t\t\t\t\"eventAttendanceMode\":\"https:\/\/schema.org\/OfflineEventAttendanceMode\",\n\t\t\t\t\"name\": \"Curso Aguas Vivas en Barrancos\",\n\t\t\t\t\"url\": \"https:\/\/guiasdelpirineo.es\/nl\/agenda-de-actividades\/\/curso-aguas-vivas-en-barrancos-3\/\",\n\t\t\t\t\"startDate\": \"2026-5-22\",\n\t\t\t\t\"endDate\": \"2026-5-24\",\n\t\t\t\t\"image\":\"https:\/\/guiasdelpirineo.es\/wp-content\/uploads\/2024\/11\/1716821839018.webp\", \n\t\t\t\t\"description\":\" <p style=font-size:16px>Formaci\u00f3n intensiva donde se aprende tanto en barrancos horizontales y verticales, como en el r\u00edo.<br>Aprender\u00e1s a identificar los movimientos del agua, valorar sus riesgos, dominar las t\u00e9cnicas para poder progresar por ellos con seguridad as\u00ed como las maniobras para poder evitarlos cuando es necesario.<\/p>    <p style=font-size:16px>Precio: Desde 250\u20ac\/persona<\/p>    <p style=font-size:16px><br><a href=https:\/\/guiasdelpirineo.es\/contacto\/><strong>RESERVA TU PLAZA<\/strong><\/a><\/p>    <p><\/p> \",\"eventStatus\":\"https:\/\/schema.org\/EventScheduled\"}<\/script><\/div>\n\t\t\t\t<p class=\"desc_trig_outter\" style=\"\"><a data-gmtrig=\"1\" data-exlk=\"0\" style=\"background-color: #ebb609;\" id=\"evc_17794008008763\" class=\"desc_trig mul_val evcal_list_a allday\" data-ux_val=\"1\" data-ux_val_mob=\"-\"  ><span class='evoet_c2 evoet_cx '><span class='evoet_dayblock evcal_cblock ' data-bgcolor='#ebb609' data-smon='Mayo' data-syr='2026'><span class='evo_start '><em class='date'>22<\/em><em class='month'>May<\/em><em class='time'>Todo el d\u00eda<\/em><\/span><span class='evo_end '><em class='date'>24<\/em><\/span><\/span><\/span><span class='evoet_c3 evoet_cx evcal_desc evo_info ' ><span class='evoet_tags evo_above_title'><\/span><span class='evoet_title evcal_desc2 evcal_event_title' itemprop='name'>Curso Aguas Vivas en Barrancos<\/span><span class='evoet_subtitle evo_below_title'><span class='evcal_event_subtitle' >Descubre la emoci\u00f3n del barranquismo en aguas vivas con nuestro curso<\/span><\/span><span class='evoet_time_expand level_3 evcal_desc_info evogap10'><\/span><span class='evcal_desc3'><\/span><\/span><em class='evoet_data' style='display:none' data-bgc='#ebb609'data-bggrad=''><\/em><\/a><\/p><div class='event_description evcal_eventcard ' style=\"display:none\"><div class='evocard_row bx3 bx'><div class='evocard_box location' data-c='afcf70' \n\t\t\t\t\tstyle='background-color:#afcf70'><div class='evcal_evdata_row evo_metarow_time_location evorow '>\n\t\t\n\t\t\t<span class='evcal_evdata_icons'><i class='fa fa-map-marker'><\/i><\/span>\n\t\t\t<div class='evcal_evdata_cell' data-loc_tax_id='48'><h3 class='evo_h3'><span class='evcal_evdata_icons'><i class='fa fa-map-marker'><\/i><\/span>LUGAR<\/h3><p class='evo_location_name' style='margin-bottom:10px; font-size:15px;'>Pirineo Aragon\u00e9s<\/p><\/div>\n\t\t\n\t<\/div><\/div><div class='evocard_box time' data-c='e3d071' \n\t\t\t\t\tstyle='background-color:#e3d071'><div class='evo_metarow_time evorow evcal_evdata_row evcal_evrow_sm '>\n\t\t<span class='evcal_evdata_icons'><i class='fa fa-clock'><\/i><\/span>\n\t\t<div class='evcal_evdata_cell'>\t\t\t\t\t\t\t\n\t\t\t<h3 class='evo_h3'><span class='evcal_evdata_icons'><i class='fa fa-clock'><\/i><\/span>Horario<\/h3><p><span class='evo_eventcard_time_t'>22 Mayo 2026 - 24 Mayo 2026 (Todo el d\u00eda)<\/span><span class='evo_tz'>(GMT+02:00)<\/span><\/p>\n\t\t<\/div>\n\t<\/div><\/div><div class='evocard_box learnmore' data-c='a8e6d5' \n\t\t\t\t\tstyle='background-color:#a8e6d5'><div class='evo_metarow_learnM evo_metarow_learnmore evorow'>\n\t\t\t\t\t\t\t<a class='evcal_evdata_row evo_clik_row ' href='https:\/\/guiasdelpirineo.es\/contacto\/' >\n\t\t\t\t\t\t\t\t<span class='evcal_evdata_icons'><i class='fa fa-link'><\/i><\/span>\n\t\t\t\t\t\t\t\t<h3 class='evo_h3 evopad0i'>RESERVA TU PLAZA<\/h3>\n\t\t\t\t\t\t\t<\/a>\n\t\t\t\t\t\t\t<\/div><\/div><\/div><div class='evocard_row bx2 bx'><div class='evocard_box ftimage' data-c='fffded' \n\t\t\t\t\tstyle='background-color:#fffded'><div class='evocard_main_image_hold' data-t='Loading Image..'><div class='evocard_main_image evo_img_triglb evocd_img_direct evobr15 evobgsc evobgpc evodfx evofx_jc_c evofx_ai_c evofz48 direct' style='height:400px; background-image:url();' data-f='https:\/\/guiasdelpirineo.es\/wp-content\/uploads\/2024\/11\/1716821839018.webp'data-h='600'data-w='800'data-ratio='0.75'data-event_id='8763'data-ri='0' data-t='Loading Image..'><span style='height:400px; background-image:url(https:\/\/guiasdelpirineo.es\/wp-content\/uploads\/2024\/11\/1716821839018.webp)'><\/span><\/div><\/div><\/div><div class='evocard_box eventdetails' data-c='fffded' \n\t\t\t\t\tstyle='background-color:#fffded'><div class=\"evo_metarow_details evorow evcal_evdata_row evcal_event_details\">\n    <div class=\"event_excerpt\" style=\"display:none\"><h3 class=\"padb5 evo_h3\">Programa<\/h3><p>Formaci\u00f3n intensiva donde se aprende tanto en barrancos horizontales y verticales, como en el r\u00edo.Aprender\u00e1s a identificar los movimientos del agua, valorar sus riesgos, dominar las<\/p><\/div><span class='evcal_evdata_icons'><i class='fa fa-align-justify'><\/i><\/span>    <div class=\"evcal_evdata_cell \">\n        <div class=\"eventon_full_description\">\n            <h3 class=\"padb5 evo_h3\"><span class='evcal_evdata_icons'><i class='fa fa-align-justify'><\/i><\/span>Programa<\/h3>\n            <div class=\"eventon_desc_in\" itemprop=\"description\">\n                <p><\/p>\n<p style=\"font-size:16px\">Formaci\u00f3n intensiva donde se aprende tanto en barrancos horizontales y verticales, como en el r\u00edo.<br \/>Aprender\u00e1s a identificar los movimientos del agua, valorar sus riesgos, dominar las t\u00e9cnicas para poder progresar por ellos con seguridad as\u00ed como las maniobras para poder evitarlos cuando es necesario.<\/p>\n<p><\/p>\n<p><\/p>\n<p style=\"font-size:16px\">Precio: Desde 250\u20ac\/persona<\/p>\n<p><\/p>\n<p><\/p>\n<p style=\"font-size:16px\"><a href=\"https:\/\/guiasdelpirineo.es\/contacto\/\"><strong>RESERVA TU PLAZA<\/strong><\/a><\/p>\n<p><\/p>\n<p><\/p>\n<p><\/p>\n            <\/div>\n            <div class='clear'><\/div>        <\/div>\n    <\/div>\n<\/div><\/div><\/div><div class='evocard_row bx2 bx lastrow'><div class='evocard_box addtocal' data-c='ebd684' \n\t\t\t\t\tstyle='background-color:#ebd684'><div class='evo_metarow_ICS evorow evcal_evdata_row'>\n\t\t\t<span class='evcal_evdata_icons'><i class='fa fa-calendar-o'><\/i><\/span>\n\t\t\t<div class='evcal_evdata_cell'>\n\t\t\t\t<p><a href='\/\/www.google.com\/calendar\/event?action=TEMPLATE&amp;text=Curso+Aguas+Vivas+en+Barrancos&amp;dates=20260521\/20260525&amp;ctz=Europe\/Madrid&amp;details=Curso+Aguas+Vivas+en+Barrancos&amp;location=Pirineo+Aragon%C3%A9s' target='_blank' class='evo_ics_gCal' title='A\u00f1adir a tu calendario de Google'>A\u00f1adir a tu calendario de Google<\/a><\/p>\t\n\t\t\t<\/div>\n\t\t<\/div><\/div><div class='evocard_box evosocial' data-c='fafdff' \n\t\t\t\t\tstyle='background-color:#fafdff'><div class='evo_metarow_socialmedia evcal_evdata_row '><div class='evo_sm FacebookShare'><a class=\" evo_ss\" target=\"_blank\" href=\"\/\/www.facebook.com\/sharer.php?u=https%3A%2F%2Fguiasdelpirineo.es%2Fnl%2Fagenda-de-actividades%2F%2Fcurso-aguas-vivas-en-barrancos-3%2F\" title=\"Share on facebook\"><i class=\"fa fab fa-facebook\"><\/i><\/a><\/div><div class='evo_sm Twitter'><a class=\"tw evo_ss\" href=\"\/\/twitter.com\/intent\/tweet?text=Curso Aguas Vivas en Barrancos&#032;-&#032;&amp;url=https%3A%2F%2Fguiasdelpirineo.es%2Fnl%2Fagenda-de-actividades%2F%2Fcurso-aguas-vivas-en-barrancos-3%2F\" title=\"Share on Twitter\" rel=\"nofollow\" target=\"_blank\" data-url=\"https%3A%2F%2Fguiasdelpirineo.es%2Fnl%2Fagenda-de-actividades%2F%2Fcurso-aguas-vivas-en-barrancos-3%2F\"><i class=\"fa fab fa-x-twitter\"><\/i><\/a><\/div><div class='evo_sm Whatsapp'><a class=\"wa evo_ss\" href=\"https:\/\/api.whatsapp.com\/send?text=https%3A%2F%2Fguiasdelpirineo.es%2Fnl%2Fagenda-de-actividades%2F%2Fcurso-aguas-vivas-en-barrancos-3%2F\" data-action=\"share\/whatsapp\/share\" target=\"_blank\" title=\"Share on Whatsapp\"><i class=\"fa fab fa-whatsapp\"><\/i><\/a><\/div><div class='evo_sm EmailShare'><a class=\"em evo_ss\" href=\"mailto:?subject=Curso Aguas Vivas en Barrancos&amp;body=Event Name: Curso Aguas Vivas en Barrancos%0AEvent Date: 21 Mayo 2026 (Todo El D\u00eda) - 24 Mayo 2026 (Todo El D\u00eda)%0ALink: https%3A%2F%2Fguiasdelpirineo.es%2Fnl%2Fagenda-de-actividades%2F%2Fcurso-aguas-vivas-en-barrancos-3%2F%0A\" target=\"_blank\"><i class=\"fa fa-envelope\"><\/i><\/a><\/div><\/div><\/div><\/div><div class='evo_card_row_end evcal_close' title='Close'><\/div><\/div><div class='clear end'><\/div><\/div>\t\t\t<div class='clear'><\/div>\n\t\t\t<\/div>\n\t\t\t<div class='clear'><\/div>\n\t\t\t\n\t\t\t\t\t \t<div id='evcal_footer' class='evo_bottom' style='display:none'>\n\t\t \t\t<div class='evo_cal_data' data-sc='{&quot;accord&quot;:&quot;no&quot;,&quot;bottom_nav&quot;:&quot;no&quot;,&quot;cal_id&quot;:&quot;&quot;,&quot;cal_init_nonajax&quot;:&quot;yes&quot;,&quot;calendar_type&quot;:&quot;default&quot;,&quot;ep_fields&quot;:&quot;&quot;,&quot;etc_override&quot;:&quot;no&quot;,&quot;evc_open&quot;:&quot;no&quot;,&quot;event_count&quot;:0,&quot;event_location&quot;:&quot;all&quot;,&quot;event_order&quot;:&quot;ASC&quot;,&quot;event_organizer&quot;:&quot;all&quot;,&quot;event_parts&quot;:&quot;no&quot;,&quot;event_past_future&quot;:&quot;all&quot;,&quot;event_status&quot;:&quot;all&quot;,&quot;event_tag&quot;:&quot;all&quot;,&quot;event_type&quot;:&quot;all&quot;,&quot;event_type_2&quot;:&quot;all&quot;,&quot;event_virtual&quot;:&quot;all&quot;,&quot;eventtop_date_style&quot;:0,&quot;eventtop_style&quot;:&quot;2&quot;,&quot;exp_jumper&quot;:&quot;no&quot;,&quot;exp_so&quot;:&quot;no&quot;,&quot;filter_relationship&quot;:&quot;AND&quot;,&quot;filter_show_set_only&quot;:&quot;no&quot;,&quot;filter_type&quot;:&quot;default&quot;,&quot;filters&quot;:&quot;yes&quot;,&quot;fixed_month&quot;:&quot;5&quot;,&quot;fixed_year&quot;:&quot;2026&quot;,&quot;focus_end_date_range&quot;:&quot;1780264799&quot;,&quot;focus_start_date_range&quot;:&quot;1777586400&quot;,&quot;ft_event_priority&quot;:&quot;no&quot;,&quot;hide_arrows&quot;:&quot;no&quot;,&quot;hide_cancels&quot;:&quot;no&quot;,&quot;hide_empty_months&quot;:&quot;no&quot;,&quot;hide_end_time&quot;:&quot;no&quot;,&quot;hide_et_dn&quot;:&quot;no&quot;,&quot;hide_et_extra&quot;:&quot;no&quot;,&quot;hide_et_tags&quot;:&quot;no&quot;,&quot;hide_et_tl&quot;:&quot;no&quot;,&quot;hide_ft&quot;:&quot;no&quot;,&quot;hide_ft_img&quot;:&quot;no&quot;,&quot;hide_month_headers&quot;:&quot;no&quot;,&quot;hide_mult_occur&quot;:&quot;no&quot;,&quot;hide_past&quot;:&quot;no&quot;,&quot;hide_past_by&quot;:&quot;ee&quot;,&quot;hide_so&quot;:&quot;no&quot;,&quot;ics&quot;:&quot;no&quot;,&quot;jumper&quot;:&quot;no&quot;,&quot;jumper_count&quot;:5,&quot;jumper_offset&quot;:&quot;0&quot;,&quot;lang&quot;:&quot;L1&quot;,&quot;layout_changer&quot;:&quot;no&quot;,&quot;livenow_bar&quot;:&quot;yes&quot;,&quot;mapformat&quot;:&quot;roadmap&quot;,&quot;mapiconurl&quot;:&quot;&quot;,&quot;maps_load&quot;:&quot;yes&quot;,&quot;mapscroll&quot;:&quot;false&quot;,&quot;mapzoom&quot;:&quot;18&quot;,&quot;members_only&quot;:&quot;no&quot;,&quot;ml_priority&quot;:&quot;no&quot;,&quot;month_incre&quot;:0,&quot;number_of_months&quot;:&quot;1&quot;,&quot;only_ft&quot;:&quot;no&quot;,&quot;pec&quot;:&quot;&quot;,&quot;s&quot;:&quot;&quot;,&quot;search&quot;:&quot;&quot;,&quot;search_all&quot;:&quot;no&quot;,&quot;sep_month&quot;:&quot;no&quot;,&quot;show_et_ft_img&quot;:&quot;no&quot;,&quot;show_limit&quot;:&quot;no&quot;,&quot;show_limit_ajax&quot;:&quot;no&quot;,&quot;show_limit_paged&quot;:1,&quot;show_limit_redir&quot;:&quot;&quot;,&quot;show_repeats&quot;:&quot;no&quot;,&quot;show_upcoming&quot;:0,&quot;show_year&quot;:&quot;no&quot;,&quot;social_share&quot;:&quot;no&quot;,&quot;sort_by&quot;:&quot;sort_date&quot;,&quot;tile_bg&quot;:0,&quot;tile_bg_size&quot;:&quot;full&quot;,&quot;tile_count&quot;:2,&quot;tile_height&quot;:0,&quot;tile_style&quot;:0,&quot;tiles&quot;:&quot;no&quot;,&quot;ux_val&quot;:&quot;0&quot;,&quot;wpml_l1&quot;:&quot;&quot;,&quot;wpml_l2&quot;:&quot;&quot;,&quot;wpml_l3&quot;:&quot;&quot;,&quot;yl_priority&quot;:&quot;no&quot;,&quot;fixed_day&quot;:&quot;2&quot;,&quot;_cver&quot;:&quot;2.5.1&quot;}'data-od='{&quot;lang_no_events&quot;:&quot;No hay eventos&quot;,&quot;cal_tz_offset&quot;:120,&quot;cal_tz&quot;:&quot;Europe\\\/Madrid&quot;}'><\/div>\n\t\t \t\t<div class='evo_cal_events' data-events=\"\"><\/div>\n\t\t \t<\/div>\n\t\t\t\t\n\t\t\t\n\t\t\t\n\t\t\t\t\t\t<\/div><!-- EventON End -->\n\t\t\t<\/div>\n\t\t\t\t\t\t<\/div>\n\t\t\t\t<\/div>\n\t\t\t\t\t<\/div>\n\t\t\t\t<\/div>\n\t\t<div class=\"elementor-element elementor-element-5e30c02 e-flex e-con-boxed e-con e-parent\" data-id=\"5e30c02\" data-element_type=\"container\" data-e-type=\"container\" id=\"actividades\">\n\t\t\t\t\t<div class=\"e-con-inner\">\n\t\t\t\t<div class=\"elementor-element elementor-element-66f3146 elementor-widget elementor-widget-spacer\" data-id=\"66f3146\" data-element_type=\"widget\" data-e-type=\"widget\" data-widget_type=\"spacer.default\">\n\t\t\t\t<div class=\"elementor-widget-container\">\n\t\t\t\t\t\t\t<div class=\"elementor-spacer\">\n\t\t\t<div class=\"elementor-spacer-inner\"><\/div>\n\t\t<\/div>\n\t\t\t\t\t\t<\/div>\n\t\t\t\t<\/div>\n\t\t\t\t\t<\/div>\n\t\t\t\t<\/div>\n\t\t<div class=\"elementor-element elementor-element-f119878 e-con-full e-flex e-con e-parent\" data-id=\"f119878\" data-element_type=\"container\" data-e-type=\"container\">\n\t\t\t\t<div class=\"elementor-element elementor-element-7735c53 elementor-widget__width-initial elementor-cta--layout-image-right elementor-cta--tablet-layout-image-above elementor-cta--valign-middle elementor-cta--skin-classic elementor-animated-content elementor-bg-transform elementor-bg-transform-zoom-in elementor-widget elementor-widget-call-to-action\" data-id=\"7735c53\" data-element_type=\"widget\" data-e-type=\"widget\" data-widget_type=\"call-to-action.default\">\n\t\t\t\t<div class=\"elementor-widget-container\">\n\t\t\t\t\t\t\t<a class=\"elementor-cta\" href=\"https:\/\/guiasdelpirineo.es\/nl\/canyoning-in-de-pyreneeen\/\">\n\t\t\t\t\t<div class=\"elementor-cta__bg-wrapper\">\n\t\t\t\t<div class=\"elementor-cta__bg elementor-bg\" style=\"background-image: url(https:\/\/guiasdelpirineo.es\/wp-content\/uploads\/2024\/06\/IMG_20250607_105628.webp);\" role=\"img\" aria-label=\"Canyoning in Huesca, Sobrarbe, Pyrenee\u00ebn\"><\/div>\n\t\t\t\t<div class=\"elementor-cta__bg-overlay\"><\/div>\n\t\t\t<\/div>\n\t\t\t\t\t\t\t<div class=\"elementor-cta__content\">\n\t\t\t\t\n\t\t\t\t\t\t\t\t\t<h2 class=\"elementor-cta__title elementor-cta__content-item elementor-content-item\">\n\t\t\t\t\t\tCANYONING\t\t\t\t\t<\/h2>\n\t\t\t\t\n\t\t\t\t\t\t\t\t\t<div class=\"elementor-cta__description elementor-cta__content-item elementor-content-item\">\n\t\t\t\t\t\tSpring, abseil, glijd en ontdek het hart van de bergen\t\t\t\t\t<\/div>\n\t\t\t\t\n\t\t\t\t\t\t\t\t\t<div class=\"elementor-cta__button-wrapper elementor-cta__content-item elementor-content-item \">\n\t\t\t\t\t<span class=\"elementor-cta__button elementor-button elementor-size-\">\n\t\t\t\t\t\tMEER INFO\t\t\t\t\t<\/span>\n\t\t\t\t\t<\/div>\n\t\t\t\t\t\t\t<\/div>\n\t\t\t\t\t\t<\/a>\n\t\t\t\t\t\t<\/div>\n\t\t\t\t<\/div>\n\t\t\t\t<div class=\"elementor-element elementor-element-08df7c0 elementor-widget__width-initial elementor-cta--layout-image-right elementor-cta--tablet-layout-image-above elementor-cta--valign-middle elementor-cta--skin-classic elementor-animated-content elementor-bg-transform elementor-bg-transform-zoom-in elementor-widget elementor-widget-call-to-action\" data-id=\"08df7c0\" data-element_type=\"widget\" data-e-type=\"widget\" data-widget_type=\"call-to-action.default\">\n\t\t\t\t<div class=\"elementor-widget-container\">\n\t\t\t\t\t\t\t<a class=\"elementor-cta\" href=\"https:\/\/guiasdelpirineo.es\/nl\/via-ferratas-in-de-pyreneeen\/\">\n\t\t\t\t\t<div class=\"elementor-cta__bg-wrapper\">\n\t\t\t\t<div class=\"elementor-cta__bg elementor-bg\" style=\"background-image: url(https:\/\/guiasdelpirineo.es\/wp-content\/uploads\/2024\/07\/VIAS-FERRATAS-DIFICULTAD-MEDIA-PIRINEOS-1024x768.webp);\" role=\"img\" aria-label=\"VIA FERRATA&#039;S GEMIDDELDE MOEILIJKHEIDSGRAAD PYRENEE\u00cbN\"><\/div>\n\t\t\t\t<div class=\"elementor-cta__bg-overlay\"><\/div>\n\t\t\t<\/div>\n\t\t\t\t\t\t\t<div class=\"elementor-cta__content\">\n\t\t\t\t\n\t\t\t\t\t\t\t\t\t<h2 class=\"elementor-cta__title elementor-cta__content-item elementor-content-item\">\n\t\t\t\t\t\tVIA FERRATA\t\t\t\t\t<\/h2>\n\t\t\t\t\n\t\t\t\t\t\t\t\t\t<div class=\"elementor-cta__description elementor-cta__content-item elementor-content-item\">\n\t\t\t\t\t\tUitgeruste routes voor alle niveaus, met altijd een prachtig uitzicht over de bergen\t\t\t\t\t<\/div>\n\t\t\t\t\n\t\t\t\t\t\t\t\t\t<div class=\"elementor-cta__button-wrapper elementor-cta__content-item elementor-content-item \">\n\t\t\t\t\t<span class=\"elementor-cta__button elementor-button elementor-size-\">\n\t\t\t\t\t\tMEER INFO\t\t\t\t\t<\/span>\n\t\t\t\t\t<\/div>\n\t\t\t\t\t\t\t<\/div>\n\t\t\t\t\t\t<\/a>\n\t\t\t\t\t\t<\/div>\n\t\t\t\t<\/div>\n\t\t\t\t<div class=\"elementor-element elementor-element-db2c8ae elementor-widget__width-initial elementor-cta--layout-image-left elementor-cta--tablet-layout-image-above elementor-cta--skin-classic elementor-animated-content elementor-bg-transform elementor-bg-transform-zoom-in elementor-widget elementor-widget-call-to-action\" data-id=\"db2c8ae\" data-element_type=\"widget\" data-e-type=\"widget\" data-widget_type=\"call-to-action.default\">\n\t\t\t\t<div class=\"elementor-widget-container\">\n\t\t\t\t\t\t\t<a class=\"elementor-cta\" href=\"https:\/\/guiasdelpirineo.es\/nl\/bergwandelen-in-de-pyreneeen\/\">\n\t\t\t\t\t<div class=\"elementor-cta__bg-wrapper\">\n\t\t\t\t<div class=\"elementor-cta__bg elementor-bg\" style=\"background-image: url(https:\/\/guiasdelpirineo.es\/wp-content\/uploads\/2025\/03\/Trekking-Tres-Valles-del-Parque-Nacional-Guias-del-Pirineo-3-1024x768.jpg);\" role=\"img\" aria-label=\"Etappe trekkingroute: Garganta de Escua\u00edn, Bergwandelen in de Pyrenee\u00ebn\"><\/div>\n\t\t\t\t<div class=\"elementor-cta__bg-overlay\"><\/div>\n\t\t\t<\/div>\n\t\t\t\t\t\t\t<div class=\"elementor-cta__content\">\n\t\t\t\t\n\t\t\t\t\t\t\t\t\t<h2 class=\"elementor-cta__title elementor-cta__content-item elementor-content-item\">\n\t\t\t\t\t\tBERG\u200bWANDELEN\t\t\t\t\t<\/h2>\n\t\t\t\t\n\t\t\t\t\t\t\t\t\t<div class=\"elementor-cta__description elementor-cta__content-item elementor-content-item\">\n\t\t\t\t\t\tVerbind je met de natuur terwijl je haar paden verkent\t\t\t\t\t<\/div>\n\t\t\t\t\n\t\t\t\t\t\t\t\t\t<div class=\"elementor-cta__button-wrapper elementor-cta__content-item elementor-content-item \">\n\t\t\t\t\t<span class=\"elementor-cta__button elementor-button elementor-size-\">\n\t\t\t\t\t\tMEER INFO\t\t\t\t\t<\/span>\n\t\t\t\t\t<\/div>\n\t\t\t\t\t\t\t<\/div>\n\t\t\t\t\t\t<\/a>\n\t\t\t\t\t\t<\/div>\n\t\t\t\t<\/div>\n\t\t\t\t<div class=\"elementor-element elementor-element-03a136a elementor-widget__width-initial elementor-cta--layout-image-left elementor-cta--tablet-layout-image-above elementor-cta--skin-classic elementor-animated-content elementor-bg-transform elementor-bg-transform-zoom-in elementor-widget elementor-widget-call-to-action\" data-id=\"03a136a\" data-element_type=\"widget\" data-e-type=\"widget\" data-widget_type=\"call-to-action.default\">\n\t\t\t\t<div class=\"elementor-widget-container\">\n\t\t\t\t\t\t\t<a class=\"elementor-cta\" href=\"https:\/\/guiasdelpirineo.es\/nl\/bergbeklimmingen-in-de-pyreneeen-met-gids\/\">\n\t\t\t\t\t<div class=\"elementor-cta__bg-wrapper\">\n\t\t\t\t<div class=\"elementor-cta__bg elementor-bg\" style=\"background-image: url(https:\/\/guiasdelpirineo.es\/wp-content\/uploads\/2025\/03\/2024_Munia1-1024x770.webp);\" role=\"img\" aria-label=\"Beklimming van de Munia in de Sobrarbe met Gu\u00edas del Pirineo\"><\/div>\n\t\t\t\t<div class=\"elementor-cta__bg-overlay\"><\/div>\n\t\t\t<\/div>\n\t\t\t\t\t\t\t<div class=\"elementor-cta__content\">\n\t\t\t\t\n\t\t\t\t\t\t\t\t\t<h2 class=\"elementor-cta__title elementor-cta__content-item elementor-content-item\">\n\t\t\t\t\t\tBERG\u00ad\u200bBEKLIMMINGEN\t\t\t\t\t<\/h2>\n\t\t\t\t\n\t\t\t\t\t\t\t\t\t<div class=\"elementor-cta__description elementor-cta__content-item elementor-content-item\">\n\t\t\t\t\t\tBeleef de sensatie van het bereiken van een top, waar inspanning verandert in beloning\t\t\t\t\t<\/div>\n\t\t\t\t\n\t\t\t\t\t\t\t\t\t<div class=\"elementor-cta__button-wrapper elementor-cta__content-item elementor-content-item \">\n\t\t\t\t\t<span class=\"elementor-cta__button elementor-button elementor-size-\">\n\t\t\t\t\t\tMEER INFO\t\t\t\t\t<\/span>\n\t\t\t\t\t<\/div>\n\t\t\t\t\t\t\t<\/div>\n\t\t\t\t\t\t<\/a>\n\t\t\t\t\t\t<\/div>\n\t\t\t\t<\/div>\n\t\t\t\t<div class=\"elementor-element elementor-element-7fb9678 elementor-widget__width-initial elementor-cta--layout-image-right elementor-cta--tablet-layout-image-above elementor-cta--skin-classic elementor-animated-content elementor-bg-transform elementor-bg-transform-zoom-in elementor-widget elementor-widget-call-to-action\" data-id=\"7fb9678\" data-element_type=\"widget\" data-e-type=\"widget\" data-widget_type=\"call-to-action.default\">\n\t\t\t\t<div class=\"elementor-widget-container\">\n\t\t\t\t\t\t\t<a class=\"elementor-cta\" href=\"https:\/\/guiasdelpirineo.es\/raquetas-de-nieve-pirineo\/\">\n\t\t\t\t\t<div class=\"elementor-cta__bg-wrapper\">\n\t\t\t\t<div class=\"elementor-cta__bg elementor-bg\" style=\"background-image: url(https:\/\/guiasdelpirineo.es\/wp-content\/uploads\/2025\/12\/Raquetas-de-nieve-Ibon-de-Plan-Basa-de-la-Mora-Valle-de-Chistau-Guias-del-Pirineo486.webp);\" role=\"img\" aria-label=\"Sneeuwschoenwandelen, Ibon de Plan, Basa de la Mora, Valle de Chistau - Gui\u0301as del Pirineo486\"><\/div>\n\t\t\t\t<div class=\"elementor-cta__bg-overlay\"><\/div>\n\t\t\t<\/div>\n\t\t\t\t\t\t\t<div class=\"elementor-cta__content\">\n\t\t\t\t\n\t\t\t\t\t\t\t\t\t<h2 class=\"elementor-cta__title elementor-cta__content-item elementor-content-item\">\n\t\t\t\t\t\tSNEEUW\u200bSCHOEN\u200bWANDELEN\t\t\t\t\t<\/h2>\n\t\t\t\t\n\t\t\t\t\t\t\t\t\t<div class=\"elementor-cta__description elementor-cta__content-item elementor-content-item\">\n\t\t\t\t\t\tOntdek de charme van de winterse bergen, op een comfortabele en veilige manier\t\t\t\t\t<\/div>\n\t\t\t\t\n\t\t\t\t\t\t\t\t\t<div class=\"elementor-cta__button-wrapper elementor-cta__content-item elementor-content-item \">\n\t\t\t\t\t<span class=\"elementor-cta__button elementor-button elementor-size-\">\n\t\t\t\t\t\tMEER INFO\t\t\t\t\t<\/span>\n\t\t\t\t\t<\/div>\n\t\t\t\t\t\t\t<\/div>\n\t\t\t\t\t\t<\/a>\n\t\t\t\t\t\t<\/div>\n\t\t\t\t<\/div>\n\t\t\t\t<div class=\"elementor-element elementor-element-7a69de7 elementor-widget__width-initial elementor-cta--layout-image-right elementor-cta--tablet-layout-image-above elementor-cta--valign-middle elementor-cta--skin-classic elementor-animated-content elementor-bg-transform elementor-bg-transform-zoom-in elementor-widget elementor-widget-call-to-action\" data-id=\"7a69de7\" data-element_type=\"widget\" data-e-type=\"widget\" data-widget_type=\"call-to-action.default\">\n\t\t\t\t<div class=\"elementor-widget-container\">\n\t\t\t\t\t\t\t<a class=\"elementor-cta\" href=\"https:\/\/guiasdelpirineo.es\/alpinismo-con-guia-pirineos\/\">\n\t\t\t\t\t<div class=\"elementor-cta__bg-wrapper\">\n\t\t\t\t<div class=\"elementor-cta__bg elementor-bg\" style=\"background-image: url(https:\/\/guiasdelpirineo.es\/wp-content\/uploads\/2025\/01\/pico-serrato-bachimana-2.webp);\" role=\"img\" aria-label=\"Uitzicht op de Pico serrato, Bachima\u00f1a, valle de Tena\"><\/div>\n\t\t\t\t<div class=\"elementor-cta__bg-overlay\"><\/div>\n\t\t\t<\/div>\n\t\t\t\t\t\t\t<div class=\"elementor-cta__content\">\n\t\t\t\t\n\t\t\t\t\t\t\t\t\t<h2 class=\"elementor-cta__title elementor-cta__content-item elementor-content-item\">\n\t\t\t\t\t\tALPINISME\t\t\t\t\t<\/h2>\n\t\t\t\t\n\t\t\t\t\t\t\t\t\t<div class=\"elementor-cta__description elementor-cta__content-item elementor-content-item\">\n\t\t\t\t\t\tHet avontuur bij uitstek tussen mens en berg\t\t\t\t\t<\/div>\n\t\t\t\t\n\t\t\t\t\t\t\t\t\t<div class=\"elementor-cta__button-wrapper elementor-cta__content-item elementor-content-item \">\n\t\t\t\t\t<span class=\"elementor-cta__button elementor-button elementor-size-\">\n\t\t\t\t\t\tMEER INFO\t\t\t\t\t<\/span>\n\t\t\t\t\t<\/div>\n\t\t\t\t\t\t\t<\/div>\n\t\t\t\t\t\t<\/a>\n\t\t\t\t\t\t<\/div>\n\t\t\t\t<\/div>\n\t\t\t\t<div class=\"elementor-element elementor-element-8c57139 elementor-widget__width-initial elementor-cta--layout-image-left elementor-cta--tablet-layout-image-above elementor-cta--skin-classic elementor-animated-content elementor-bg-transform elementor-bg-transform-zoom-in elementor-widget elementor-widget-call-to-action\" data-id=\"8c57139\" data-element_type=\"widget\" data-e-type=\"widget\" data-widget_type=\"call-to-action.default\">\n\t\t\t\t<div class=\"elementor-widget-container\">\n\t\t\t\t\t\t\t<a class=\"elementor-cta\" href=\"https:\/\/guiasdelpirineo.es\/crestas-pirineo\/\">\n\t\t\t\t\t<div class=\"elementor-cta__bg-wrapper\">\n\t\t\t\t<div class=\"elementor-cta__bg elementor-bg\" style=\"background-image: url(https:\/\/guiasdelpirineo.es\/wp-content\/uploads\/2024\/01\/Cresta-de-Llosas-Aneto-Parque-Natural-Posets-Maladeta-Valle-de-Benasque-Guias-del-Pirineo-1-1024x768.jpg);\" role=\"img\" aria-label=\"Route Bergkam van Llosas naar de Aneto (3.404m) met Gu\u00edas del Pirineo\"><\/div>\n\t\t\t\t<div class=\"elementor-cta__bg-overlay\"><\/div>\n\t\t\t<\/div>\n\t\t\t\t\t\t\t<div class=\"elementor-cta__content\">\n\t\t\t\t\n\t\t\t\t\t\t\t\t\t<h2 class=\"elementor-cta__title elementor-cta__content-item elementor-content-item\">\n\t\t\t\t\t\tBERGKAM TOCHTEN\t\t\t\t\t<\/h2>\n\t\t\t\t\n\t\t\t\t\t\t\t\t\t<div class=\"elementor-cta__description elementor-cta__content-item elementor-content-item\">\n\t\t\t\t\t\tBereik de legendarische toppen van de Pyrenee\u00ebn, ver weg van de gebaande paden\t\t\t\t\t<\/div>\n\t\t\t\t\n\t\t\t\t\t\t\t\t\t<div class=\"elementor-cta__button-wrapper elementor-cta__content-item elementor-content-item \">\n\t\t\t\t\t<span class=\"elementor-cta__button elementor-button elementor-size-\">\n\t\t\t\t\t\tMEER INFO\t\t\t\t\t<\/span>\n\t\t\t\t\t<\/div>\n\t\t\t\t\t\t\t<\/div>\n\t\t\t\t\t\t<\/a>\n\t\t\t\t\t\t<\/div>\n\t\t\t\t<\/div>\n\t\t\t\t<div class=\"elementor-element elementor-element-a0a5b8a elementor-widget__width-initial elementor-cta--layout-image-left elementor-cta--tablet-layout-image-above elementor-cta--skin-classic elementor-animated-content elementor-bg-transform elementor-bg-transform-zoom-in elementor-widget elementor-widget-call-to-action\" data-id=\"a0a5b8a\" data-element_type=\"widget\" data-e-type=\"widget\" data-widget_type=\"call-to-action.default\">\n\t\t\t\t<div class=\"elementor-widget-container\">\n\t\t\t\t\t\t\t<div class=\"elementor-cta\">\n\t\t\t\t\t<div class=\"elementor-cta__bg-wrapper\">\n\t\t\t\t<div class=\"elementor-cta__bg elementor-bg\" style=\"background-image: url(https:\/\/guiasdelpirineo.es\/wp-content\/uploads\/2026\/01\/Escalada-en-roca-escalada-via-larga-multi-pitch-Parque-Nacional-de-Ordesa-y-Monte-Perdido-Guias-del-Pirineo-2.jpg);\" role=\"img\" aria-label=\"Klimmen in Ordesa\"><\/div>\n\t\t\t\t<div class=\"elementor-cta__bg-overlay\"><\/div>\n\t\t\t<\/div>\n\t\t\t\t\t\t\t<div class=\"elementor-cta__content\">\n\t\t\t\t\n\t\t\t\t\t\t\t\t\t<h2 class=\"elementor-cta__title elementor-cta__content-item elementor-content-item\">\n\t\t\t\t\t\tROTSKLIMMEN\t\t\t\t\t<\/h2>\n\t\t\t\t\n\t\t\t\t\t\t\t\t\t<div class=\"elementor-cta__description elementor-cta__content-item elementor-content-item\">\n\t\t\t\t\t\tDe verticale uitdaging van de bergen, klim hoger dan je durfde te dromen\t\t\t\t\t<\/div>\n\t\t\t\t\n\t\t\t\t\t\t\t\t\t<div class=\"elementor-cta__button-wrapper elementor-cta__content-item elementor-content-item \">\n\t\t\t\t\t<a class=\"elementor-cta__button elementor-button elementor-size-\">\n\t\t\t\t\t\tBINNENKORT...\t\t\t\t\t<\/a>\n\t\t\t\t\t<\/div>\n\t\t\t\t\t\t\t<\/div>\n\t\t\t\t\t\t<\/div>\n\t\t\t\t\t\t<\/div>\n\t\t\t\t<\/div>\n\t\t\t\t<div class=\"elementor-element elementor-element-df9060d elementor-widget__width-initial elementor-cta--layout-image-right elementor-cta--tablet-layout-image-above elementor-cta--valign-middle elementor-cta--skin-classic elementor-animated-content elementor-bg-transform elementor-bg-transform-zoom-in elementor-widget elementor-widget-call-to-action\" data-id=\"df9060d\" data-element_type=\"widget\" data-e-type=\"widget\" data-widget_type=\"call-to-action.default\">\n\t\t\t\t<div class=\"elementor-widget-container\">\n\t\t\t\t\t\t\t<div class=\"elementor-cta\">\n\t\t\t\t\t<div class=\"elementor-cta__bg-wrapper\">\n\t\t\t\t<div class=\"elementor-cta__bg elementor-bg\" style=\"background-image: url(https:\/\/guiasdelpirineo.es\/wp-content\/uploads\/2024\/03\/ESCALADA-HIELO-1024x680.webp);\" role=\"img\" aria-label=\"IJSKLIMMEN\"><\/div>\n\t\t\t\t<div class=\"elementor-cta__bg-overlay\"><\/div>\n\t\t\t<\/div>\n\t\t\t\t\t\t\t<div class=\"elementor-cta__content\">\n\t\t\t\t\n\t\t\t\t\t\t\t\t\t<h2 class=\"elementor-cta__title elementor-cta__content-item elementor-content-item\">\n\t\t\t\t\t\tIJSKLIMMEN\t\t\t\t\t<\/h2>\n\t\t\t\t\n\t\t\t\t\t\t\t\t\t<div class=\"elementor-cta__description elementor-cta__content-item elementor-content-item\">\n\t\t\t\t\t\tDe kunst van het beklimmen van het vergankelijke\t\t\t\t\t<\/div>\n\t\t\t\t\n\t\t\t\t\t\t\t\t\t<div class=\"elementor-cta__button-wrapper elementor-cta__content-item elementor-content-item \">\n\t\t\t\t\t<a class=\"elementor-cta__button elementor-button elementor-size-\">\n\t\t\t\t\t\tBINNENKORT...\t\t\t\t\t<\/a>\n\t\t\t\t\t<\/div>\n\t\t\t\t\t\t\t<\/div>\n\t\t\t\t\t\t<\/div>\n\t\t\t\t\t\t<\/div>\n\t\t\t\t<\/div>\n\t\t\t\t<div class=\"elementor-element elementor-element-99255b0 elementor-widget__width-initial elementor-cta--layout-image-right elementor-cta--tablet-layout-image-above elementor-cta--skin-classic elementor-animated-content elementor-bg-transform elementor-bg-transform-zoom-in elementor-widget elementor-widget-call-to-action\" data-id=\"99255b0\" data-element_type=\"widget\" data-e-type=\"widget\" data-widget_type=\"call-to-action.default\">\n\t\t\t\t<div class=\"elementor-widget-container\">\n\t\t\t\t\t\t\t<div class=\"elementor-cta\">\n\t\t\t\t\t<div class=\"elementor-cta__bg-wrapper\">\n\t\t\t\t<div class=\"elementor-cta__bg elementor-bg\" style=\"background-image: url(https:\/\/guiasdelpirineo.es\/wp-content\/uploads\/2024\/02\/SKIMO-1024x676.webp);\" role=\"img\" aria-label=\"SKIMO\"><\/div>\n\t\t\t\t<div class=\"elementor-cta__bg-overlay\"><\/div>\n\t\t\t<\/div>\n\t\t\t\t\t\t\t<div class=\"elementor-cta__content\">\n\t\t\t\t\n\t\t\t\t\t\t\t\t\t<h2 class=\"elementor-cta__title elementor-cta__content-item elementor-content-item\">\n\t\t\t\t\t\ttoerski\u00ebn\t\t\t\t\t<\/h2>\n\t\t\t\t\n\t\t\t\t\t\t\t\t\t<div class=\"elementor-cta__description elementor-cta__content-item elementor-content-item\">\n\t\t\t\t\t\tTeken de mooiste lijn in de sneeuw\t\t\t\t\t<\/div>\n\t\t\t\t\n\t\t\t\t\t\t\t\t\t<div class=\"elementor-cta__button-wrapper elementor-cta__content-item elementor-content-item \">\n\t\t\t\t\t<a class=\"elementor-cta__button elementor-button elementor-size-\">\n\t\t\t\t\t\tBINNENKORT...\t\t\t\t\t<\/a>\n\t\t\t\t\t<\/div>\n\t\t\t\t\t\t\t<\/div>\n\t\t\t\t\t\t<\/div>\n\t\t\t\t\t\t<\/div>\n\t\t\t\t<\/div>\n\t\t\t\t<div class=\"elementor-element elementor-element-7fab16e elementor-widget__width-initial elementor-cta--layout-image-right elementor-cta--tablet-layout-image-above elementor-cta--skin-classic elementor-animated-content elementor-bg-transform elementor-bg-transform-zoom-in elementor-widget elementor-widget-call-to-action\" data-id=\"7fab16e\" data-element_type=\"widget\" data-e-type=\"widget\" data-widget_type=\"call-to-action.default\">\n\t\t\t\t<div class=\"elementor-widget-container\">\n\t\t\t\t\t\t\t<div class=\"elementor-cta\">\n\t\t\t\t\t<div class=\"elementor-cta__bg-wrapper\">\n\t\t\t\t<div class=\"elementor-cta__bg elementor-bg\" style=\"background-image: url(https:\/\/guiasdelpirineo.es\/wp-content\/uploads\/2025\/03\/Trekking-Senderismo-Parque-naturel-Posets-Maladeta-Guias-del-Pirineo6-1024x768.jpg);\" role=\"img\" aria-label=\"Rondje Posets trekking\"><\/div>\n\t\t\t\t<div class=\"elementor-cta__bg-overlay\"><\/div>\n\t\t\t<\/div>\n\t\t\t\t\t\t\t<div class=\"elementor-cta__content\">\n\t\t\t\t\n\t\t\t\t\t\t\t\t\t<h2 class=\"elementor-cta__title elementor-cta__content-item elementor-content-item\">\n\t\t\t\t\t\tTrekkings\t\t\t\t\t<\/h2>\n\t\t\t\t\n\t\t\t\t\t\t\t\t\t<div class=\"elementor-cta__description elementor-cta__content-item elementor-content-item\">\n\t\t\t\t\t\tBeleef de bergen van binnenuit gedurende een meerdaagse tocht\t\t\t\t\t<\/div>\n\t\t\t\t\n\t\t\t\t\t\t\t\t\t<div class=\"elementor-cta__button-wrapper elementor-cta__content-item elementor-content-item \">\n\t\t\t\t\t<a class=\"elementor-cta__button elementor-button elementor-size-\" href=\"https:\/\/guiasdelpirineo.es\/trekkings-en-pirineos\/\">\n\t\t\t\t\t\tMEER INFO\t\t\t\t\t<\/a>\n\t\t\t\t\t<\/div>\n\t\t\t\t\t\t\t<\/div>\n\t\t\t\t\t\t<\/div>\n\t\t\t\t\t\t<\/div>\n\t\t\t\t<\/div>\n\t\t\t\t<\/div>\n\t\t<div class=\"elementor-element elementor-element-b5a17ab e-flex e-con-boxed e-con e-parent\" data-id=\"b5a17ab\" data-element_type=\"container\" data-e-type=\"container\" data-settings=\"{&quot;background_background&quot;:&quot;classic&quot;}\">\n\t\t\t\t\t<div class=\"e-con-inner\">\n\t\t\t\t<div class=\"elementor-element elementor-element-9d80654 premium-header-block premium-lq__none premium-box-lq__none elementor-widget elementor-widget-premium-addon-dual-header\" data-id=\"9d80654\" data-element_type=\"widget\" data-e-type=\"widget\" data-widget_type=\"premium-addon-dual-header.default\">\n\t\t\t\t\t\n\t\t<div class=\"elementor-widget-container\">\n\t\t<div class=\"premium-dual-header-wrapper\">\n\t\t\t\t\t<h2 class=\"premium-dual-header-first-header \"><span class=\"premium-dual-header-first-span\">Verken <\/span><span class=\"premium-dual-header-second-header \">de Pyrenee\u00ebn<\/span><\/h2> \t\t\t\t\t\t<\/div>\n\t\t<\/div>\n\n\t\t\t\t\t\t<\/div>\n\t\t\t\t<div class=\"elementor-element elementor-element-2b95b2d elementor-widget elementor-widget-image\" data-id=\"2b95b2d\" data-element_type=\"widget\" data-e-type=\"widget\" data-widget_type=\"image.default\">\n\t\t\t\t<div class=\"elementor-widget-container\">\n\t\t\t\t\t\t\t\t\t\t\t\t\t\t\t<img decoding=\"async\" width=\"243\" height=\"514\" src=\"https:\/\/guiasdelpirineo.es\/wp-content\/uploads\/2024\/02\/RUSSELL.webp\" class=\"attachment-large size-large wp-image-9507\" alt=\"\" srcset=\"https:\/\/guiasdelpirineo.es\/wp-content\/uploads\/2024\/02\/RUSSELL.webp 243w, https:\/\/guiasdelpirineo.es\/wp-content\/uploads\/2024\/02\/RUSSELL-142x300.webp 142w\" sizes=\"(max-width: 243px) 100vw, 243px\" \/>\t\t\t\t\t\t\t\t\t\t\t\t\t\t\t<\/div>\n\t\t\t\t<\/div>\n\t\t\t\t\t<\/div>\n\t\t\t\t<\/div>\n\t\t<div class=\"elementor-element elementor-element-c4eabf7 e-flex e-con-boxed e-con e-parent\" data-id=\"c4eabf7\" data-element_type=\"container\" data-e-type=\"container\">\n\t\t\t\t\t<div class=\"e-con-inner\">\n\t\t<div class=\"elementor-element elementor-element-b7b9997 e-con-full e-flex e-con e-child\" data-id=\"b7b9997\" data-element_type=\"container\" data-e-type=\"container\" data-settings=\"{&quot;background_background&quot;:&quot;classic&quot;}\">\n\t\t\t\t<div class=\"elementor-element elementor-element-7769950 elementor-widget elementor-widget-heading\" data-id=\"7769950\" data-element_type=\"widget\" data-e-type=\"widget\" data-widget_type=\"heading.default\">\n\t\t\t\t<div class=\"elementor-widget-container\">\n\t\t\t\t\t<h2 class=\"elementor-heading-title elementor-size-default\">Waarom Gu\u00edas del Pirineo?<\/h2>\t\t\t\t<\/div>\n\t\t\t\t<\/div>\n\t\t\t\t<div class=\"elementor-element elementor-element-5bf3328 elementor-widget elementor-widget-text-editor\" data-id=\"5bf3328\" data-element_type=\"widget\" data-e-type=\"widget\" data-widget_type=\"text-editor.default\">\n\t\t\t\t<div class=\"elementor-widget-container\">\n\t\t\t\t\t\t\t\t\t<p><span style=\"font-weight: 400;\">Een avontuur met de Cooperativa de Gu\u00edas del Pirineo draait om het veilig ontdekken van de Pyrenee\u00ebn, genieten van elke activiteit, zorgen voor de plekken die we bezoeken en leren van de natuurlijke omgeving \u2014 samen met gecertificeerde gidsen die houden van wat ze doen. <\/span><\/p>\t\t\t\t\t\t\t\t<\/div>\n\t\t\t\t<\/div>\n\t\t\t\t<\/div>\n\t\t\t\t\t<\/div>\n\t\t\t\t<\/div>\n\t\t<div class=\"elementor-element elementor-element-83a7188 e-flex e-con-boxed e-con e-parent\" data-id=\"83a7188\" data-element_type=\"container\" data-e-type=\"container\">\n\t\t\t\t\t<div class=\"e-con-inner\">\n\t\t<div class=\"elementor-element elementor-element-463614c e-con-full e-flex e-con e-child\" data-id=\"463614c\" data-element_type=\"container\" data-e-type=\"container\" data-settings=\"{&quot;background_background&quot;:&quot;classic&quot;}\">\n\t\t\t\t<\/div>\n\t\t<div class=\"elementor-element elementor-element-1f86fae e-con-full e-flex e-con e-child\" data-id=\"1f86fae\" data-element_type=\"container\" data-e-type=\"container\" data-settings=\"{&quot;background_background&quot;:&quot;classic&quot;}\">\n\t\t\t\t<div class=\"elementor-element elementor-element-02fc606 elementor-widget elementor-widget-heading\" data-id=\"02fc606\" data-element_type=\"widget\" data-e-type=\"widget\" data-widget_type=\"heading.default\">\n\t\t\t\t<div class=\"elementor-widget-container\">\n\t\t\t\t\t<h2 class=\"elementor-heading-title elementor-size-default\">KWALITEIT<\/h2>\t\t\t\t<\/div>\n\t\t\t\t<\/div>\n\t\t\t\t<div class=\"elementor-element elementor-element-b0138d5 elementor-widget elementor-widget-text-editor\" data-id=\"b0138d5\" data-element_type=\"widget\" data-e-type=\"widget\" data-widget_type=\"text-editor.default\">\n\t\t\t\t<div class=\"elementor-widget-container\">\n\t\t\t\t\t\t\t\t\t<p><span style=\"font-weight: 400;\">Wij zijn een team van lokale gidsen die een breed scala aan bergdisciplines beheersen, met kwalificaties in midden- en hooggebergte, klimmen, ski\u00ebn, canyoning en natuureducatie. <\/span><\/p><p><span style=\"font-weight: 400;\">Dankzij deze veelzijdigheid en toewijding bieden we een uitgebreid aanbod aan activiteiten en streven we ernaar dat elke gast de bergen ten volle kan beleven.<\/span><\/p>\t\t\t\t\t\t\t\t<\/div>\n\t\t\t\t<\/div>\n\t\t\t\t<\/div>\n\t\t\t\t\t<\/div>\n\t\t\t\t<\/div>\n\t\t<div class=\"elementor-element elementor-element-ea7755c e-flex e-con-boxed e-con e-parent\" data-id=\"ea7755c\" data-element_type=\"container\" data-e-type=\"container\">\n\t\t\t\t\t<div class=\"e-con-inner\">\n\t\t<div class=\"elementor-element elementor-element-b7eeefe e-con-full e-flex e-con e-child\" data-id=\"b7eeefe\" data-element_type=\"container\" data-e-type=\"container\" data-settings=\"{&quot;background_background&quot;:&quot;classic&quot;}\">\n\t\t\t\t<\/div>\n\t\t<div class=\"elementor-element elementor-element-ea743bb e-con-full e-flex e-con e-child\" data-id=\"ea743bb\" data-element_type=\"container\" data-e-type=\"container\" data-settings=\"{&quot;background_background&quot;:&quot;classic&quot;}\">\n\t\t\t\t<div class=\"elementor-element elementor-element-f3a3573 elementor-widget elementor-widget-heading\" data-id=\"f3a3573\" data-element_type=\"widget\" data-e-type=\"widget\" data-widget_type=\"heading.default\">\n\t\t\t\t<div class=\"elementor-widget-container\">\n\t\t\t\t\t<h2 class=\"elementor-heading-title elementor-size-default\">LOKAAL<\/h2>\t\t\t\t<\/div>\n\t\t\t\t<\/div>\n\t\t\t\t<div class=\"elementor-element elementor-element-bc2b0b4 elementor-widget__width-initial elementor-widget elementor-widget-text-editor\" data-id=\"bc2b0b4\" data-element_type=\"widget\" data-e-type=\"widget\" data-widget_type=\"text-editor.default\">\n\t\t\t\t<div class=\"elementor-widget-container\">\n\t\t\t\t\t\t\t\t\t<p><span style=\"font-weight: 400;\">Ons thuis bevindt zich in de Sobrarbe regio, in het hart van de Aragonese Pyrenee\u00ebn.<\/span><\/p><p>Wij, de leden van de co\u00f6peratie, wonen hier het hele jaar door. Door te werken en onze vrije tijd in deze bergen door te brengen, kennen we de omgeving goed en delen we onze kennis graag met jou.<\/p>\t\t\t\t\t\t\t\t<\/div>\n\t\t\t\t<\/div>\n\t\t\t\t<\/div>\n\t\t\t\t\t<\/div>\n\t\t\t\t<\/div>\n\t\t<div class=\"elementor-element elementor-element-a79ed24 e-flex e-con-boxed e-con e-parent\" data-id=\"a79ed24\" data-element_type=\"container\" data-e-type=\"container\">\n\t\t\t\t\t<div class=\"e-con-inner\">\n\t\t<div class=\"elementor-element elementor-element-ef5d3b8 e-con-full e-flex e-con e-child\" data-id=\"ef5d3b8\" data-element_type=\"container\" data-e-type=\"container\">\n\t\t\t\t<\/div>\n\t\t<div class=\"elementor-element elementor-element-415764c e-con-full e-flex e-con e-child\" data-id=\"415764c\" data-element_type=\"container\" data-e-type=\"container\" data-settings=\"{&quot;background_background&quot;:&quot;classic&quot;}\">\n\t\t\t\t<div class=\"elementor-element elementor-element-3c699f6 elementor-widget elementor-widget-heading\" data-id=\"3c699f6\" data-element_type=\"widget\" data-e-type=\"widget\" data-widget_type=\"heading.default\">\n\t\t\t\t<div class=\"elementor-widget-container\">\n\t\t\t\t\t<h2 class=\"elementor-heading-title elementor-size-default\">NATUURBEHOUD<\/h2>\t\t\t\t<\/div>\n\t\t\t\t<\/div>\n\t\t\t\t<div class=\"elementor-element elementor-element-33a1c89 elementor-widget elementor-widget-text-editor\" data-id=\"33a1c89\" data-element_type=\"widget\" data-e-type=\"widget\" data-widget_type=\"text-editor.default\">\n\t\t\t\t<div class=\"elementor-widget-container\">\n\t\t\t\t\t\t\t\t\t<p>Ons doel is om actief toerisme anders te beleven: weg van drukke, seizoensgebonden activiteiten, en richting het hele jaar door persoonlijke avonturen. Wij staan voor ecotoerisme, waarbij milieueducatie een belangrijke rol speelt in alles wat we doen.<span style=\"background-color: var( --e-global-color-7d001b2 ); text-align: var(--text-align);\">&nbsp;&nbsp;<\/span><\/p>\n<p><span style=\"font-weight: 400;\">Wij gidsen onze activiteiten het hele jaar door, zodat we de prachtige biodiversiteit van de Pyrenee\u00ebn kunnen beschermen \u00e9n ervan kunnen genieten.<\/span><\/p>\t\t\t\t\t\t\t\t<\/div>\n\t\t\t\t<\/div>\n\t\t\t\t<\/div>\n\t\t\t\t\t<\/div>\n\t\t\t\t<\/div>\n\t\t<div class=\"elementor-element elementor-element-6f1c9e2 e-flex e-con-boxed e-con e-parent\" data-id=\"6f1c9e2\" data-element_type=\"container\" data-e-type=\"container\" data-settings=\"{&quot;background_background&quot;:&quot;classic&quot;}\">\n\t\t\t\t\t<div class=\"e-con-inner\">\n\t\t\t\t<div class=\"elementor-element elementor-element-798a649 elementor-widget elementor-widget-spacer\" data-id=\"798a649\" data-element_type=\"widget\" data-e-type=\"widget\" data-widget_type=\"spacer.default\">\n\t\t\t\t<div class=\"elementor-widget-container\">\n\t\t\t\t\t\t\t<div class=\"elementor-spacer\">\n\t\t\t<div class=\"elementor-spacer-inner\"><\/div>\n\t\t<\/div>\n\t\t\t\t\t\t<\/div>\n\t\t\t\t<\/div>\n\t\t\t\t<div class=\"elementor-element elementor-element-779ec4f elementor-align-center elementor-widget-mobile__width-initial elementor-widget elementor-widget-button\" data-id=\"779ec4f\" data-element_type=\"widget\" data-e-type=\"widget\" data-widget_type=\"button.default\">\n\t\t\t\t<div class=\"elementor-widget-container\">\n\t\t\t\t\t\t\t\t\t<div class=\"elementor-button-wrapper\">\n\t\t\t\t\t<a class=\"elementor-button elementor-button-link elementor-size-md elementor-animation-grow\" href=\"https:\/\/guiasdelpirineo.es\/nl\/contact\/\">\n\t\t\t\t\t\t<span class=\"elementor-button-content-wrapper\">\n\t\t\t\t\t\t\t\t\t<span class=\"elementor-button-text\">NEEM CONTACT MET ONS OP<\/span>\n\t\t\t\t\t<\/span>\n\t\t\t\t\t<\/a>\n\t\t\t\t<\/div>\n\t\t\t\t\t\t\t\t<\/div>\n\t\t\t\t<\/div>\n\t\t\t\t\t<\/div>\n\t\t\t\t<\/div>\n\t\t\t\t<\/div>\n\t\t","protected":false},"excerpt":{"rendered":"<p>GU\u00cdAS DEL PIRINEO Beleef de Pyrenee\u00ebn het hele jaar door Wij zijn een co\u00f6peratie in het hart van de Pyrenee\u00ebn, bestaande uit lokale gidsen die hun passie voor de bergen en hun vak delen. Voor ons staan kwaliteit, lokale aanwezigheid, zorg voor de natuur, veiligheid en plezier tijdens elke activiteit centraal. CONTACT EN RESERVEREN AGENDA [&hellip;]<\/p>\n","protected":false},"author":2,"featured_media":9486,"parent":0,"menu_order":0,"comment_status":"closed","ping_status":"closed","template":"elementor_header_footer","meta":{"_acf_changed":false,"inline_featured_image":false,"footnotes":""},"class_list":["post-9474","page","type-page","status-publish","has-post-thumbnail","hentry"],"acf":[],"yoast_head":"<!-- This site is optimized with the Yoast SEO plugin v27.2 - https:\/\/yoast.com\/product\/yoast-seo-wordpress\/ -->\n<title>HOME - Cooperativa de Gu\u00edas del Pirineo<\/title>\n<meta name=\"description\" content=\"Gu\u00edas de Pirineo is een een co\u00f6peratie in het hart van de Pyrenee\u00ebn, bestaande uit lokale gidsen die hun passie voor de bergen en hun vak delen.\" \/>\n<meta name=\"robots\" content=\"index, follow, max-snippet:-1, max-image-preview:large, max-video-preview:-1\" \/>\n<link rel=\"canonical\" href=\"https:\/\/guiasdelpirineo.es\/nl\/\" \/>\n<meta property=\"og:locale\" content=\"nl_NL\" \/>\n<meta property=\"og:type\" content=\"article\" \/>\n<meta property=\"og:title\" content=\"HOME - Cooperativa de Gu\u00edas del Pirineo\" \/>\n<meta property=\"og:description\" content=\"Gu\u00edas de Pirineo is een een co\u00f6peratie in het hart van de Pyrenee\u00ebn, bestaande uit lokale gidsen die hun passie voor de bergen en hun vak delen.\" \/>\n<meta property=\"og:url\" content=\"https:\/\/guiasdelpirineo.es\/nl\/\" \/>\n<meta property=\"og:site_name\" content=\"Cooperativa de Gu\u00edas del Pirineo\" \/>\n<meta property=\"article:publisher\" content=\"https:\/\/www.instagram.com\/guiasdelpirineo\" \/>\n<meta property=\"article:modified_time\" content=\"2026-02-04T11:40:24+00:00\" \/>\n<meta property=\"og:image\" content=\"https:\/\/guiasdelpirineo.es\/wp-content\/uploads\/2024\/05\/GUIAS-DEL-PIRINEO.jpg\" \/>\n\t<meta property=\"og:image:width\" content=\"1289\" \/>\n\t<meta property=\"og:image:height\" content=\"970\" \/>\n\t<meta property=\"og:image:type\" content=\"image\/jpeg\" \/>\n<meta name=\"twitter:card\" content=\"summary_large_image\" \/>\n<meta name=\"twitter:label1\" content=\"Geschatte leestijd\" \/>\n\t<meta name=\"twitter:data1\" content=\"2 minuten\" \/>\n<script type=\"application\/ld+json\" class=\"yoast-schema-graph\">{\"@context\":\"https:\/\/schema.org\",\"@graph\":[{\"@type\":\"WebPage\",\"@id\":\"https:\/\/guiasdelpirineo.es\/nl\/\",\"url\":\"https:\/\/guiasdelpirineo.es\/nl\/\",\"name\":\"HOME - Cooperativa de Gu\u00edas del Pirineo\",\"isPartOf\":{\"@id\":\"https:\/\/guiasdelpirineo.es\/nl\/#website\"},\"primaryImageOfPage\":{\"@id\":\"https:\/\/guiasdelpirineo.es\/nl\/#primaryimage\"},\"image\":{\"@id\":\"https:\/\/guiasdelpirineo.es\/nl\/#primaryimage\"},\"thumbnailUrl\":\"https:\/\/guiasdelpirineo.es\/wp-content\/uploads\/2024\/05\/GUIAS-DEL-PIRINEO.jpg\",\"datePublished\":\"2024-03-08T16:17:26+00:00\",\"dateModified\":\"2026-02-04T11:40:24+00:00\",\"description\":\"Gu\u00edas de Pirineo is een een co\u00f6peratie in het hart van de Pyrenee\u00ebn, bestaande uit lokale gidsen die hun passie voor de bergen en hun vak delen.\",\"breadcrumb\":{\"@id\":\"https:\/\/guiasdelpirineo.es\/nl\/#breadcrumb\"},\"inLanguage\":\"nl-NL\",\"potentialAction\":[{\"@type\":\"ReadAction\",\"target\":[\"https:\/\/guiasdelpirineo.es\/nl\/\"]}]},{\"@type\":\"ImageObject\",\"inLanguage\":\"nl-NL\",\"@id\":\"https:\/\/guiasdelpirineo.es\/nl\/#primaryimage\",\"url\":\"https:\/\/guiasdelpirineo.es\/wp-content\/uploads\/2024\/05\/GUIAS-DEL-PIRINEO.jpg\",\"contentUrl\":\"https:\/\/guiasdelpirineo.es\/wp-content\/uploads\/2024\/05\/GUIAS-DEL-PIRINEO.jpg\",\"width\":1289,\"height\":970},{\"@type\":\"BreadcrumbList\",\"@id\":\"https:\/\/guiasdelpirineo.es\/nl\/#breadcrumb\",\"itemListElement\":[{\"@type\":\"ListItem\",\"position\":1,\"name\":\"Portada\",\"item\":\"https:\/\/guiasdelpirineo.es\/nl\/home\/\"},{\"@type\":\"ListItem\",\"position\":2,\"name\":\"HOME\"}]},{\"@type\":\"WebSite\",\"@id\":\"https:\/\/guiasdelpirineo.es\/nl\/#website\",\"url\":\"https:\/\/guiasdelpirineo.es\/nl\/\",\"name\":\"Cooperativa de Gu\u00edas del Pirineo\",\"description\":\"Gu\u00edas de monta\u00f1a y barrancos\",\"publisher\":{\"@id\":\"https:\/\/guiasdelpirineo.es\/nl\/#organization\"},\"potentialAction\":[{\"@type\":\"SearchAction\",\"target\":{\"@type\":\"EntryPoint\",\"urlTemplate\":\"https:\/\/guiasdelpirineo.es\/nl\/?s={search_term_string}\"},\"query-input\":{\"@type\":\"PropertyValueSpecification\",\"valueRequired\":true,\"valueName\":\"search_term_string\"}}],\"inLanguage\":\"nl-NL\"},{\"@type\":\"Organization\",\"@id\":\"https:\/\/guiasdelpirineo.es\/nl\/#organization\",\"name\":\"Cooperativa de Gu\u00edas del Pirineo\",\"url\":\"https:\/\/guiasdelpirineo.es\/nl\/\",\"logo\":{\"@type\":\"ImageObject\",\"inLanguage\":\"nl-NL\",\"@id\":\"https:\/\/guiasdelpirineo.es\/nl\/#\/schema\/logo\/image\/\",\"url\":\"https:\/\/guiasdelpirineo.es\/wp-content\/uploads\/2024\/02\/LOGO-FOOTER.svg\",\"contentUrl\":\"https:\/\/guiasdelpirineo.es\/wp-content\/uploads\/2024\/02\/LOGO-FOOTER.svg\",\"caption\":\"Cooperativa de Gu\u00edas del Pirineo\"},\"image\":{\"@id\":\"https:\/\/guiasdelpirineo.es\/nl\/#\/schema\/logo\/image\/\"},\"sameAs\":[\"https:\/\/www.instagram.com\/guiasdelpirineo\"]}]}<\/script>\n<!-- \/ Yoast SEO plugin. -->","yoast_head_json":{"title":"HOME - Cooperativa de Gu\u00edas del Pirineo","description":"Gu\u00edas de Pirineo is een een co\u00f6peratie in het hart van de Pyrenee\u00ebn, bestaande uit lokale gidsen die hun passie voor de bergen en hun vak delen.","robots":{"index":"index","follow":"follow","max-snippet":"max-snippet:-1","max-image-preview":"max-image-preview:large","max-video-preview":"max-video-preview:-1"},"canonical":"https:\/\/guiasdelpirineo.es\/nl\/","og_locale":"nl_NL","og_type":"article","og_title":"HOME - Cooperativa de Gu\u00edas del Pirineo","og_description":"Gu\u00edas de Pirineo is een een co\u00f6peratie in het hart van de Pyrenee\u00ebn, bestaande uit lokale gidsen die hun passie voor de bergen en hun vak delen.","og_url":"https:\/\/guiasdelpirineo.es\/nl\/","og_site_name":"Cooperativa de Gu\u00edas del Pirineo","article_publisher":"https:\/\/www.instagram.com\/guiasdelpirineo","article_modified_time":"2026-02-04T11:40:24+00:00","og_image":[{"width":1289,"height":970,"url":"https:\/\/guiasdelpirineo.es\/wp-content\/uploads\/2024\/05\/GUIAS-DEL-PIRINEO.jpg","type":"image\/jpeg"}],"twitter_card":"summary_large_image","twitter_misc":{"Geschatte leestijd":"2 minuten"},"schema":{"@context":"https:\/\/schema.org","@graph":[{"@type":"WebPage","@id":"https:\/\/guiasdelpirineo.es\/nl\/","url":"https:\/\/guiasdelpirineo.es\/nl\/","name":"HOME - Cooperativa de Gu\u00edas del Pirineo","isPartOf":{"@id":"https:\/\/guiasdelpirineo.es\/nl\/#website"},"primaryImageOfPage":{"@id":"https:\/\/guiasdelpirineo.es\/nl\/#primaryimage"},"image":{"@id":"https:\/\/guiasdelpirineo.es\/nl\/#primaryimage"},"thumbnailUrl":"https:\/\/guiasdelpirineo.es\/wp-content\/uploads\/2024\/05\/GUIAS-DEL-PIRINEO.jpg","datePublished":"2024-03-08T16:17:26+00:00","dateModified":"2026-02-04T11:40:24+00:00","description":"Gu\u00edas de Pirineo is een een co\u00f6peratie in het hart van de Pyrenee\u00ebn, bestaande uit lokale gidsen die hun passie voor de bergen en hun vak delen.","breadcrumb":{"@id":"https:\/\/guiasdelpirineo.es\/nl\/#breadcrumb"},"inLanguage":"nl-NL","potentialAction":[{"@type":"ReadAction","target":["https:\/\/guiasdelpirineo.es\/nl\/"]}]},{"@type":"ImageObject","inLanguage":"nl-NL","@id":"https:\/\/guiasdelpirineo.es\/nl\/#primaryimage","url":"https:\/\/guiasdelpirineo.es\/wp-content\/uploads\/2024\/05\/GUIAS-DEL-PIRINEO.jpg","contentUrl":"https:\/\/guiasdelpirineo.es\/wp-content\/uploads\/2024\/05\/GUIAS-DEL-PIRINEO.jpg","width":1289,"height":970},{"@type":"BreadcrumbList","@id":"https:\/\/guiasdelpirineo.es\/nl\/#breadcrumb","itemListElement":[{"@type":"ListItem","position":1,"name":"Portada","item":"https:\/\/guiasdelpirineo.es\/nl\/home\/"},{"@type":"ListItem","position":2,"name":"HOME"}]},{"@type":"WebSite","@id":"https:\/\/guiasdelpirineo.es\/nl\/#website","url":"https:\/\/guiasdelpirineo.es\/nl\/","name":"Cooperativa de Gu\u00edas del Pirineo","description":"Gu\u00edas de monta\u00f1a y barrancos","publisher":{"@id":"https:\/\/guiasdelpirineo.es\/nl\/#organization"},"potentialAction":[{"@type":"SearchAction","target":{"@type":"EntryPoint","urlTemplate":"https:\/\/guiasdelpirineo.es\/nl\/?s={search_term_string}"},"query-input":{"@type":"PropertyValueSpecification","valueRequired":true,"valueName":"search_term_string"}}],"inLanguage":"nl-NL"},{"@type":"Organization","@id":"https:\/\/guiasdelpirineo.es\/nl\/#organization","name":"Cooperativa de Gu\u00edas del Pirineo","url":"https:\/\/guiasdelpirineo.es\/nl\/","logo":{"@type":"ImageObject","inLanguage":"nl-NL","@id":"https:\/\/guiasdelpirineo.es\/nl\/#\/schema\/logo\/image\/","url":"https:\/\/guiasdelpirineo.es\/wp-content\/uploads\/2024\/02\/LOGO-FOOTER.svg","contentUrl":"https:\/\/guiasdelpirineo.es\/wp-content\/uploads\/2024\/02\/LOGO-FOOTER.svg","caption":"Cooperativa de Gu\u00edas del Pirineo"},"image":{"@id":"https:\/\/guiasdelpirineo.es\/nl\/#\/schema\/logo\/image\/"},"sameAs":["https:\/\/www.instagram.com\/guiasdelpirineo"]}]}},"_links":{"self":[{"href":"https:\/\/guiasdelpirineo.es\/nl\/wp-json\/wp\/v2\/pages\/9474","targetHints":{"allow":["GET"]}}],"collection":[{"href":"https:\/\/guiasdelpirineo.es\/nl\/wp-json\/wp\/v2\/pages"}],"about":[{"href":"https:\/\/guiasdelpirineo.es\/nl\/wp-json\/wp\/v2\/types\/page"}],"author":[{"embeddable":true,"href":"https:\/\/guiasdelpirineo.es\/nl\/wp-json\/wp\/v2\/users\/2"}],"replies":[{"embeddable":true,"href":"https:\/\/guiasdelpirineo.es\/nl\/wp-json\/wp\/v2\/comments?post=9474"}],"version-history":[{"count":22,"href":"https:\/\/guiasdelpirineo.es\/nl\/wp-json\/wp\/v2\/pages\/9474\/revisions"}],"predecessor-version":[{"id":9913,"href":"https:\/\/guiasdelpirineo.es\/nl\/wp-json\/wp\/v2\/pages\/9474\/revisions\/9913"}],"wp:featuredmedia":[{"embeddable":true,"href":"https:\/\/guiasdelpirineo.es\/nl\/wp-json\/wp\/v2\/media\/9486"}],"wp:attachment":[{"href":"https:\/\/guiasdelpirineo.es\/nl\/wp-json\/wp\/v2\/media?parent=9474"}],"curies":[{"name":"wp","href":"https:\/\/api.w.org\/{rel}","templated":true}]}}