{"id":9573,"date":"2025-02-20T10:36:52","date_gmt":"2025-02-20T09:36:52","guid":{"rendered":"https:\/\/guiasdelpirineo.es\/de-cooperatie\/"},"modified":"2026-01-31T17:15:11","modified_gmt":"2026-01-31T16:15:11","slug":"de-cooperatie","status":"publish","type":"page","link":"https:\/\/guiasdelpirineo.es\/nl\/de-cooperatie\/","title":{"rendered":"OVER ONS"},"content":{"rendered":"\t\t<div data-elementor-type=\"wp-page\" data-elementor-id=\"9573\" class=\"elementor elementor-9573 elementor-6326\" data-elementor-post-type=\"page\">\n\t\t\t\t<div class=\"elementor-element elementor-element-8a08a0e e-flex e-con-boxed e-con e-parent\" data-id=\"8a08a0e\" data-element_type=\"container\" data-e-type=\"container\" data-settings=\"{&quot;background_background&quot;:&quot;classic&quot;}\">\n\t\t\t\t\t<div class=\"e-con-inner\">\n\t\t\t\t<div class=\"elementor-element elementor-element-9f265cb elementor-widget__width-initial elementor-widget elementor-widget-image\" data-id=\"9f265cb\" data-element_type=\"widget\" data-e-type=\"widget\" data-settings=\"{&quot;_animation&quot;:&quot;none&quot;}\" data-widget_type=\"image.default\">\n\t\t\t\t<div class=\"elementor-widget-container\">\n\t\t\t\t\t\t\t\t\t\t\t\t\t\t\t<img fetchpriority=\"high\" decoding=\"async\" width=\"1504\" height=\"688\" src=\"https:\/\/guiasdelpirineo.es\/wp-content\/uploads\/2025\/02\/GUIAS.webp\" class=\"attachment-1536x1536 size-1536x1536 wp-image-9583\" alt=\"\" srcset=\"https:\/\/guiasdelpirineo.es\/wp-content\/uploads\/2025\/02\/GUIAS.webp 1504w, https:\/\/guiasdelpirineo.es\/wp-content\/uploads\/2025\/02\/GUIAS-300x137.webp 300w, https:\/\/guiasdelpirineo.es\/wp-content\/uploads\/2025\/02\/GUIAS-1024x468.webp 1024w, https:\/\/guiasdelpirineo.es\/wp-content\/uploads\/2025\/02\/GUIAS-768x351.webp 768w\" sizes=\"(max-width: 1504px) 100vw, 1504px\" \/>\t\t\t\t\t\t\t\t\t\t\t\t\t\t\t<\/div>\n\t\t\t\t<\/div>\n\t\t\t\t<div class=\"elementor-element elementor-element-75444ec e-transform elementor-widget-mobile__width-auto elementor-widget elementor-widget-heading\" data-id=\"75444ec\" data-element_type=\"widget\" data-e-type=\"widget\" data-settings=\"{&quot;_transform_rotateZ_effect&quot;:{&quot;unit&quot;:&quot;px&quot;,&quot;size&quot;:1,&quot;sizes&quot;:[]},&quot;_transform_rotateZ_effect_tablet&quot;:{&quot;unit&quot;:&quot;deg&quot;,&quot;size&quot;:&quot;&quot;,&quot;sizes&quot;:[]},&quot;_transform_rotateZ_effect_mobile&quot;:{&quot;unit&quot;:&quot;deg&quot;,&quot;size&quot;:&quot;&quot;,&quot;sizes&quot;:[]}}\" data-widget_type=\"heading.default\">\n\t\t\t\t<div class=\"elementor-widget-container\">\n\t\t\t\t\t<h1 class=\"elementor-heading-title elementor-size-default\">De Co\u00f6peratie<\/h1>\t\t\t\t<\/div>\n\t\t\t\t<\/div>\n\t\t\t\t\t<\/div>\n\t\t\t\t<\/div>\n\t\t<div class=\"elementor-element elementor-element-f045127 e-flex e-con-boxed e-con e-parent\" data-id=\"f045127\" data-element_type=\"container\" data-e-type=\"container\">\n\t\t\t\t\t<div class=\"e-con-inner\">\n\t\t\t\t<div class=\"elementor-element elementor-element-2b1dcb8 elementor-widget__width-initial elementor-widget-mobile__width-initial elementor-widget elementor-widget-text-editor\" data-id=\"2b1dcb8\" data-element_type=\"widget\" data-e-type=\"widget\" data-widget_type=\"text-editor.default\">\n\t\t\t\t<div class=\"elementor-widget-container\">\n\t\t\t\t\t\t\t\t\t<p><span style=\"font-weight: 400;\">Maak kennis met onze gidsen <\/span><\/p>\t\t\t\t\t\t\t\t<\/div>\n\t\t\t\t<\/div>\n\t\t\t\t<div class=\"elementor-element elementor-element-ce56421 elementor-widget__width-initial elementor-widget elementor-widget-text-editor\" data-id=\"ce56421\" data-element_type=\"widget\" data-e-type=\"widget\" data-widget_type=\"text-editor.default\">\n\t\t\t\t<div class=\"elementor-widget-container\">\n\t\t\t\t\t\t\t\t\t<p><span style=\"font-weight: 400;\">Een avontuur met de Cooperativa de Gu\u00edas del Pirineo betekent de Pyrenee\u00ebn ontdekken, veilig genieten van elke activiteit en leren van de natuurlijke omgeving \u2013 samen met gecertificeerde gidsen die houden van hun vak.<\/span><\/p><p><span style=\"font-weight: 400;\">We brengen een breed scala aan bergdisciplines samen, met kwalificaties in midden- en hooggebergte, rotsklimmen, ski\u00ebn, canyoning en natuureducatie. <\/span><\/p><p><span style=\"font-weight: 400;\">Maar wie zit er achter deze co\u00f6peratie? En misschien nog wel belangrijker: wie vergezelt jou op je avontuur in de bergen? We stellen je voor aan ons team van zeven.  <\/span><\/p>\t\t\t\t\t\t\t\t<\/div>\n\t\t\t\t<\/div>\n\t\t\t\t\t<\/div>\n\t\t\t\t<\/div>\n\t\t<div class=\"elementor-element elementor-element-e457441 e-flex e-con-boxed e-con e-parent\" data-id=\"e457441\" data-element_type=\"container\" data-e-type=\"container\" data-settings=\"{&quot;background_background&quot;:&quot;classic&quot;}\">\n\t\t\t\t\t<div class=\"e-con-inner\">\n\t\t<div class=\"elementor-element elementor-element-5abcbce e-con-full e-flex e-con e-child\" data-id=\"5abcbce\" data-element_type=\"container\" data-e-type=\"container\" data-settings=\"{&quot;background_background&quot;:&quot;classic&quot;}\">\n\t\t\t\t<div class=\"elementor-element elementor-element-93f3653 elementor-widget__width-initial elementor-widget-tablet__width-initial elementor-widget elementor-widget-image\" data-id=\"93f3653\" data-element_type=\"widget\" data-e-type=\"widget\" data-widget_type=\"image.default\">\n\t\t\t\t<div class=\"elementor-widget-container\">\n\t\t\t\t\t\t\t\t\t\t\t\t\t\t\t<img decoding=\"async\" width=\"800\" height=\"630\" src=\"https:\/\/guiasdelpirineo.es\/wp-content\/uploads\/2025\/02\/DIEGO-1024x806.webp\" class=\"attachment-large size-large wp-image-9574\" alt=\"\" srcset=\"https:\/\/guiasdelpirineo.es\/wp-content\/uploads\/2025\/02\/DIEGO-1024x806.webp 1024w, https:\/\/guiasdelpirineo.es\/wp-content\/uploads\/2025\/02\/DIEGO-300x236.webp 300w, https:\/\/guiasdelpirineo.es\/wp-content\/uploads\/2025\/02\/DIEGO-768x604.webp 768w, https:\/\/guiasdelpirineo.es\/wp-content\/uploads\/2025\/02\/DIEGO.webp 1080w\" sizes=\"(max-width: 800px) 100vw, 800px\" \/>\t\t\t\t\t\t\t\t\t\t\t\t\t\t\t<\/div>\n\t\t\t\t<\/div>\n\t\t<div class=\"elementor-element elementor-element-eac57a4 e-con-full e-flex e-con e-child\" data-id=\"eac57a4\" data-element_type=\"container\" data-e-type=\"container\">\n\t\t\t\t<div class=\"elementor-element elementor-element-f245599 elementor-widget elementor-widget-heading\" data-id=\"f245599\" data-element_type=\"widget\" data-e-type=\"widget\" data-widget_type=\"heading.default\">\n\t\t\t\t<div class=\"elementor-widget-container\">\n\t\t\t\t\t<h2 class=\"elementor-heading-title elementor-size-default\">DIEGO<\/h2>\t\t\t\t<\/div>\n\t\t\t\t<\/div>\n\t\t\t\t<div class=\"elementor-element elementor-element-23303c7 elementor-widget elementor-widget-heading\" data-id=\"23303c7\" data-element_type=\"widget\" data-e-type=\"widget\" data-widget_type=\"heading.default\">\n\t\t\t\t<div class=\"elementor-widget-container\">\n\t\t\t\t\t<h2 class=\"elementor-heading-title elementor-size-default\">Hooggebergte gids, Canyoninggids en Skileraar<\/h2>\t\t\t\t<\/div>\n\t\t\t\t<\/div>\n\t\t\t\t<\/div>\n\t\t\t\t<\/div>\n\t\t<div class=\"elementor-element elementor-element-63a5c5f e-con-full e-flex e-con e-child\" data-id=\"63a5c5f\" data-element_type=\"container\" data-e-type=\"container\">\n\t\t\t\t<div class=\"elementor-element elementor-element-0f1aff8 elementor-widget__width-initial elementor-widget elementor-widget-n-accordion\" data-id=\"0f1aff8\" data-element_type=\"widget\" data-e-type=\"widget\" data-settings=\"{&quot;default_state&quot;:&quot;all_collapsed&quot;,&quot;max_items_expended&quot;:&quot;one&quot;,&quot;n_accordion_animation_duration&quot;:{&quot;unit&quot;:&quot;ms&quot;,&quot;size&quot;:400,&quot;sizes&quot;:[]}}\" data-widget_type=\"nested-accordion.default\">\n\t\t\t\t<div class=\"elementor-widget-container\">\n\t\t\t\t\t\t\t<div class=\"e-n-accordion\" aria-label=\"Accordion. Open links with Enter or Space, close with Escape, and navigate with Arrow Keys\">\n\t\t\t\t\t\t<details id=\"e-n-accordion-item-1580\" class=\"e-n-accordion-item\" >\n\t\t\t\t<summary class=\"e-n-accordion-item-title\" data-accordion-index=\"1\" tabindex=\"0\" aria-expanded=\"false\" aria-controls=\"e-n-accordion-item-1580\" >\n\t\t\t\t\t<span class='e-n-accordion-item-title-header'><div class=\"e-n-accordion-item-title-text\"> MAAK KENNIS MET DIEGO <\/div><\/span>\n\t\t\t\t\t\t\t<span class='e-n-accordion-item-title-icon'>\n\t\t\t<span class='e-opened' ><i aria-hidden=\"true\" class=\"fas fa-minus\"><\/i><\/span>\n\t\t\t<span class='e-closed'><i aria-hidden=\"true\" class=\"fas fa-plus\"><\/i><\/span>\n\t\t<\/span>\n\n\t\t\t\t\t\t<\/summary>\n\t\t\t\t<div role=\"region\" aria-labelledby=\"e-n-accordion-item-1580\" class=\"elementor-element elementor-element-283e41b e-con-full e-flex e-con e-child\" data-id=\"283e41b\" data-element_type=\"container\" data-e-type=\"container\">\n\t\t\t\t<div class=\"elementor-element elementor-element-3eca24e elementor-widget elementor-widget-text-editor\" data-id=\"3eca24e\" data-element_type=\"widget\" data-e-type=\"widget\" data-widget_type=\"text-editor.default\">\n\t\t\t\t<div class=\"elementor-widget-container\">\n\t\t\t\t\t\t\t\t\t<p><strong>&#8220;Ik ben skileraar, canyongids en hooggebergte gids. Maar bovenal ben ik gepassioneerd door de bergen, het gidsen en het opleiden van anderen.In mijn werk probeer ik trouw te blijven aan de essentie van de bergen en aan alles wat zij mij door de jaren heen hebben geleerd: avontuur, betrokkenheid en vriendschap.&#8221; <\/strong><\/p><p><i><span style=\"font-weight: 400;\">Wat was de eerste berg die je beklom?<\/span><\/i><\/p><p><span style=\"font-weight: 400;\">Mijn eerste 3000 was de Petit Vignemale. Ik denk dat ik toen 12 jaar oud was, met mijn moeder en vader. Indrukwekkend! En mijn eerste noemenswaardige berg&#8230; Misschien dezelfde of een van de centrale zone van Spanje, in la Sierra de Gredos of Guadarrama.<br>Ik ben mijn hele leven al verbonden met de bergen, want mijn vader is een bergbeklimmer en mijn moeder is geboren en getogen in de bergen, in Bielsa.  <\/span><\/p><p><i><span style=\"font-weight: 400;\">Wat is het leukste moment dat je in de bergen hebt meegemaakt?<\/span><\/i><\/p><p><span style=\"font-weight: 400;\">Ik heb ontelbaar veel mooie momenten in de bergen meegemaakt, waardoor kiezen bijna onmogelijk is. In de Galayos en de Pedriza heb ik talloze dagen en nachten doorgebracht, met herinneringen die extra bijzonder zijn gebleven, juist omdat alles daar nieuw en ontdekkend voelde. <\/span><\/p><p><i><span style=\"font-weight: 400;\">Welk gebied van de Pyrenee\u00ebn zou je aanraden aan iemand die verliefd wil worden op haar natuur?<\/span><\/i><\/p><p><span style=\"font-weight: 400;\">De Sobrarbe is over het algemeen heel bijzonder. Vooral het Cotiella massief in de winter vind ik geweldig, het is erg afgelegen en wild. In de zomer zou ik denken aan de imposante noordwand van het Vignemale-massief of een hike richting de Estiva, in de Pineta-vallei met de noordwand van de Monte Perdido als decor, adembenemend.<\/span><\/p><p><i><span style=\"font-weight: 400;\">Welk dier van de Pyrenee\u00ebn inspireert je en waarom?<\/span><\/i><\/p><p><span style=\"font-weight: 400;\">De Pyrenese gems, zonder twijfel. Ze hebben een ongelooflijk evenwicht tussen kracht, snelheid en behendigheid. <\/span><\/p><p><i><span style=\"font-weight: 400;\">Wat is volgens jou het belangrijkste dat iemand in de bergen leert?<\/span><\/i><\/p><p>Voor mij draait het om vriendschap en betrokkenheid; met de mensen met wie je op pad gaat \u00e9n met de omgeving. Wanneer je samen met je touwpartners intensieve en\/of prachtige ervaringen beleeft, ontstaan er bijzondere banden, zowel met elkaar als met de bergen.<br> <\/p>\t\t\t\t\t\t\t\t<\/div>\n\t\t\t\t<\/div>\n\t\t\t\t<\/div>\n\t\t\t\t\t<\/details>\n\t\t\t\t\t<\/div>\n\t\t\t\t\t\t<\/div>\n\t\t\t\t<\/div>\n\t\t\t\t<\/div>\n\t\t\t\t\t<\/div>\n\t\t\t\t<\/div>\n\t\t<div class=\"elementor-element elementor-element-2df8518 e-flex e-con-boxed e-con e-parent\" data-id=\"2df8518\" data-element_type=\"container\" data-e-type=\"container\" data-settings=\"{&quot;background_background&quot;:&quot;classic&quot;}\">\n\t\t\t\t\t<div class=\"e-con-inner\">\n\t\t<div class=\"elementor-element elementor-element-9cfb31e e-con-full e-flex e-con e-child\" data-id=\"9cfb31e\" data-element_type=\"container\" data-e-type=\"container\" data-settings=\"{&quot;background_background&quot;:&quot;classic&quot;}\">\n\t\t\t\t<div class=\"elementor-element elementor-element-fc206c9 elementor-widget__width-initial elementor-widget-tablet__width-initial elementor-widget elementor-widget-image\" data-id=\"fc206c9\" data-element_type=\"widget\" data-e-type=\"widget\" data-widget_type=\"image.default\">\n\t\t\t\t<div class=\"elementor-widget-container\">\n\t\t\t\t\t\t\t\t\t\t\t\t\t\t\t<img decoding=\"async\" width=\"800\" height=\"630\" src=\"https:\/\/guiasdelpirineo.es\/wp-content\/uploads\/2025\/03\/Alfonso_Miembro-Guias-del-Pirineo2-1-1024x806.webp\" class=\"attachment-large size-large wp-image-9585\" alt=\"\" srcset=\"https:\/\/guiasdelpirineo.es\/wp-content\/uploads\/2025\/03\/Alfonso_Miembro-Guias-del-Pirineo2-1-1024x806.webp 1024w, https:\/\/guiasdelpirineo.es\/wp-content\/uploads\/2025\/03\/Alfonso_Miembro-Guias-del-Pirineo2-1-300x236.webp 300w, https:\/\/guiasdelpirineo.es\/wp-content\/uploads\/2025\/03\/Alfonso_Miembro-Guias-del-Pirineo2-1-768x604.webp 768w, https:\/\/guiasdelpirineo.es\/wp-content\/uploads\/2025\/03\/Alfonso_Miembro-Guias-del-Pirineo2-1.webp 1080w\" sizes=\"(max-width: 800px) 100vw, 800px\" \/>\t\t\t\t\t\t\t\t\t\t\t\t\t\t\t<\/div>\n\t\t\t\t<\/div>\n\t\t<div class=\"elementor-element elementor-element-b1c70fa e-con-full e-flex e-con e-child\" data-id=\"b1c70fa\" data-element_type=\"container\" data-e-type=\"container\">\n\t\t\t\t<div class=\"elementor-element elementor-element-df9b6b2 elementor-widget elementor-widget-heading\" data-id=\"df9b6b2\" data-element_type=\"widget\" data-e-type=\"widget\" data-widget_type=\"heading.default\">\n\t\t\t\t<div class=\"elementor-widget-container\">\n\t\t\t\t\t<h2 class=\"elementor-heading-title elementor-size-default\">ALFONSO<\/h2>\t\t\t\t<\/div>\n\t\t\t\t<\/div>\n\t\t\t\t<div class=\"elementor-element elementor-element-d768157 elementor-widget elementor-widget-heading\" data-id=\"d768157\" data-element_type=\"widget\" data-e-type=\"widget\" data-widget_type=\"heading.default\">\n\t\t\t\t<div class=\"elementor-widget-container\">\n\t\t\t\t\t<h2 class=\"elementor-heading-title elementor-size-default\">Klim-, Canyoning- en berggids<\/h2>\t\t\t\t<\/div>\n\t\t\t\t<\/div>\n\t\t\t\t<\/div>\n\t\t\t\t<\/div>\n\t\t<div class=\"elementor-element elementor-element-1b4c162 e-con-full e-flex e-con e-child\" data-id=\"1b4c162\" data-element_type=\"container\" data-e-type=\"container\">\n\t\t\t\t<div class=\"elementor-element elementor-element-58215d2 elementor-widget__width-initial elementor-widget elementor-widget-n-accordion\" data-id=\"58215d2\" data-element_type=\"widget\" data-e-type=\"widget\" data-settings=\"{&quot;default_state&quot;:&quot;all_collapsed&quot;,&quot;max_items_expended&quot;:&quot;one&quot;,&quot;n_accordion_animation_duration&quot;:{&quot;unit&quot;:&quot;ms&quot;,&quot;size&quot;:400,&quot;sizes&quot;:[]}}\" data-widget_type=\"nested-accordion.default\">\n\t\t\t\t<div class=\"elementor-widget-container\">\n\t\t\t\t\t\t\t<div class=\"e-n-accordion\" aria-label=\"Accordion. Open links with Enter or Space, close with Escape, and navigate with Arrow Keys\">\n\t\t\t\t\t\t<details id=\"e-n-accordion-item-9240\" class=\"e-n-accordion-item\" >\n\t\t\t\t<summary class=\"e-n-accordion-item-title\" data-accordion-index=\"1\" tabindex=\"0\" aria-expanded=\"false\" aria-controls=\"e-n-accordion-item-9240\" >\n\t\t\t\t\t<span class='e-n-accordion-item-title-header'><div class=\"e-n-accordion-item-title-text\"> MAAK KENNIS MET ALFONSO <\/div><\/span>\n\t\t\t\t\t\t\t<span class='e-n-accordion-item-title-icon'>\n\t\t\t<span class='e-opened' ><i aria-hidden=\"true\" class=\"fas fa-minus\"><\/i><\/span>\n\t\t\t<span class='e-closed'><i aria-hidden=\"true\" class=\"fas fa-plus\"><\/i><\/span>\n\t\t<\/span>\n\n\t\t\t\t\t\t<\/summary>\n\t\t\t\t<div role=\"region\" aria-labelledby=\"e-n-accordion-item-9240\" class=\"elementor-element elementor-element-15067ea e-con-full e-flex e-con e-child\" data-id=\"15067ea\" data-element_type=\"container\" data-e-type=\"container\">\n\t\t\t\t<div class=\"elementor-element elementor-element-587d222 elementor-widget elementor-widget-text-editor\" data-id=\"587d222\" data-element_type=\"widget\" data-e-type=\"widget\" data-widget_type=\"text-editor.default\">\n\t\t\t\t<div class=\"elementor-widget-container\">\n\t\t\t\t\t\t\t\t\t<p><strong>\u2018\u2019Ik heb een passie voor het begeleiden van historische routes, waarin de geest van de eerste Pyrenee\u00ebn-beklimmers nog voelbaar is. Voor mij is klimmen een manier om de natuur te beleven; opleiding en training zorgen voor veiligheid, helpen grenzen te verleggen en laten ons groeien. Omringd door waarden als inzet, zelfoverwinning, kameraadschap en doorzettingsvermogen. Klimmen helpt ons betere mensen te worden.\u201d  <\/strong><\/p>\n<p><i><span style=\"font-weight: 400;\">\u2060Welk bergproject zou je willen realiseren?<\/span><\/i><\/p>\n<p><span style=\"font-weight: 400;\">\u2060De westwand van Gashembrum IV. Een berg van 7.925m (bijna 8.000m). Die helling staat bekend als &#8220;De Stralende Muur&#8221; vanwege de kleur die hij bij zonsondergang krijgt. Voor mij is het een geometrisch perfecte, sobere en elegante berg. Het ligt in de Karak\u00f3rum, Pakistan.     <\/span><\/p>\n<p><i><span style=\"font-weight: 400;\">Welk gebied van de Pyrenee\u00ebn zou je aanraden aan iemand die verliefd wil worden op haar natuur?<\/span><\/i><\/p>\n<p><span style=\"font-weight: 400;\">In de Pyrenee\u00ebn ontstaat liefde op het eerste gezicht vanzelf. Of je nu wandelt rond het indrukwekkende Monte Perdido-massief, kennismaakt met het traditionele leven in de Chistau-vallei of de diepten van de A\u00f1isclo-kloof verkent, deze plek wekt een oprechte liefde voor de natuur en het wilde leven.  <\/span><\/p>\n<p><i><span style=\"font-weight: 400;\">Welk dier van de Pyrenee\u00ebn inspireert je en waarom?<\/span><\/i><\/p>\n<p><span style=\"font-weight: 400;\">Zonder twijfel de lammergier, een symbool van de goede gezondheid van deze bergen. Hij is het levende bewijs dat een soort die nog maar enkele decennia geleden op de rand van uitsterven stond, zich dankzij educatie en toegewijde inspanningen kan herstellen. Uniek, mysterieus en elegant staat hij als wachter over deze bergen. <\/span><\/p>\n<p><i><span style=\"font-weight: 400;\">Wat is volgens jou het belangrijkste dat iemand in de bergen leert?<\/span><\/i><\/p>\n<p><span style=\"font-weight: 400;\">De waarde van inspanning, respect voor het milieu, zorg voor de omgeving voor degenen die na ons komen, kameraadschap&#8230;. De bergen zijn het beste scenario om zonder haast, met aandacht van de natuurlijke schoonheid te genieten. In een wereld die zo snel draait, is het essentieel om af en toe te stil te staan en terug te keren naar onze wortels, de ongerepte natuur; waar we vandaan komen.  <\/span><\/p>\t\t\t\t\t\t\t\t<\/div>\n\t\t\t\t<\/div>\n\t\t\t\t<\/div>\n\t\t\t\t\t<\/details>\n\t\t\t\t\t<\/div>\n\t\t\t\t\t\t<\/div>\n\t\t\t\t<\/div>\n\t\t\t\t<\/div>\n\t\t\t\t\t<\/div>\n\t\t\t\t<\/div>\n\t\t<div class=\"elementor-element elementor-element-2694ec4 e-flex e-con-boxed e-con e-parent\" data-id=\"2694ec4\" data-element_type=\"container\" data-e-type=\"container\" data-settings=\"{&quot;background_background&quot;:&quot;classic&quot;}\">\n\t\t\t\t\t<div class=\"e-con-inner\">\n\t\t<div class=\"elementor-element elementor-element-fc17e9e e-con-full e-flex e-con e-child\" data-id=\"fc17e9e\" data-element_type=\"container\" data-e-type=\"container\" data-settings=\"{&quot;background_background&quot;:&quot;classic&quot;}\">\n\t\t\t\t<div class=\"elementor-element elementor-element-dddcf20 elementor-widget__width-initial elementor-widget-tablet__width-initial elementor-widget elementor-widget-image\" data-id=\"dddcf20\" data-element_type=\"widget\" data-e-type=\"widget\" data-widget_type=\"image.default\">\n\t\t\t\t<div class=\"elementor-widget-container\">\n\t\t\t\t\t\t\t\t\t\t\t\t\t\t\t<img loading=\"lazy\" decoding=\"async\" width=\"800\" height=\"630\" src=\"https:\/\/guiasdelpirineo.es\/wp-content\/uploads\/2025\/02\/ELENA-1024x806.webp\" class=\"attachment-large size-large wp-image-9576\" alt=\"\" srcset=\"https:\/\/guiasdelpirineo.es\/wp-content\/uploads\/2025\/02\/ELENA-1024x806.webp 1024w, https:\/\/guiasdelpirineo.es\/wp-content\/uploads\/2025\/02\/ELENA-300x236.webp 300w, https:\/\/guiasdelpirineo.es\/wp-content\/uploads\/2025\/02\/ELENA-768x604.webp 768w, https:\/\/guiasdelpirineo.es\/wp-content\/uploads\/2025\/02\/ELENA.webp 1080w\" sizes=\"(max-width: 800px) 100vw, 800px\" \/>\t\t\t\t\t\t\t\t\t\t\t\t\t\t\t<\/div>\n\t\t\t\t<\/div>\n\t\t<div class=\"elementor-element elementor-element-aaf0ed1 e-con-full e-flex e-con e-child\" data-id=\"aaf0ed1\" data-element_type=\"container\" data-e-type=\"container\">\n\t\t\t\t<div class=\"elementor-element elementor-element-0441ece elementor-widget elementor-widget-heading\" data-id=\"0441ece\" data-element_type=\"widget\" data-e-type=\"widget\" data-widget_type=\"heading.default\">\n\t\t\t\t<div class=\"elementor-widget-container\">\n\t\t\t\t\t<h2 class=\"elementor-heading-title elementor-size-default\">ELENA<\/h2>\t\t\t\t<\/div>\n\t\t\t\t<\/div>\n\t\t\t\t<div class=\"elementor-element elementor-element-27fbaf1 elementor-widget elementor-widget-heading\" data-id=\"27fbaf1\" data-element_type=\"widget\" data-e-type=\"widget\" data-widget_type=\"heading.default\">\n\t\t\t\t<div class=\"elementor-widget-container\">\n\t\t\t\t\t<h2 class=\"elementor-heading-title elementor-size-default\">Co\u00f6rdinator en Teamleider klantenservice<\/h2>\t\t\t\t<\/div>\n\t\t\t\t<\/div>\n\t\t\t\t<\/div>\n\t\t\t\t<\/div>\n\t\t<div class=\"elementor-element elementor-element-2d731e1 e-con-full e-flex e-con e-child\" data-id=\"2d731e1\" data-element_type=\"container\" data-e-type=\"container\">\n\t\t\t\t<div class=\"elementor-element elementor-element-0824320 elementor-widget__width-initial elementor-widget elementor-widget-n-accordion\" data-id=\"0824320\" data-element_type=\"widget\" data-e-type=\"widget\" data-settings=\"{&quot;default_state&quot;:&quot;all_collapsed&quot;,&quot;max_items_expended&quot;:&quot;one&quot;,&quot;n_accordion_animation_duration&quot;:{&quot;unit&quot;:&quot;ms&quot;,&quot;size&quot;:400,&quot;sizes&quot;:[]}}\" data-widget_type=\"nested-accordion.default\">\n\t\t\t\t<div class=\"elementor-widget-container\">\n\t\t\t\t\t\t\t<div class=\"e-n-accordion\" aria-label=\"Accordion. Open links with Enter or Space, close with Escape, and navigate with Arrow Keys\">\n\t\t\t\t\t\t<details id=\"e-n-accordion-item-8530\" class=\"e-n-accordion-item\" >\n\t\t\t\t<summary class=\"e-n-accordion-item-title\" data-accordion-index=\"1\" tabindex=\"0\" aria-expanded=\"false\" aria-controls=\"e-n-accordion-item-8530\" >\n\t\t\t\t\t<span class='e-n-accordion-item-title-header'><div class=\"e-n-accordion-item-title-text\"> MAAK KENNIS MET ELENA <\/div><\/span>\n\t\t\t\t\t\t\t<span class='e-n-accordion-item-title-icon'>\n\t\t\t<span class='e-opened' ><i aria-hidden=\"true\" class=\"fas fa-minus\"><\/i><\/span>\n\t\t\t<span class='e-closed'><i aria-hidden=\"true\" class=\"fas fa-plus\"><\/i><\/span>\n\t\t<\/span>\n\n\t\t\t\t\t\t<\/summary>\n\t\t\t\t<div role=\"region\" aria-labelledby=\"e-n-accordion-item-8530\" class=\"elementor-element elementor-element-4a3d9ed e-con-full e-flex e-con e-child\" data-id=\"4a3d9ed\" data-element_type=\"container\" data-e-type=\"container\">\n\t\t\t\t<div class=\"elementor-element elementor-element-e0c7294 elementor-widget elementor-widget-text-editor\" data-id=\"e0c7294\" data-element_type=\"widget\" data-e-type=\"widget\" data-widget_type=\"text-editor.default\">\n\t\t\t\t<div class=\"elementor-widget-container\">\n\t\t\t\t\t\t\t\t\t<p><strong>\u2018\u2019Ik wist altijd al dat ik mijn thuis in de bergen zou vinden, maar ik had nooit verwacht dat ik zo\u2019n diepe liefde voor ze zou voelen. Het leven gaat hier in een rustiger tempo, en elk moment is er om van te genieten. Ik vind het geweldig om mijn passie te delen en elke gast de Pyrenee\u00ebn te laten ontdekken op een manier die hen keer op keer terug wil laten komen.\u201d  <\/strong><\/p>\n<p><i><span style=\"font-weight: 400;\">Heb je een speciaal ritueel voordat je aan een route\/activiteit begint? <\/span><\/i><\/p>\n<p><span style=\"font-weight: 400;\">Ik weet niet precies waarom, maar ik tel de stappen die ik zet, al sinds ik klein ben. <\/span><\/p>\n<p><i><span style=\"font-weight: 400;\">Heb je een aanbeveling voor een boek of een film over de bergen? <\/span><\/i><\/p>\n<p><span style=\"font-weight: 400;\">Meru: odyssee in de Himalaya<\/span><\/p>\n<p><i><span style=\"font-weight: 400;\">\u2060Welk dier van de Pyrenee\u00ebn inspireert je en waarom? <\/span><\/i><\/p>\n<p><span style=\"font-weight: 400;\">Het schaap, omdat het me heeft geholpen om de bergen te zien vanuit het perspectief van de mensen die in de bergen wonen. <\/span><\/p>\n<p><i><span style=\"font-weight: 400;\">\u2060Wat is volgens jou het belangrijkste dat iemand in de bergen leert? <\/span><\/i><\/p>\n<p><span style=\"font-weight: 400;\">Weten wanneer je moet omkeren, en dat niet te zien als opgeven, maar als een kans om op een later moment terug te komen.<\/span><\/p>\n<p><i><span style=\"font-weight: 400;\">\u2060Is er een verhaal of legende uit de Pyrenee\u00ebn die je altijd graag deelt met degenen die je vergezellen? <\/span><\/i><\/p>\n<p><span style=\"font-weight: 400;\">De legende vertelt dat het dorp San Juan de Plan ooit verhuisde om te ontsnappen aan de Lacuercos, mythologische wezens die op slangen leken. Er werd gezegd dat deze wezens van moedermelk leefden, waardoor moeders vergiftigd raakten en kinderen zwak en ondervoed achterbleven. De waarheid? Het dorp is daadwerkelijk verhuisd, en adders leven nog steeds in het gebied, maar de echte reden blijft een mysterie&#8230; <\/span><\/p>\t\t\t\t\t\t\t\t<\/div>\n\t\t\t\t<\/div>\n\t\t\t\t<\/div>\n\t\t\t\t\t<\/details>\n\t\t\t\t\t<\/div>\n\t\t\t\t\t\t<\/div>\n\t\t\t\t<\/div>\n\t\t\t\t<\/div>\n\t\t\t\t\t<\/div>\n\t\t\t\t<\/div>\n\t\t<div class=\"elementor-element elementor-element-680e615 e-flex e-con-boxed e-con e-parent\" data-id=\"680e615\" data-element_type=\"container\" data-e-type=\"container\" data-settings=\"{&quot;background_background&quot;:&quot;classic&quot;}\">\n\t\t\t\t\t<div class=\"e-con-inner\">\n\t\t<div class=\"elementor-element elementor-element-a29ed74 e-con-full e-flex e-con e-child\" data-id=\"a29ed74\" data-element_type=\"container\" data-e-type=\"container\" data-settings=\"{&quot;background_background&quot;:&quot;classic&quot;}\">\n\t\t<div class=\"elementor-element elementor-element-e6450b4 e-con-full e-flex e-con e-child\" data-id=\"e6450b4\" data-element_type=\"container\" data-e-type=\"container\">\n\t\t\t\t<div class=\"elementor-element elementor-element-57577aa elementor-widget elementor-widget-heading\" data-id=\"57577aa\" data-element_type=\"widget\" data-e-type=\"widget\" data-widget_type=\"heading.default\">\n\t\t\t\t<div class=\"elementor-widget-container\">\n\t\t\t\t\t<h2 class=\"elementor-heading-title elementor-size-default\">JORGE<\/h2>\t\t\t\t<\/div>\n\t\t\t\t<\/div>\n\t\t\t\t<div class=\"elementor-element elementor-element-8ebe947 elementor-widget elementor-widget-heading\" data-id=\"8ebe947\" data-element_type=\"widget\" data-e-type=\"widget\" data-widget_type=\"heading.default\">\n\t\t\t\t<div class=\"elementor-widget-container\">\n\t\t\t\t\t<h2 class=\"elementor-heading-title elementor-size-default\">Hooggebergtegids, Canyoning- en Klimgids<\/h2>\t\t\t\t<\/div>\n\t\t\t\t<\/div>\n\t\t\t\t<\/div>\n\t\t\t\t<div class=\"elementor-element elementor-element-e6b16a5 elementor-widget__width-initial elementor-widget-tablet__width-initial elementor-widget elementor-widget-image\" data-id=\"e6b16a5\" data-element_type=\"widget\" data-e-type=\"widget\" data-widget_type=\"image.default\">\n\t\t\t\t<div class=\"elementor-widget-container\">\n\t\t\t\t\t\t\t\t\t\t\t\t\t\t\t<img loading=\"lazy\" decoding=\"async\" width=\"800\" height=\"630\" src=\"https:\/\/guiasdelpirineo.es\/wp-content\/uploads\/2025\/03\/Jorge_Miembro-Guias-del-Pirineo-1-1-1024x806.webp\" class=\"attachment-large size-large wp-image-9586\" alt=\"\" srcset=\"https:\/\/guiasdelpirineo.es\/wp-content\/uploads\/2025\/03\/Jorge_Miembro-Guias-del-Pirineo-1-1-1024x806.webp 1024w, https:\/\/guiasdelpirineo.es\/wp-content\/uploads\/2025\/03\/Jorge_Miembro-Guias-del-Pirineo-1-1-300x236.webp 300w, https:\/\/guiasdelpirineo.es\/wp-content\/uploads\/2025\/03\/Jorge_Miembro-Guias-del-Pirineo-1-1-768x604.webp 768w, https:\/\/guiasdelpirineo.es\/wp-content\/uploads\/2025\/03\/Jorge_Miembro-Guias-del-Pirineo-1-1.webp 1080w\" sizes=\"(max-width: 800px) 100vw, 800px\" \/>\t\t\t\t\t\t\t\t\t\t\t\t\t\t\t<\/div>\n\t\t\t\t<\/div>\n\t\t\t\t<\/div>\n\t\t<div class=\"elementor-element elementor-element-0fa4f7a e-con-full e-flex e-con e-child\" data-id=\"0fa4f7a\" data-element_type=\"container\" data-e-type=\"container\">\n\t\t\t\t<div class=\"elementor-element elementor-element-a3de624 elementor-widget__width-initial elementor-widget elementor-widget-n-accordion\" data-id=\"a3de624\" data-element_type=\"widget\" data-e-type=\"widget\" data-settings=\"{&quot;default_state&quot;:&quot;all_collapsed&quot;,&quot;max_items_expended&quot;:&quot;one&quot;,&quot;n_accordion_animation_duration&quot;:{&quot;unit&quot;:&quot;ms&quot;,&quot;size&quot;:400,&quot;sizes&quot;:[]}}\" data-widget_type=\"nested-accordion.default\">\n\t\t\t\t<div class=\"elementor-widget-container\">\n\t\t\t\t\t\t\t<div class=\"e-n-accordion\" aria-label=\"Accordion. Open links with Enter or Space, close with Escape, and navigate with Arrow Keys\">\n\t\t\t\t\t\t<details id=\"e-n-accordion-item-1710\" class=\"e-n-accordion-item\" >\n\t\t\t\t<summary class=\"e-n-accordion-item-title\" data-accordion-index=\"1\" tabindex=\"0\" aria-expanded=\"false\" aria-controls=\"e-n-accordion-item-1710\" >\n\t\t\t\t\t<span class='e-n-accordion-item-title-header'><div class=\"e-n-accordion-item-title-text\"> MAAK KENNIS MET JORGE <\/div><\/span>\n\t\t\t\t\t\t\t<span class='e-n-accordion-item-title-icon'>\n\t\t\t<span class='e-opened' ><i aria-hidden=\"true\" class=\"fas fa-minus\"><\/i><\/span>\n\t\t\t<span class='e-closed'><i aria-hidden=\"true\" class=\"fas fa-plus\"><\/i><\/span>\n\t\t<\/span>\n\n\t\t\t\t\t\t<\/summary>\n\t\t\t\t<div role=\"region\" aria-labelledby=\"e-n-accordion-item-1710\" class=\"elementor-element elementor-element-bf4dc42 e-con-full e-flex e-con e-child\" data-id=\"bf4dc42\" data-element_type=\"container\" data-e-type=\"container\">\n\t\t\t\t<div class=\"elementor-element elementor-element-8116973 elementor-widget elementor-widget-text-editor\" data-id=\"8116973\" data-element_type=\"widget\" data-e-type=\"widget\" data-widget_type=\"text-editor.default\">\n\t\t\t\t<div class=\"elementor-widget-container\">\n\t\t\t\t\t\t\t\t\t<p><strong>\u2018\u2019Ik hou van mijn werk om drie simpele redenen. Ten eerste omdat het plaatsvindt in de natuur; een omgeving die rust en welzijn brengt, en die verandert in ieder seizoen. Ten tweede omdat ik kan werken met mensen van allerlei achtergronden, persoonlijkheden en motivaties, wat vanzelf verbindingen cre\u00ebert. En ten derde het voorrecht om kennis, ervaring en veiligheid over te brengen, iets waar ik veel voldoening uit haal wanneer mensen komen met nieuwsgierigheid en de wil om te leren.\u2019\u2019<\/strong><\/p>\n<p><i><span style=\"font-weight: 400;\">\u2060Wat was de eerste berg die je beklom? <\/span><\/i><\/p>\n<p><span style=\"font-weight: 400;\">De Pe\u00f1a Monta\u00f1esa, in de regio Sobrarbe. Een icoon van het gebied. <\/span><\/p>\n<p><i><span style=\"font-weight: 400;\">Welk object ontbreekt nooit in je rugzak tijdens een activiteit? <\/span><\/i><\/p>\n<p><span style=\"font-weight: 400;\">Een jas.<\/span><\/p>\n<p><i><span style=\"font-weight: 400;\">\u2060Welk gebied van de Pyrenee\u00ebn zou je aanraden aan iemand die verliefd wil worden op haar natuur? <\/span><\/i><\/p>\n<p><span style=\"font-weight: 400;\">Oulettes de Gaube, met de noordwand van de Vignemale ertegenover, is een overweldigende plek.<\/span><\/p>\n<p><i><span style=\"font-weight: 400;\">Wat is volgens jou het belangrijkste dat iemand in de bergen leert?<\/span><\/i><\/p>\n<p><span style=\"font-weight: 400;\">Respect voor de natuur.<\/span><\/p>\n<p><i><span style=\"font-weight: 400;\">\u2060Welk bergproject zou je willen realiseren? <\/span><\/i><\/p>\n<p><span style=\"font-weight: 400;\">De Cerro Torre, in Patagoni\u00eb, Argentini\u00eb.<\/span><\/p>\t\t\t\t\t\t\t\t<\/div>\n\t\t\t\t<\/div>\n\t\t\t\t<\/div>\n\t\t\t\t\t<\/details>\n\t\t\t\t\t<\/div>\n\t\t\t\t\t\t<\/div>\n\t\t\t\t<\/div>\n\t\t\t\t<\/div>\n\t\t\t\t\t<\/div>\n\t\t\t\t<\/div>\n\t\t<div class=\"elementor-element elementor-element-483e5b7 e-flex e-con-boxed e-con e-parent\" data-id=\"483e5b7\" data-element_type=\"container\" data-e-type=\"container\" data-settings=\"{&quot;background_background&quot;:&quot;classic&quot;}\">\n\t\t\t\t\t<div class=\"e-con-inner\">\n\t\t<div class=\"elementor-element elementor-element-a70ad61 e-con-full e-flex e-con e-child\" data-id=\"a70ad61\" data-element_type=\"container\" data-e-type=\"container\" data-settings=\"{&quot;background_background&quot;:&quot;classic&quot;}\">\n\t\t<div class=\"elementor-element elementor-element-12ae908 e-con-full e-flex e-con e-child\" data-id=\"12ae908\" data-element_type=\"container\" data-e-type=\"container\">\n\t\t\t\t<div class=\"elementor-element elementor-element-d333e66 elementor-widget elementor-widget-heading\" data-id=\"d333e66\" data-element_type=\"widget\" data-e-type=\"widget\" data-widget_type=\"heading.default\">\n\t\t\t\t<div class=\"elementor-widget-container\">\n\t\t\t\t\t<h2 class=\"elementor-heading-title elementor-size-default\">LARA<\/h2>\t\t\t\t<\/div>\n\t\t\t\t<\/div>\n\t\t\t\t<div class=\"elementor-element elementor-element-a0c684c elementor-widget elementor-widget-heading\" data-id=\"a0c684c\" data-element_type=\"widget\" data-e-type=\"widget\" data-widget_type=\"heading.default\">\n\t\t\t\t<div class=\"elementor-widget-container\">\n\t\t\t\t\t<h2 class=\"elementor-heading-title elementor-size-default\">Berggids en Communicatiemanager<\/h2>\t\t\t\t<\/div>\n\t\t\t\t<\/div>\n\t\t\t\t<\/div>\n\t\t\t\t<div class=\"elementor-element elementor-element-f43ebc3 elementor-widget__width-initial elementor-widget-tablet__width-initial elementor-widget elementor-widget-image\" data-id=\"f43ebc3\" data-element_type=\"widget\" data-e-type=\"widget\" data-widget_type=\"image.default\">\n\t\t\t\t<div class=\"elementor-widget-container\">\n\t\t\t\t\t\t\t\t\t\t\t\t\t\t\t<img loading=\"lazy\" decoding=\"async\" width=\"800\" height=\"630\" src=\"https:\/\/guiasdelpirineo.es\/wp-content\/uploads\/2025\/02\/LARA-1024x806.webp\" class=\"attachment-large size-large wp-image-9578\" alt=\"\" srcset=\"https:\/\/guiasdelpirineo.es\/wp-content\/uploads\/2025\/02\/LARA-1024x806.webp 1024w, https:\/\/guiasdelpirineo.es\/wp-content\/uploads\/2025\/02\/LARA-300x236.webp 300w, https:\/\/guiasdelpirineo.es\/wp-content\/uploads\/2025\/02\/LARA-768x604.webp 768w, https:\/\/guiasdelpirineo.es\/wp-content\/uploads\/2025\/02\/LARA.webp 1080w\" sizes=\"(max-width: 800px) 100vw, 800px\" \/>\t\t\t\t\t\t\t\t\t\t\t\t\t\t\t<\/div>\n\t\t\t\t<\/div>\n\t\t\t\t<\/div>\n\t\t<div class=\"elementor-element elementor-element-4ed17e7 e-con-full e-flex e-con e-child\" data-id=\"4ed17e7\" data-element_type=\"container\" data-e-type=\"container\">\n\t\t\t\t<div class=\"elementor-element elementor-element-209afd9 elementor-widget__width-initial elementor-widget elementor-widget-n-accordion\" data-id=\"209afd9\" data-element_type=\"widget\" data-e-type=\"widget\" data-settings=\"{&quot;default_state&quot;:&quot;all_collapsed&quot;,&quot;max_items_expended&quot;:&quot;one&quot;,&quot;n_accordion_animation_duration&quot;:{&quot;unit&quot;:&quot;ms&quot;,&quot;size&quot;:400,&quot;sizes&quot;:[]}}\" data-widget_type=\"nested-accordion.default\">\n\t\t\t\t<div class=\"elementor-widget-container\">\n\t\t\t\t\t\t\t<div class=\"e-n-accordion\" aria-label=\"Accordion. Open links with Enter or Space, close with Escape, and navigate with Arrow Keys\">\n\t\t\t\t\t\t<details id=\"e-n-accordion-item-3410\" class=\"e-n-accordion-item\" >\n\t\t\t\t<summary class=\"e-n-accordion-item-title\" data-accordion-index=\"1\" tabindex=\"0\" aria-expanded=\"false\" aria-controls=\"e-n-accordion-item-3410\" >\n\t\t\t\t\t<span class='e-n-accordion-item-title-header'><div class=\"e-n-accordion-item-title-text\"> MAAK KENNIS MET LARA <\/div><\/span>\n\t\t\t\t\t\t\t<span class='e-n-accordion-item-title-icon'>\n\t\t\t<span class='e-opened' ><i aria-hidden=\"true\" class=\"fas fa-minus\"><\/i><\/span>\n\t\t\t<span class='e-closed'><i aria-hidden=\"true\" class=\"fas fa-plus\"><\/i><\/span>\n\t\t<\/span>\n\n\t\t\t\t\t\t<\/summary>\n\t\t\t\t<div role=\"region\" aria-labelledby=\"e-n-accordion-item-3410\" class=\"elementor-element elementor-element-195a8ce e-con-full e-flex e-con e-child\" data-id=\"195a8ce\" data-element_type=\"container\" data-e-type=\"container\">\n\t\t\t\t<div class=\"elementor-element elementor-element-9a1c914 elementor-widget elementor-widget-text-editor\" data-id=\"9a1c914\" data-element_type=\"widget\" data-e-type=\"widget\" data-widget_type=\"text-editor.default\">\n\t\t\t\t<div class=\"elementor-widget-container\">\n\t\t\t\t\t\t\t\t\t<p><strong>\u2018\u2019Wat maken de bergen je klein, en wat zijn de emoties die je er voelt groot. De rust bij het aanschouwen van hun vormen en leven; de energie die je krijgt bij het wandelen, ski\u00ebn en klimmen midden in de natuur; het geluk van het delen van ervaringen met andere personen; en de dankbaarheid voor het leren van deze zeer speciale wereld&#8230;\u2019\u2019 <\/strong><\/p><p><i><span style=\"font-weight: 400;\">\u2060Welk bergproject zou je willen realiseren? <\/span><\/i><\/p><p><span style=\"font-weight: 400;\">Toerski\u00ebn in verschillende delen van de wereld. <\/span><\/p><p><i><span style=\"font-weight: 400;\">\u2060Welk gebied van de Pyrenee\u00ebn zou je aanraden aan iemand die verliefd wil worden op haar natuur?<\/span><\/i><\/p><p><span style=\"font-weight: 400;\">De Pyrenee\u00ebn bieden eindeloze plekken om verliefd op te worden\u2026 Misschien de indrukwekkende rotsformaties van het Llardana-massief (Posets), of de gletsjerlandschappen van de Pineta-vallei, waar je de Monte Perdido-gletsjer kunt bewonderen, een herinnering aan de kwetsbare schoonheid van de natuur.<\/span><\/p><p><i><span style=\"font-weight: 400;\">\u2060Wat is volgens jou het belangrijkste dat iemand in de bergen leert?<\/span><\/i><\/p><p><span style=\"font-size: 1rem;\">Dat we in de bergen veel buitengewone natuurlijke waarden om ons heen hebben, en het is aan ons om die te respecteren en te beschermen, om de puurste vorm ervan te behouden.<\/span><\/p><p><i style=\"font-size: 1rem;\">\u2060Is er een verhaal of legende uit de Pyrenee\u00ebn die je altijd graag deelt met degenen die je vergezellen?<\/i><\/p><p><span style=\"font-weight: 400;\">Ik vind het leuk om verhalen uit het verleden te ontdekken en te delen, toen de natuur diende als kompas van het leven. Een voorbeeld is de bloem &#8216;Colchicum Montanum&#8217;, lokaal bekend als quitameriendas (letterlijk: \u201csnack-steler\u201d). Deze bloem markeert het einde van een seizoen: naarmate de dagen korter worden en het eerder donker wordt, keren de landarbeiders eerder naar huis terug. Het gevolg is dat het avondeten naar voren wordt geschoven als de avond valt, en de middagsnack van het dagelijkse menu verdwijnt. In andere regio\u2019s wordt deze bloem echapastores genoemd, wat vertaald kan worden als \u201cherder-wegjager\u201d\u2026    <\/span><\/p>\t\t\t\t\t\t\t\t<\/div>\n\t\t\t\t<\/div>\n\t\t\t\t<\/div>\n\t\t\t\t\t<\/details>\n\t\t\t\t\t<\/div>\n\t\t\t\t\t\t<\/div>\n\t\t\t\t<\/div>\n\t\t\t\t<\/div>\n\t\t\t\t\t<\/div>\n\t\t\t\t<\/div>\n\t\t<div class=\"elementor-element elementor-element-686b8d6 e-flex e-con-boxed e-con e-parent\" data-id=\"686b8d6\" data-element_type=\"container\" data-e-type=\"container\" data-settings=\"{&quot;background_background&quot;:&quot;classic&quot;}\">\n\t\t\t\t\t<div class=\"e-con-inner\">\n\t\t<div class=\"elementor-element elementor-element-0f43f14 e-con-full e-flex e-con e-child\" data-id=\"0f43f14\" data-element_type=\"container\" data-e-type=\"container\" data-settings=\"{&quot;background_background&quot;:&quot;classic&quot;}\">\n\t\t<div class=\"elementor-element elementor-element-de8e9f1 e-con-full e-flex e-con e-child\" data-id=\"de8e9f1\" data-element_type=\"container\" data-e-type=\"container\">\n\t\t\t\t<div class=\"elementor-element elementor-element-9164cc2 elementor-widget elementor-widget-heading\" data-id=\"9164cc2\" data-element_type=\"widget\" data-e-type=\"widget\" data-widget_type=\"heading.default\">\n\t\t\t\t<div class=\"elementor-widget-container\">\n\t\t\t\t\t<h2 class=\"elementor-heading-title elementor-size-default\">\u00c1LEX<\/h2>\t\t\t\t<\/div>\n\t\t\t\t<\/div>\n\t\t\t\t<div class=\"elementor-element elementor-element-8866038 elementor-widget elementor-widget-heading\" data-id=\"8866038\" data-element_type=\"widget\" data-e-type=\"widget\" data-widget_type=\"heading.default\">\n\t\t\t\t<div class=\"elementor-widget-container\">\n\t\t\t\t\t<h2 class=\"elementor-heading-title elementor-size-default\">Canyoning- en Berggids<\/h2>\t\t\t\t<\/div>\n\t\t\t\t<\/div>\n\t\t\t\t<\/div>\n\t\t\t\t<div class=\"elementor-element elementor-element-5a064e7 elementor-widget__width-initial elementor-widget-tablet__width-initial elementor-widget elementor-widget-image\" data-id=\"5a064e7\" data-element_type=\"widget\" data-e-type=\"widget\" data-widget_type=\"image.default\">\n\t\t\t\t<div class=\"elementor-widget-container\">\n\t\t\t\t\t\t\t\t\t\t\t\t\t\t\t<img loading=\"lazy\" decoding=\"async\" width=\"800\" height=\"630\" src=\"https:\/\/guiasdelpirineo.es\/wp-content\/uploads\/2025\/02\/ALEX-1024x806.webp\" class=\"attachment-large size-large wp-image-9579\" alt=\"\" srcset=\"https:\/\/guiasdelpirineo.es\/wp-content\/uploads\/2025\/02\/ALEX-1024x806.webp 1024w, https:\/\/guiasdelpirineo.es\/wp-content\/uploads\/2025\/02\/ALEX-300x236.webp 300w, https:\/\/guiasdelpirineo.es\/wp-content\/uploads\/2025\/02\/ALEX-768x604.webp 768w, https:\/\/guiasdelpirineo.es\/wp-content\/uploads\/2025\/02\/ALEX.webp 1080w\" sizes=\"(max-width: 800px) 100vw, 800px\" \/>\t\t\t\t\t\t\t\t\t\t\t\t\t\t\t<\/div>\n\t\t\t\t<\/div>\n\t\t\t\t<\/div>\n\t\t<div class=\"elementor-element elementor-element-7ec3eac e-con-full e-flex e-con e-child\" data-id=\"7ec3eac\" data-element_type=\"container\" data-e-type=\"container\">\n\t\t\t\t<div class=\"elementor-element elementor-element-b5c3b28 elementor-widget__width-initial elementor-widget elementor-widget-n-accordion\" data-id=\"b5c3b28\" data-element_type=\"widget\" data-e-type=\"widget\" data-settings=\"{&quot;default_state&quot;:&quot;all_collapsed&quot;,&quot;max_items_expended&quot;:&quot;one&quot;,&quot;n_accordion_animation_duration&quot;:{&quot;unit&quot;:&quot;ms&quot;,&quot;size&quot;:400,&quot;sizes&quot;:[]}}\" data-widget_type=\"nested-accordion.default\">\n\t\t\t\t<div class=\"elementor-widget-container\">\n\t\t\t\t\t\t\t<div class=\"e-n-accordion\" aria-label=\"Accordion. Open links with Enter or Space, close with Escape, and navigate with Arrow Keys\">\n\t\t\t\t\t\t<details id=\"e-n-accordion-item-1900\" class=\"e-n-accordion-item\" >\n\t\t\t\t<summary class=\"e-n-accordion-item-title\" data-accordion-index=\"1\" tabindex=\"0\" aria-expanded=\"false\" aria-controls=\"e-n-accordion-item-1900\" >\n\t\t\t\t\t<span class='e-n-accordion-item-title-header'><div class=\"e-n-accordion-item-title-text\"> MAAK KENNIS MET \u00c1LEX <\/div><\/span>\n\t\t\t\t\t\t\t<span class='e-n-accordion-item-title-icon'>\n\t\t\t<span class='e-opened' ><i aria-hidden=\"true\" class=\"fas fa-minus\"><\/i><\/span>\n\t\t\t<span class='e-closed'><i aria-hidden=\"true\" class=\"fas fa-plus\"><\/i><\/span>\n\t\t<\/span>\n\n\t\t\t\t\t\t<\/summary>\n\t\t\t\t<div role=\"region\" aria-labelledby=\"e-n-accordion-item-1900\" class=\"elementor-element elementor-element-34f7fbf e-con-full e-flex e-con e-child\" data-id=\"34f7fbf\" data-element_type=\"container\" data-e-type=\"container\">\n\t\t\t\t<div class=\"elementor-element elementor-element-42ef6b8 elementor-widget elementor-widget-text-editor\" data-id=\"42ef6b8\" data-element_type=\"widget\" data-e-type=\"widget\" data-widget_type=\"text-editor.default\">\n\t\t\t\t<div class=\"elementor-widget-container\">\n\t\t\t\t\t\t\t\t\t<p><strong>\u2018\u2019Ik geniet ervan om de valleien van de Pyrenee\u00ebn grondig te verkennen, vooral de canyons. Een van de aspecten die ik leuk vind, is het delen van de gevoelens die de bergen oproepen en het begeleiden van mijn klanten door die momenten: onderweg stoppen om de schoonheid om ons heen te bewonderen of te zien hoe het licht met het landschap speelt&#8230; Maar het meest gave vind ik het delen van momenten van pure adrenaline tijdens het gidsen en trainen tijdens cursussen.\u2019\u2019<\/strong><\/p>\n<p><i><span style=\"font-weight: 400;\">Wat was de eerste berg die je beklom?<\/span><\/i><\/p>\n<p><span style=\"font-weight: 400;\">Mijn eerste ervaringen in de bergen waren in de bergen van Le\u00f3n, altijd samen met mijn vader. Hoewel het geen grote toppen of imposante bergkammen waren, waren het voor mij authentieke avonturen, vol emotie en ontdekkingen.  <\/span><\/p>\n<p><i><span style=\"font-weight: 400;\">Heb je een aanbeveling voor een boek of een film over je beroep?<\/span><\/i><\/p>\n<p><span style=\"font-weight: 400;\">Hoewel ik geen ervaren ski\u00ebr ben, is \u00e9\u00e9n van de documentaires die mij het meest heeft geraakt Zabardast. Deze film vertelt over een fascinerende freeride-reis door het afgelegen Karakoram-gebergte, waar vijf jongeren 150 kilometer afleggen over eindeloze gletsjers en kolossale bergen. <\/span><\/p>\n<p><i><span style=\"font-weight: 400;\">\u2060Wat is volgens jou het belangrijkste dat iemand in de bergen leert?<\/span><\/i><\/p>\n<p><span style=\"font-weight: 400;\">Voor mij gaat het in de bergen niet alleen om epische beklimmingen of uitzichten; ze vormen het decor voor verhalen en onvergetelijke momenten. Wanneer ik mijn ervaringen deel, vertel ik zowel fascinerende historische feiten die context geven aan de plekken die we bezoeken, als grappige anekdotes die nog lang bijblijven na de tocht. <\/span><\/p>\n<p><span style=\"font-weight: 400;\">Dit soort ervaringen brengt een groep vanzelf dichter bij elkaar en laat vriendschap groeien door plezier en lachen.<\/span><\/p>\t\t\t\t\t\t\t\t<\/div>\n\t\t\t\t<\/div>\n\t\t\t\t<\/div>\n\t\t\t\t\t<\/details>\n\t\t\t\t\t<\/div>\n\t\t\t\t\t\t<\/div>\n\t\t\t\t<\/div>\n\t\t\t\t<\/div>\n\t\t\t\t\t<\/div>\n\t\t\t\t<\/div>\n\t\t<div class=\"elementor-element elementor-element-0d350ce e-flex e-con-boxed e-con e-parent\" data-id=\"0d350ce\" data-element_type=\"container\" data-e-type=\"container\" data-settings=\"{&quot;background_background&quot;:&quot;classic&quot;}\">\n\t\t\t\t\t<div class=\"e-con-inner\">\n\t\t<div class=\"elementor-element elementor-element-5c4447a e-con-full e-flex e-con e-child\" data-id=\"5c4447a\" data-element_type=\"container\" data-e-type=\"container\" data-settings=\"{&quot;background_background&quot;:&quot;classic&quot;}\">\n\t\t<div class=\"elementor-element elementor-element-c878f3e e-con-full e-flex e-con e-child\" data-id=\"c878f3e\" data-element_type=\"container\" data-e-type=\"container\">\n\t\t\t\t<div class=\"elementor-element elementor-element-216bb51 elementor-widget elementor-widget-heading\" data-id=\"216bb51\" data-element_type=\"widget\" data-e-type=\"widget\" data-widget_type=\"heading.default\">\n\t\t\t\t<div class=\"elementor-widget-container\">\n\t\t\t\t\t<h2 class=\"elementor-heading-title elementor-size-default\">MATEO<\/h2>\t\t\t\t<\/div>\n\t\t\t\t<\/div>\n\t\t\t\t<div class=\"elementor-element elementor-element-b6bd22b elementor-widget elementor-widget-heading\" data-id=\"b6bd22b\" data-element_type=\"widget\" data-e-type=\"widget\" data-widget_type=\"heading.default\">\n\t\t\t\t<div class=\"elementor-widget-container\">\n\t\t\t\t\t<h2 class=\"elementor-heading-title elementor-size-default\">Natuureducator, Canyoning- en Berggids<\/h2>\t\t\t\t<\/div>\n\t\t\t\t<\/div>\n\t\t\t\t<\/div>\n\t\t\t\t<div class=\"elementor-element elementor-element-6212666 elementor-widget__width-initial elementor-widget-tablet__width-initial elementor-widget elementor-widget-image\" data-id=\"6212666\" data-element_type=\"widget\" data-e-type=\"widget\" data-widget_type=\"image.default\">\n\t\t\t\t<div class=\"elementor-widget-container\">\n\t\t\t\t\t\t\t\t\t\t\t\t\t\t\t<img loading=\"lazy\" decoding=\"async\" width=\"800\" height=\"630\" src=\"https:\/\/guiasdelpirineo.es\/wp-content\/uploads\/2025\/02\/MATEO-1024x806.webp\" class=\"attachment-large size-large wp-image-9575\" alt=\"\" srcset=\"https:\/\/guiasdelpirineo.es\/wp-content\/uploads\/2025\/02\/MATEO-1024x806.webp 1024w, https:\/\/guiasdelpirineo.es\/wp-content\/uploads\/2025\/02\/MATEO-300x236.webp 300w, https:\/\/guiasdelpirineo.es\/wp-content\/uploads\/2025\/02\/MATEO-768x604.webp 768w, https:\/\/guiasdelpirineo.es\/wp-content\/uploads\/2025\/02\/MATEO.webp 1080w\" sizes=\"(max-width: 800px) 100vw, 800px\" \/>\t\t\t\t\t\t\t\t\t\t\t\t\t\t\t<\/div>\n\t\t\t\t<\/div>\n\t\t\t\t<\/div>\n\t\t<div class=\"elementor-element elementor-element-d789868 e-con-full e-flex e-con e-child\" data-id=\"d789868\" data-element_type=\"container\" data-e-type=\"container\">\n\t\t\t\t<div class=\"elementor-element elementor-element-5dbd4a7 elementor-widget__width-initial elementor-widget elementor-widget-n-accordion\" data-id=\"5dbd4a7\" data-element_type=\"widget\" data-e-type=\"widget\" data-settings=\"{&quot;default_state&quot;:&quot;all_collapsed&quot;,&quot;max_items_expended&quot;:&quot;one&quot;,&quot;n_accordion_animation_duration&quot;:{&quot;unit&quot;:&quot;ms&quot;,&quot;size&quot;:400,&quot;sizes&quot;:[]}}\" data-widget_type=\"nested-accordion.default\">\n\t\t\t\t<div class=\"elementor-widget-container\">\n\t\t\t\t\t\t\t<div class=\"e-n-accordion\" aria-label=\"Accordion. Open links with Enter or Space, close with Escape, and navigate with Arrow Keys\">\n\t\t\t\t\t\t<details id=\"e-n-accordion-item-9820\" class=\"e-n-accordion-item\" >\n\t\t\t\t<summary class=\"e-n-accordion-item-title\" data-accordion-index=\"1\" tabindex=\"0\" aria-expanded=\"false\" aria-controls=\"e-n-accordion-item-9820\" >\n\t\t\t\t\t<span class='e-n-accordion-item-title-header'><div class=\"e-n-accordion-item-title-text\"> MAAK KENNIS MET MATEO <\/div><\/span>\n\t\t\t\t\t\t\t<span class='e-n-accordion-item-title-icon'>\n\t\t\t<span class='e-opened' ><i aria-hidden=\"true\" class=\"fas fa-minus\"><\/i><\/span>\n\t\t\t<span class='e-closed'><i aria-hidden=\"true\" class=\"fas fa-plus\"><\/i><\/span>\n\t\t<\/span>\n\n\t\t\t\t\t\t<\/summary>\n\t\t\t\t<div role=\"region\" aria-labelledby=\"e-n-accordion-item-9820\" class=\"elementor-element elementor-element-440ed99 e-con-full e-flex e-con e-child\" data-id=\"440ed99\" data-element_type=\"container\" data-e-type=\"container\">\n\t\t\t\t<div class=\"elementor-element elementor-element-e31341f elementor-widget elementor-widget-text-editor\" data-id=\"e31341f\" data-element_type=\"widget\" data-e-type=\"widget\" data-widget_type=\"text-editor.default\">\n\t\t\t\t<div class=\"elementor-widget-container\">\n\t\t\t\t\t\t\t\t\t<p><strong>&#8220;Ik ben canyoning- en berggids, maar eigenlijk voel ik me vooral een natuurgids. Ik geniet ervan om de natuur te laten zien tijdens wandelingen en canyoningafdalingen. Altijd met een educatieve insteek, waarbij ik probeer de passie over te brengen die ik voor mijn beroep voel.&#8221;<\/strong><\/p>\n<p><i><span style=\"font-weight: 400;\">\u2060Wat was de eerste berg die je beklom?<\/span><\/i><\/p>\n<p><span style=\"font-weight: 400;\">Ik ontdekte de Pyrenee\u00ebn voor het eerst op tienjarige leeftijd via zomerkampen, waarbij wandeltochten mijn interesse in de bergen wekten. Later, tijdens mijn tienerjaren, nam Tom\u00e1s\u2014een goede vriend van mijn vader (en de enige die hem kon kalmeren over het feit dat ik naar de Pyrenee\u00ebn ging)\u2014me mee naar mijn eerste grote top: de Midi d\u2019Ossau. Ik herinner me onze gesprekken over de bergen nog woord voor woord en ben hem dankbaar voor de liefde en het respect voor de bergen die hij aan mij doorgaf.  <\/span><\/p>\n<p><i><span style=\"font-weight: 400;\">\u2060Welk gebied van de Pyrenee\u00ebn zou je aanraden aan iemand die verliefd wil worden op haar natuur?<\/span><\/i><\/p>\n<p><span style=\"font-weight: 400;\">De Chistau-vallei, vanwege hoe ongerept en wild het er is.<\/span><\/p>\n<p><i><span style=\"font-weight: 400;\">Welk bergproject zou je willen realiseren? <\/span><\/i><\/p>\n<p><span style=\"font-weight: 400;\">Ik houd van de grote beklimmingen uit het verleden; de klassieke noordwanden van de Alpen beklimmen zou een droom voor mij zijn.<\/span><\/p>\n<p><i><span style=\"font-weight: 400;\">\u2060Welk dier van de Pyrenee\u00ebn inspireert je en waarom?<\/span><\/i><\/p>\n<p><span style=\"font-weight: 400;\">De Pyrenese steenbok (Bucardo) dient als een les in wat we niet moeten doen op het gebied van natuurbehoud, terwijl de lammergier (Quebrantahuesos) het gelukkige verhaal vertelt van een soort die gered is.<\/span><\/p>\n<p><i><span style=\"font-weight: 400;\">\u2060Wat is volgens jou het belangrijkste dat iemand in de bergen leert?<\/span><\/i><\/p>\n<p><span style=\"font-weight: 400;\">Hoe klein we zijn in vergelijking met de natuur.<\/span><\/p>\t\t\t\t\t\t\t\t<\/div>\n\t\t\t\t<\/div>\n\t\t\t\t<\/div>\n\t\t\t\t\t<\/details>\n\t\t\t\t\t<\/div>\n\t\t\t\t\t\t<\/div>\n\t\t\t\t<\/div>\n\t\t\t\t<\/div>\n\t\t\t\t\t<\/div>\n\t\t\t\t<\/div>\n\t\t<div class=\"elementor-element elementor-element-adfe5be e-flex e-con-boxed e-con e-parent\" data-id=\"adfe5be\" data-element_type=\"container\" data-e-type=\"container\">\n\t\t\t\t\t<div class=\"e-con-inner\">\n\t\t\t\t<div class=\"elementor-element elementor-element-8146932 elementor-widget elementor-widget-spacer\" data-id=\"8146932\" data-element_type=\"widget\" data-e-type=\"widget\" data-widget_type=\"spacer.default\">\n\t\t\t\t<div class=\"elementor-widget-container\">\n\t\t\t\t\t\t\t<div class=\"elementor-spacer\">\n\t\t\t<div class=\"elementor-spacer-inner\"><\/div>\n\t\t<\/div>\n\t\t\t\t\t\t<\/div>\n\t\t\t\t<\/div>\n\t\t\t\t\t<\/div>\n\t\t\t\t<\/div>\n\t\t<div class=\"elementor-element elementor-element-3ad6dea e-flex e-con-boxed e-con e-parent\" data-id=\"3ad6dea\" data-element_type=\"container\" data-e-type=\"container\" data-settings=\"{&quot;background_background&quot;:&quot;classic&quot;}\">\n\t\t\t\t\t<div class=\"e-con-inner\">\n\t\t\t\t<div class=\"elementor-element elementor-element-8212076 elementor-widget elementor-widget-spacer\" data-id=\"8212076\" data-element_type=\"widget\" data-e-type=\"widget\" data-widget_type=\"spacer.default\">\n\t\t\t\t<div class=\"elementor-widget-container\">\n\t\t\t\t\t\t\t<div class=\"elementor-spacer\">\n\t\t\t<div class=\"elementor-spacer-inner\"><\/div>\n\t\t<\/div>\n\t\t\t\t\t\t<\/div>\n\t\t\t\t<\/div>\n\t\t\t\t<div class=\"elementor-element elementor-element-1a620f8 elementor-widget elementor-widget-heading\" data-id=\"1a620f8\" data-element_type=\"widget\" data-e-type=\"widget\" data-widget_type=\"heading.default\">\n\t\t\t\t<div class=\"elementor-widget-container\">\n\t\t\t\t\t<h2 class=\"elementor-heading-title elementor-size-default\">ONZE FILOSOFIE<\/h2>\t\t\t\t<\/div>\n\t\t\t\t<\/div>\n\t\t\t\t\t<\/div>\n\t\t\t\t<\/div>\n\t\t<div class=\"elementor-element elementor-element-2431079 e-con-full e-flex e-con e-parent\" data-id=\"2431079\" data-element_type=\"container\" data-e-type=\"container\">\n\t\t<div class=\"elementor-element elementor-element-1040eac e-con-full e-flex e-con e-child\" data-id=\"1040eac\" data-element_type=\"container\" data-e-type=\"container\" data-settings=\"{&quot;background_background&quot;:&quot;classic&quot;}\">\n\t\t\t\t<div class=\"elementor-element elementor-element-fffb0db elementor-widget elementor-widget-text-editor\" data-id=\"fffb0db\" data-element_type=\"widget\" data-e-type=\"widget\" data-widget_type=\"text-editor.default\">\n\t\t\t\t<div class=\"elementor-widget-container\">\n\t\t\t\t\t\t\t\t\t<p><span style=\"font-weight: 400;\">Onze co\u00f6peratie is ontstaan uit gedeelde waarden en de wens om actief toerisme op een andere manier te laten beleven. Weg van de drukte en seizoensgebonden piekmomenten, juist richting avonturen op maat, het hele jaar door. En natuurlijk altijd met respect voor de natuur, kwaliteit en professionaliteit. <\/span><\/p>\t\t\t\t\t\t\t\t<\/div>\n\t\t\t\t<\/div>\n\t\t\t\t<\/div>\n\t\t<div class=\"elementor-element elementor-element-552854b e-con-full e-flex e-con e-child\" data-id=\"552854b\" data-element_type=\"container\" data-e-type=\"container\" data-settings=\"{&quot;background_background&quot;:&quot;classic&quot;}\">\n\t\t\t\t<\/div>\n\t\t<div class=\"elementor-element elementor-element-97e569d e-con-full e-flex e-con e-child\" data-id=\"97e569d\" data-element_type=\"container\" data-e-type=\"container\" data-settings=\"{&quot;background_background&quot;:&quot;classic&quot;}\">\n\t\t\t\t<div class=\"elementor-element elementor-element-627a8ad elementor-widget elementor-widget-heading\" data-id=\"627a8ad\" data-element_type=\"widget\" data-e-type=\"widget\" data-widget_type=\"heading.default\">\n\t\t\t\t<div class=\"elementor-widget-container\">\n\t\t\t\t\t<h2 class=\"elementor-heading-title elementor-size-default\">Kwaliteit van onze diensten<\/h2>\t\t\t\t<\/div>\n\t\t\t\t<\/div>\n\t\t\t\t<div class=\"elementor-element elementor-element-a12ad69 elementor-widget elementor-widget-text-editor\" data-id=\"a12ad69\" data-element_type=\"widget\" data-e-type=\"widget\" data-widget_type=\"text-editor.default\">\n\t\t\t\t<div class=\"elementor-widget-container\">\n\t\t\t\t\t\t\t\t\t<p><span style=\"font-weight: 400;\">We zijn een team van 7<\/span><span style=\"font-weight: 400;\"> mensen, die alle disciplines in de bergen samenbrengen, met offici\u00eble kwalificaties in midden- en hooggebergte, rotsklimmen, ski\u00ebn, canyoning en natuureducatie. D<\/span><span style=\"font-weight: 400;\">eze veelzijdigheid, gecombineerd met focus op kwaliteit, persoonlijke ervaringen en kleine groepen, onderscheidt ons als co\u00f6peratie in de bergsport.<\/span><\/p>\t\t\t\t\t\t\t\t<\/div>\n\t\t\t\t<\/div>\n\t\t\t\t<\/div>\n\t\t<div class=\"elementor-element elementor-element-3993c90 e-con-full e-flex e-con e-child\" data-id=\"3993c90\" data-element_type=\"container\" data-e-type=\"container\" data-settings=\"{&quot;background_background&quot;:&quot;classic&quot;}\">\n\t\t\t\t<\/div>\n\t\t<div class=\"elementor-element elementor-element-7d86947 e-con-full e-flex e-con e-child\" data-id=\"7d86947\" data-element_type=\"container\" data-e-type=\"container\" data-settings=\"{&quot;background_background&quot;:&quot;classic&quot;}\">\n\t\t\t\t<div class=\"elementor-element elementor-element-f0fc725 elementor-widget elementor-widget-heading\" data-id=\"f0fc725\" data-element_type=\"widget\" data-e-type=\"widget\" data-widget_type=\"heading.default\">\n\t\t\t\t<div class=\"elementor-widget-container\">\n\t\t\t\t\t<h2 class=\"elementor-heading-title elementor-size-default\">Lokale aanwezigheid<\/h2>\t\t\t\t<\/div>\n\t\t\t\t<\/div>\n\t\t\t\t<div class=\"elementor-element elementor-element-11216b3 elementor-widget elementor-widget-text-editor\" data-id=\"11216b3\" data-element_type=\"widget\" data-e-type=\"widget\" data-widget_type=\"text-editor.default\">\n\t\t\t\t<div class=\"elementor-widget-container\">\n\t\t\t\t\t\t\t\t\t<p>Ons thuis is in Sobrarbe, in het hart van de Aragonese Pyrenee\u00ebn. Alle leden van de co\u00f6peratie wonen hier het hele jaar door. Door in het gebied te werken en onze vrije tijd eraan te besteden, hebben we een diepgaande kennis van de Pyrenee\u00ebn. We ontmoeten je graag in ons kantoor in Escalona, een klein dorp aan de voet van de Pe\u00f1a Monta\u00f1esa.<br><br>Naast het leiden van activiteiten in de Pyrenee\u00ebn, werken we ook in andere delen van Spanje waar de natuur centraal staat, zoals de Sierra de Gredos, het Nationaal Park Picos de Europa of de kliffen van Alicante. En natuurlijk trekken we ook graag de grenzen over voor nieuwe avonturen in de Alpen, de Himalaya, het Atlasgebergte en verder&#8230; <\/p>\t\t\t\t\t\t\t\t<\/div>\n\t\t\t\t<\/div>\n\t\t\t\t<\/div>\n\t\t<div class=\"elementor-element elementor-element-7ac9733 e-con-full e-flex e-con e-child\" data-id=\"7ac9733\" data-element_type=\"container\" data-e-type=\"container\" data-settings=\"{&quot;background_background&quot;:&quot;classic&quot;}\">\n\t\t\t\t<div class=\"elementor-element elementor-element-81827ad elementor-widget elementor-widget-heading\" data-id=\"81827ad\" data-element_type=\"widget\" data-e-type=\"widget\" data-widget_type=\"heading.default\">\n\t\t\t\t<div class=\"elementor-widget-container\">\n\t\t\t\t\t<h2 class=\"elementor-heading-title elementor-size-default\">Behoud van de natuurlijke omgeving<\/h2>\t\t\t\t<\/div>\n\t\t\t\t<\/div>\n\t\t\t\t<div class=\"elementor-element elementor-element-f7040c1 elementor-widget elementor-widget-text-editor\" data-id=\"f7040c1\" data-element_type=\"widget\" data-e-type=\"widget\" data-widget_type=\"text-editor.default\">\n\t\t\t\t<div class=\"elementor-widget-container\">\n\t\t\t\t\t\t\t\t\t<p><span style=\"font-weight: 400;\">Bij elke stap zetten wij ons in voor het behoud van de bergen en hun biodiversiteit:<\/span><\/p><ul><li style=\"font-weight: 400;\" aria-level=\"1\"><span style=\"font-weight: 400;\">We organiseren het hele jaar door activiteiten om te laten zien dat de bergen veel meer te bieden hebben dan alleen de drukke maanden juli en augustus.<\/span><\/li><li style=\"font-weight: 400;\" aria-level=\"1\"><span style=\"font-weight: 400;\">We hebben nauw contact met lokale instanties. We proberen samenwerkingen te cre\u00ebren in onze activiteiten.<\/span><\/li><li style=\"font-weight: 400;\" aria-level=\"1\"><span style=\"font-weight: 400;\">Natuureducatie heeft een belangrijke rol in elk van onze diensten. Door middel van weetjes over de omgeving proberen we de kennis van de natuur te bevorderen. <\/span><\/li><\/ul>\t\t\t\t\t\t\t\t<\/div>\n\t\t\t\t<\/div>\n\t\t\t\t<\/div>\n\t\t<div class=\"elementor-element elementor-element-2bb85c7 e-con-full e-flex e-con e-child\" data-id=\"2bb85c7\" data-element_type=\"container\" data-e-type=\"container\" data-settings=\"{&quot;background_background&quot;:&quot;classic&quot;}\">\n\t\t\t\t<\/div>\n\t\t<div class=\"elementor-element elementor-element-eb8b30a e-con-full e-flex e-con e-child\" data-id=\"eb8b30a\" data-element_type=\"container\" data-e-type=\"container\" data-settings=\"{&quot;background_background&quot;:&quot;classic&quot;}\">\n\t\t\t\t<\/div>\n\t\t<div class=\"elementor-element elementor-element-54721bb e-con-full e-flex e-con e-child\" data-id=\"54721bb\" data-element_type=\"container\" data-e-type=\"container\" data-settings=\"{&quot;background_background&quot;:&quot;classic&quot;}\">\n\t\t\t\t<div class=\"elementor-element elementor-element-4dbf537 elementor-widget elementor-widget-heading\" data-id=\"4dbf537\" data-element_type=\"widget\" data-e-type=\"widget\" data-widget_type=\"heading.default\">\n\t\t\t\t<div class=\"elementor-widget-container\">\n\t\t\t\t\t<h2 class=\"elementor-heading-title elementor-size-default\">Veiligheid en plezier tijdens de activiteiten<\/h2>\t\t\t\t<\/div>\n\t\t\t\t<\/div>\n\t\t\t\t<div class=\"elementor-element elementor-element-ca39ada elementor-widget elementor-widget-text-editor\" data-id=\"ca39ada\" data-element_type=\"widget\" data-e-type=\"widget\" data-widget_type=\"text-editor.default\">\n\t\t\t\t<div class=\"elementor-widget-container\">\n\t\t\t\t\t\t\t\t\t<p>Veiligheid is een fundamenteel principe van onze gidsen. Zowel voorafgaand aan als tijdens een activiteit worden risico\u2019s ingeschat en beslissingen genomen om potenti\u00eble gevaren te minimaliseren. De combinatie van ervaring, terreinervaring en technische vaardigheden helpt een veilige omgeving te cre\u00ebren voor iedereen die deelneemt aan onze bergactiviteiten.<\/p><p><span style=\"font-weight: 400;\">Een persoonlijke, vriendelijke ervaring bieden en samen plezier beleven tijdens activiteiten is uiteraard een van onze belangrijkste doelen!<\/span><\/p>\t\t\t\t\t\t\t\t<\/div>\n\t\t\t\t<\/div>\n\t\t\t\t<\/div>\n\t\t<div class=\"elementor-element elementor-element-86ce9a3 e-con-full e-flex e-con e-child\" data-id=\"86ce9a3\" data-element_type=\"container\" data-e-type=\"container\" data-settings=\"{&quot;background_background&quot;:&quot;classic&quot;}\">\n\t\t\t\t<div class=\"elementor-element elementor-element-4ac1999 elementor-widget elementor-widget-heading\" data-id=\"4ac1999\" data-element_type=\"widget\" data-e-type=\"widget\" data-widget_type=\"heading.default\">\n\t\t\t\t<div class=\"elementor-widget-container\">\n\t\t\t\t\t<h2 class=\"elementor-heading-title elementor-size-default\">Sociale en solidaire economie<\/h2>\t\t\t\t<\/div>\n\t\t\t\t<\/div>\n\t\t\t\t<div class=\"elementor-element elementor-element-b0522af elementor-widget elementor-widget-text-editor\" data-id=\"b0522af\" data-element_type=\"widget\" data-e-type=\"widget\" data-widget_type=\"text-editor.default\">\n\t\t\t\t<div class=\"elementor-widget-container\">\n\t\t\t\t\t\t\t\t\t<p>We willen het hele jaar door activiteiten aanbieden en de inzet van onze gidsen onder de aandacht brengen. Door onze co\u00f6peratie op te richten, streven we naar een democratisch werkmodel dat stabiele arbeidsomstandigheden garandeert, terwijl we een inclusieve en duurzame economie promoten die geworteld is in het lokale gebied. Daarnaast willen we wederzijdse samenwerking stimuleren \u2014 zowel binnen ons eigen team als met andere lokale partners.<\/p>\t\t\t\t\t\t\t\t<\/div>\n\t\t\t\t<\/div>\n\t\t\t\t<\/div>\n\t\t<div class=\"elementor-element elementor-element-086a129 e-con-full e-flex e-con e-child\" data-id=\"086a129\" data-element_type=\"container\" data-e-type=\"container\" data-settings=\"{&quot;background_background&quot;:&quot;classic&quot;}\">\n\t\t\t\t<\/div>\n\t\t\t\t<\/div>\n\t\t<div class=\"elementor-element elementor-element-a3336b3 e-flex e-con-boxed e-con e-parent\" data-id=\"a3336b3\" data-element_type=\"container\" data-e-type=\"container\">\n\t\t\t\t\t<div class=\"e-con-inner\">\n\t\t\t\t<div class=\"elementor-element elementor-element-0327ecc elementor-widget-mobile__width-initial elementor-widget elementor-widget-heading\" data-id=\"0327ecc\" data-element_type=\"widget\" data-e-type=\"widget\" data-widget_type=\"heading.default\">\n\t\t\t\t<div class=\"elementor-widget-container\">\n\t\t\t\t\t<h2 class=\"elementor-heading-title elementor-size-default\">Beleef de Pyrenee\u00ebn het hele jaar door <\/h2>\t\t\t\t<\/div>\n\t\t\t\t<\/div>\n\t\t\t\t<div class=\"elementor-element elementor-element-220757b elementor-widget__width-initial elementor-widget elementor-widget-text-editor\" data-id=\"220757b\" data-element_type=\"widget\" data-e-type=\"widget\" data-widget_type=\"text-editor.default\">\n\t\t\t\t<div class=\"elementor-widget-container\">\n\t\t\t\t\t\t\t\t\t<p style=\"text-align: center;\"><span style=\"font-weight: 400;\">Bij Gu\u00edas del Pirineo begint alles met onze liefde voor de bergen. <\/span><span style=\"font-weight: 400;\">We hopen onze passie met jou te delen tijdens al onze activiteiten!<\/span><\/p>\t\t\t\t\t\t\t\t<\/div>\n\t\t\t\t<\/div>\n\t\t\t\t<div class=\"elementor-element elementor-element-4b4f202 elementor-align-center elementor-widget-mobile__width-initial elementor-widget elementor-widget-button\" data-id=\"4b4f202\" data-element_type=\"widget\" data-e-type=\"widget\" data-widget_type=\"button.default\">\n\t\t\t\t<div class=\"elementor-widget-container\">\n\t\t\t\t\t\t\t\t\t<div class=\"elementor-button-wrapper\">\n\t\t\t\t\t<a class=\"elementor-button elementor-button-link elementor-size-md elementor-animation-grow\" href=\"https:\/\/guiasdelpirineo.es\/nl\/contact\/\">\n\t\t\t\t\t\t<span class=\"elementor-button-content-wrapper\">\n\t\t\t\t\t\t\t\t\t<span class=\"elementor-button-text\">NEEM CONTACT MET ONS OP<\/span>\n\t\t\t\t\t<\/span>\n\t\t\t\t\t<\/a>\n\t\t\t\t<\/div>\n\t\t\t\t\t\t\t\t<\/div>\n\t\t\t\t<\/div>\n\t\t\t\t<div class=\"elementor-element elementor-element-59f1588 elementor-widget elementor-widget-spacer\" data-id=\"59f1588\" data-element_type=\"widget\" data-e-type=\"widget\" data-widget_type=\"spacer.default\">\n\t\t\t\t<div class=\"elementor-widget-container\">\n\t\t\t\t\t\t\t<div class=\"elementor-spacer\">\n\t\t\t<div class=\"elementor-spacer-inner\"><\/div>\n\t\t<\/div>\n\t\t\t\t\t\t<\/div>\n\t\t\t\t<\/div>\n\t\t\t\t\t<\/div>\n\t\t\t\t<\/div>\n\t\t\t\t<\/div>\n\t\t","protected":false},"excerpt":{"rendered":"<p>De Co\u00f6peratie Maak kennis met onze gidsen Een avontuur met de Cooperativa de Gu\u00edas del Pirineo betekent de Pyrenee\u00ebn ontdekken, veilig genieten van elke activiteit en leren van de natuurlijke omgeving \u2013 samen met gecertificeerde gidsen die houden van hun vak. We brengen een breed scala aan bergdisciplines samen, met kwalificaties in midden- en hooggebergte, [&hellip;]<\/p>\n","protected":false},"author":2,"featured_media":0,"parent":0,"menu_order":0,"comment_status":"closed","ping_status":"closed","template":"","meta":{"_acf_changed":false,"inline_featured_image":false,"footnotes":""},"class_list":["post-9573","page","type-page","status-publish","hentry"],"acf":[],"yoast_head":"<!-- This site is optimized with the Yoast SEO plugin v27.2 - https:\/\/yoast.com\/product\/yoast-seo-wordpress\/ -->\n<title>OVER ONS - Cooperativa de Gu\u00edas del Pirineo<\/title>\n<meta name=\"description\" content=\"Wie vergezelt je tijdens je avontuur in de bergen? Vanuit de Cooperativa de Gu\u00edas del Pirineo stellen we je voor aan ons team van zeven.\" \/>\n<meta name=\"robots\" content=\"index, follow, max-snippet:-1, max-image-preview:large, max-video-preview:-1\" \/>\n<link rel=\"canonical\" href=\"https:\/\/guiasdelpirineo.es\/nl\/de-cooperatie\/\" \/>\n<meta property=\"og:locale\" content=\"nl_NL\" \/>\n<meta property=\"og:type\" content=\"article\" \/>\n<meta property=\"og:title\" content=\"OVER ONS - Cooperativa de Gu\u00edas del Pirineo\" \/>\n<meta property=\"og:description\" content=\"Wie vergezelt je tijdens je avontuur in de bergen? Vanuit de Cooperativa de Gu\u00edas del Pirineo stellen we je voor aan ons team van zeven.\" \/>\n<meta property=\"og:url\" content=\"https:\/\/guiasdelpirineo.es\/nl\/de-cooperatie\/\" \/>\n<meta property=\"og:site_name\" content=\"Cooperativa de Gu\u00edas del Pirineo\" \/>\n<meta property=\"article:publisher\" content=\"https:\/\/www.instagram.com\/guiasdelpirineo\" \/>\n<meta property=\"article:modified_time\" content=\"2026-01-31T16:15:11+00:00\" \/>\n<meta property=\"og:image\" content=\"https:\/\/guiasdelpirineo.es\/wp-content\/uploads\/2025\/02\/GUIAS.webp\" \/>\n\t<meta property=\"og:image:width\" content=\"1504\" \/>\n\t<meta property=\"og:image:height\" content=\"688\" \/>\n\t<meta property=\"og:image:type\" content=\"image\/webp\" \/>\n<meta name=\"twitter:card\" content=\"summary_large_image\" \/>\n<meta name=\"twitter:label1\" content=\"Geschatte leestijd\" \/>\n\t<meta name=\"twitter:data1\" content=\"23 minuten\" \/>\n<script type=\"application\/ld+json\" class=\"yoast-schema-graph\">{\"@context\":\"https:\/\/schema.org\",\"@graph\":[{\"@type\":\"WebPage\",\"@id\":\"https:\/\/guiasdelpirineo.es\/nl\/de-cooperatie\/\",\"url\":\"https:\/\/guiasdelpirineo.es\/nl\/de-cooperatie\/\",\"name\":\"OVER ONS - Cooperativa de Gu\u00edas del Pirineo\",\"isPartOf\":{\"@id\":\"https:\/\/guiasdelpirineo.es\/nl\/#website\"},\"primaryImageOfPage\":{\"@id\":\"https:\/\/guiasdelpirineo.es\/nl\/de-cooperatie\/#primaryimage\"},\"image\":{\"@id\":\"https:\/\/guiasdelpirineo.es\/nl\/de-cooperatie\/#primaryimage\"},\"thumbnailUrl\":\"https:\/\/guiasdelpirineo.es\/wp-content\/uploads\/2025\/02\/GUIAS.webp\",\"datePublished\":\"2025-02-20T09:36:52+00:00\",\"dateModified\":\"2026-01-31T16:15:11+00:00\",\"description\":\"Wie vergezelt je tijdens je avontuur in de bergen? Vanuit de Cooperativa de Gu\u00edas del Pirineo stellen we je voor aan ons team van zeven.\",\"breadcrumb\":{\"@id\":\"https:\/\/guiasdelpirineo.es\/nl\/de-cooperatie\/#breadcrumb\"},\"inLanguage\":\"nl-NL\",\"potentialAction\":[{\"@type\":\"ReadAction\",\"target\":[\"https:\/\/guiasdelpirineo.es\/nl\/de-cooperatie\/\"]}]},{\"@type\":\"ImageObject\",\"inLanguage\":\"nl-NL\",\"@id\":\"https:\/\/guiasdelpirineo.es\/nl\/de-cooperatie\/#primaryimage\",\"url\":\"https:\/\/guiasdelpirineo.es\/wp-content\/uploads\/2025\/02\/GUIAS.webp\",\"contentUrl\":\"https:\/\/guiasdelpirineo.es\/wp-content\/uploads\/2025\/02\/GUIAS.webp\"},{\"@type\":\"BreadcrumbList\",\"@id\":\"https:\/\/guiasdelpirineo.es\/nl\/de-cooperatie\/#breadcrumb\",\"itemListElement\":[{\"@type\":\"ListItem\",\"position\":1,\"name\":\"Portada\",\"item\":\"https:\/\/guiasdelpirineo.es\/nl\/home\/\"},{\"@type\":\"ListItem\",\"position\":2,\"name\":\"OVER ONS\"}]},{\"@type\":\"WebSite\",\"@id\":\"https:\/\/guiasdelpirineo.es\/nl\/#website\",\"url\":\"https:\/\/guiasdelpirineo.es\/nl\/\",\"name\":\"Cooperativa de Gu\u00edas del Pirineo\",\"description\":\"Gu\u00edas de monta\u00f1a y barrancos\",\"publisher\":{\"@id\":\"https:\/\/guiasdelpirineo.es\/nl\/#organization\"},\"potentialAction\":[{\"@type\":\"SearchAction\",\"target\":{\"@type\":\"EntryPoint\",\"urlTemplate\":\"https:\/\/guiasdelpirineo.es\/nl\/?s={search_term_string}\"},\"query-input\":{\"@type\":\"PropertyValueSpecification\",\"valueRequired\":true,\"valueName\":\"search_term_string\"}}],\"inLanguage\":\"nl-NL\"},{\"@type\":\"Organization\",\"@id\":\"https:\/\/guiasdelpirineo.es\/nl\/#organization\",\"name\":\"Cooperativa de Gu\u00edas del Pirineo\",\"url\":\"https:\/\/guiasdelpirineo.es\/nl\/\",\"logo\":{\"@type\":\"ImageObject\",\"inLanguage\":\"nl-NL\",\"@id\":\"https:\/\/guiasdelpirineo.es\/nl\/#\/schema\/logo\/image\/\",\"url\":\"https:\/\/guiasdelpirineo.es\/wp-content\/uploads\/2024\/02\/LOGO-FOOTER.svg\",\"contentUrl\":\"https:\/\/guiasdelpirineo.es\/wp-content\/uploads\/2024\/02\/LOGO-FOOTER.svg\",\"caption\":\"Cooperativa de Gu\u00edas del Pirineo\"},\"image\":{\"@id\":\"https:\/\/guiasdelpirineo.es\/nl\/#\/schema\/logo\/image\/\"},\"sameAs\":[\"https:\/\/www.instagram.com\/guiasdelpirineo\"]}]}<\/script>\n<!-- \/ Yoast SEO plugin. -->","yoast_head_json":{"title":"OVER ONS - Cooperativa de Gu\u00edas del Pirineo","description":"Wie vergezelt je tijdens je avontuur in de bergen? Vanuit de Cooperativa de Gu\u00edas del Pirineo stellen we je voor aan ons team van zeven.","robots":{"index":"index","follow":"follow","max-snippet":"max-snippet:-1","max-image-preview":"max-image-preview:large","max-video-preview":"max-video-preview:-1"},"canonical":"https:\/\/guiasdelpirineo.es\/nl\/de-cooperatie\/","og_locale":"nl_NL","og_type":"article","og_title":"OVER ONS - Cooperativa de Gu\u00edas del Pirineo","og_description":"Wie vergezelt je tijdens je avontuur in de bergen? Vanuit de Cooperativa de Gu\u00edas del Pirineo stellen we je voor aan ons team van zeven.","og_url":"https:\/\/guiasdelpirineo.es\/nl\/de-cooperatie\/","og_site_name":"Cooperativa de Gu\u00edas del Pirineo","article_publisher":"https:\/\/www.instagram.com\/guiasdelpirineo","article_modified_time":"2026-01-31T16:15:11+00:00","og_image":[{"width":1504,"height":688,"url":"https:\/\/guiasdelpirineo.es\/wp-content\/uploads\/2025\/02\/GUIAS.webp","type":"image\/webp"}],"twitter_card":"summary_large_image","twitter_misc":{"Geschatte leestijd":"23 minuten"},"schema":{"@context":"https:\/\/schema.org","@graph":[{"@type":"WebPage","@id":"https:\/\/guiasdelpirineo.es\/nl\/de-cooperatie\/","url":"https:\/\/guiasdelpirineo.es\/nl\/de-cooperatie\/","name":"OVER ONS - Cooperativa de Gu\u00edas del Pirineo","isPartOf":{"@id":"https:\/\/guiasdelpirineo.es\/nl\/#website"},"primaryImageOfPage":{"@id":"https:\/\/guiasdelpirineo.es\/nl\/de-cooperatie\/#primaryimage"},"image":{"@id":"https:\/\/guiasdelpirineo.es\/nl\/de-cooperatie\/#primaryimage"},"thumbnailUrl":"https:\/\/guiasdelpirineo.es\/wp-content\/uploads\/2025\/02\/GUIAS.webp","datePublished":"2025-02-20T09:36:52+00:00","dateModified":"2026-01-31T16:15:11+00:00","description":"Wie vergezelt je tijdens je avontuur in de bergen? Vanuit de Cooperativa de Gu\u00edas del Pirineo stellen we je voor aan ons team van zeven.","breadcrumb":{"@id":"https:\/\/guiasdelpirineo.es\/nl\/de-cooperatie\/#breadcrumb"},"inLanguage":"nl-NL","potentialAction":[{"@type":"ReadAction","target":["https:\/\/guiasdelpirineo.es\/nl\/de-cooperatie\/"]}]},{"@type":"ImageObject","inLanguage":"nl-NL","@id":"https:\/\/guiasdelpirineo.es\/nl\/de-cooperatie\/#primaryimage","url":"https:\/\/guiasdelpirineo.es\/wp-content\/uploads\/2025\/02\/GUIAS.webp","contentUrl":"https:\/\/guiasdelpirineo.es\/wp-content\/uploads\/2025\/02\/GUIAS.webp"},{"@type":"BreadcrumbList","@id":"https:\/\/guiasdelpirineo.es\/nl\/de-cooperatie\/#breadcrumb","itemListElement":[{"@type":"ListItem","position":1,"name":"Portada","item":"https:\/\/guiasdelpirineo.es\/nl\/home\/"},{"@type":"ListItem","position":2,"name":"OVER ONS"}]},{"@type":"WebSite","@id":"https:\/\/guiasdelpirineo.es\/nl\/#website","url":"https:\/\/guiasdelpirineo.es\/nl\/","name":"Cooperativa de Gu\u00edas del Pirineo","description":"Gu\u00edas de monta\u00f1a y barrancos","publisher":{"@id":"https:\/\/guiasdelpirineo.es\/nl\/#organization"},"potentialAction":[{"@type":"SearchAction","target":{"@type":"EntryPoint","urlTemplate":"https:\/\/guiasdelpirineo.es\/nl\/?s={search_term_string}"},"query-input":{"@type":"PropertyValueSpecification","valueRequired":true,"valueName":"search_term_string"}}],"inLanguage":"nl-NL"},{"@type":"Organization","@id":"https:\/\/guiasdelpirineo.es\/nl\/#organization","name":"Cooperativa de Gu\u00edas del Pirineo","url":"https:\/\/guiasdelpirineo.es\/nl\/","logo":{"@type":"ImageObject","inLanguage":"nl-NL","@id":"https:\/\/guiasdelpirineo.es\/nl\/#\/schema\/logo\/image\/","url":"https:\/\/guiasdelpirineo.es\/wp-content\/uploads\/2024\/02\/LOGO-FOOTER.svg","contentUrl":"https:\/\/guiasdelpirineo.es\/wp-content\/uploads\/2024\/02\/LOGO-FOOTER.svg","caption":"Cooperativa de Gu\u00edas del Pirineo"},"image":{"@id":"https:\/\/guiasdelpirineo.es\/nl\/#\/schema\/logo\/image\/"},"sameAs":["https:\/\/www.instagram.com\/guiasdelpirineo"]}]}},"_links":{"self":[{"href":"https:\/\/guiasdelpirineo.es\/nl\/wp-json\/wp\/v2\/pages\/9573","targetHints":{"allow":["GET"]}}],"collection":[{"href":"https:\/\/guiasdelpirineo.es\/nl\/wp-json\/wp\/v2\/pages"}],"about":[{"href":"https:\/\/guiasdelpirineo.es\/nl\/wp-json\/wp\/v2\/types\/page"}],"author":[{"embeddable":true,"href":"https:\/\/guiasdelpirineo.es\/nl\/wp-json\/wp\/v2\/users\/2"}],"replies":[{"embeddable":true,"href":"https:\/\/guiasdelpirineo.es\/nl\/wp-json\/wp\/v2\/comments?post=9573"}],"version-history":[{"count":19,"href":"https:\/\/guiasdelpirineo.es\/nl\/wp-json\/wp\/v2\/pages\/9573\/revisions"}],"predecessor-version":[{"id":9786,"href":"https:\/\/guiasdelpirineo.es\/nl\/wp-json\/wp\/v2\/pages\/9573\/revisions\/9786"}],"wp:attachment":[{"href":"https:\/\/guiasdelpirineo.es\/nl\/wp-json\/wp\/v2\/media?parent=9573"}],"curies":[{"name":"wp","href":"https:\/\/api.w.org\/{rel}","templated":true}]}}